{"id":1106,"date":"2022-03-09T11:15:17","date_gmt":"2022-03-09T10:15:46","guid":{"rendered":"https:\/\/similes.brussels\/formation\/"},"modified":"2025-03-25T11:49:09","modified_gmt":"2025-03-25T10:49:09","slug":"formation","status":"publish","type":"page","link":"https:\/\/similes.brussels\/nl\/activites\/formation\/","title":{"rendered":"Opleiding"},"content":{"rendered":"<div data-elementor-type=\"wp-page\" data-elementor-id=\"1106\" class=\"elementor elementor-1106\" data-elementor-post-type=\"page\">\n\t\t\t\t\t\t<section class=\"elementor-section elementor-top-section elementor-element elementor-element-e2a4af8 elementor-section-full_width elementor-section-height-min-height elementor-section-items-stretch elementor-section-content-middle elementor-reverse-mobile elementor-section-height-default\" data-id=\"e2a4af8\" data-element_type=\"section\" data-e-type=\"section\" data-settings=\"{&quot;background_background&quot;:&quot;classic&quot;}\">\n\t\t\t\t\t\t<div class=\"elementor-container elementor-column-gap-default\">\n\t\t\t\t\t<div class=\"elementor-column elementor-col-50 elementor-top-column elementor-element elementor-element-d921e74\" data-id=\"d921e74\" data-element_type=\"column\" data-e-type=\"column\" data-settings=\"{&quot;background_background&quot;:&quot;classic&quot;}\">\n\t\t\t<div class=\"elementor-widget-wrap elementor-element-populated\">\n\t\t\t\t\t\t<div class=\"elementor-element elementor-element-a748933 elementor-widget elementor-widget-spacer\" data-id=\"a748933\" data-element_type=\"widget\" data-e-type=\"widget\" data-widget_type=\"spacer.default\">\n\t\t\t\t<div class=\"elementor-widget-container\">\n\t\t\t\t\t\t\t<div class=\"elementor-spacer\">\n\t\t\t<div class=\"elementor-spacer-inner\"><\/div>\n\t\t<\/div>\n\t\t\t\t\t\t<\/div>\n\t\t\t\t<\/div>\n\t\t\t\t<div class=\"elementor-element elementor-element-8aea9fe elementor-widget elementor-widget-text-editor\" data-id=\"8aea9fe\" data-element_type=\"widget\" data-e-type=\"widget\" data-widget_type=\"text-editor.default\">\n\t\t\t\t<div class=\"elementor-widget-container\">\n\t\t\t\t\t\t\t\t\t<p><b>trainingen<\/b><\/p>\t\t\t\t\t\t\t\t<\/div>\n\t\t\t\t<\/div>\n\t\t\t\t<div class=\"elementor-element elementor-element-e02c939 elementor-widget elementor-widget-text-editor\" data-id=\"e02c939\" data-element_type=\"widget\" data-e-type=\"widget\" data-widget_type=\"text-editor.default\">\n\t\t\t\t<div class=\"elementor-widget-container\">\n\t\t\t\t\t\t\t\t\t<p>Hier vind je alle trainingen voor Familieleden\/Gezinnen (Psycho-educatie-Psychoreflexie) of Beroepen (Training on demand)<\/p>\t\t\t\t\t\t\t\t<\/div>\n\t\t\t\t<\/div>\n\t\t\t\t<div class=\"elementor-element elementor-element-7ceb3c2 elementor-widget__width-auto elementor-absolute elementor-align-center elementor-widget elementor-widget-lottie\" data-id=\"7ceb3c2\" data-element_type=\"widget\" data-e-type=\"widget\" data-settings=\"{&quot;source_json&quot;:{&quot;url&quot;:&quot;https:\\\/\\\/similes.brussels\\\/wp-content\\\/uploads\\\/2021\\\/11\\\/scroll-red.json&quot;,&quot;id&quot;:368,&quot;size&quot;:&quot;&quot;,&quot;alt&quot;:&quot;&quot;,&quot;source&quot;:&quot;library&quot;},&quot;loop&quot;:&quot;yes&quot;,&quot;_position&quot;:&quot;absolute&quot;,&quot;source&quot;:&quot;media_file&quot;,&quot;caption_source&quot;:&quot;none&quot;,&quot;link_to&quot;:&quot;none&quot;,&quot;trigger&quot;:&quot;arriving_to_viewport&quot;,&quot;viewport&quot;:{&quot;unit&quot;:&quot;%&quot;,&quot;size&quot;:&quot;&quot;,&quot;sizes&quot;:{&quot;start&quot;:0,&quot;end&quot;:100}},&quot;play_speed&quot;:{&quot;unit&quot;:&quot;px&quot;,&quot;size&quot;:1,&quot;sizes&quot;:[]},&quot;start_point&quot;:{&quot;unit&quot;:&quot;%&quot;,&quot;size&quot;:0,&quot;sizes&quot;:[]},&quot;end_point&quot;:{&quot;unit&quot;:&quot;%&quot;,&quot;size&quot;:100,&quot;sizes&quot;:[]},&quot;renderer&quot;:&quot;svg&quot;}\" data-widget_type=\"lottie.default\">\n\t\t\t\t<div class=\"elementor-widget-container\">\n\t\t\t\t\t<div class=\"e-lottie__container\"><div class=\"e-lottie__animation\"><\/div><\/div>\t\t\t\t<\/div>\n\t\t\t\t<\/div>\n\t\t\t\t\t<\/div>\n\t\t<\/div>\n\t\t\t\t<div class=\"elementor-column elementor-col-50 elementor-top-column elementor-element elementor-element-94d2781 elementor-hidden-mobile\" data-id=\"94d2781\" data-element_type=\"column\" data-e-type=\"column\" data-settings=\"{&quot;background_background&quot;:&quot;classic&quot;}\">\n\t\t\t<div class=\"elementor-widget-wrap elementor-element-populated\">\n\t\t\t\t\t<div class=\"elementor-background-overlay\"><\/div>\n\t\t\t\t\t\t<div class=\"elementor-element elementor-element-bf1962a elementor-widget elementor-widget-spacer\" data-id=\"bf1962a\" data-element_type=\"widget\" data-e-type=\"widget\" data-widget_type=\"spacer.default\">\n\t\t\t\t<div class=\"elementor-widget-container\">\n\t\t\t\t\t\t\t<div class=\"elementor-spacer\">\n\t\t\t<div class=\"elementor-spacer-inner\"><\/div>\n\t\t<\/div>\n\t\t\t\t\t\t<\/div>\n\t\t\t\t<\/div>\n\t\t\t\t<div class=\"elementor-element elementor-element-8669355 elementor-widget elementor-widget-image\" data-id=\"8669355\" data-element_type=\"widget\" data-e-type=\"widget\" data-widget_type=\"image.default\">\n\t\t\t\t<div class=\"elementor-widget-container\">\n\t\t\t\t\t\t\t\t\t\t\t\t\t\t\t<img decoding=\"async\" width=\"137\" height=\"79\" src=\"https:\/\/similes.brussels\/wp-content\/uploads\/2025\/09\/Design-sans-titre-e1756887773732.png\" class=\"attachment-large size-large wp-image-2528\" alt=\"\" srcset=\"https:\/\/similes.brussels\/wp-content\/uploads\/2025\/09\/Design-sans-titre-e1756887773732.png 137w, https:\/\/similes.brussels\/wp-content\/uploads\/2025\/09\/Design-sans-titre-e1756887773732-18x10.png 18w\" sizes=\"(max-width: 137px) 100vw, 137px\" \/>\t\t\t\t\t\t\t\t\t\t\t\t\t\t\t<\/div>\n\t\t\t\t<\/div>\n\t\t\t\t<div class=\"elementor-element elementor-element-0f855e6 elementor-widget elementor-widget-spacer\" data-id=\"0f855e6\" data-element_type=\"widget\" data-e-type=\"widget\" data-widget_type=\"spacer.default\">\n\t\t\t\t<div class=\"elementor-widget-container\">\n\t\t\t\t\t\t\t<div class=\"elementor-spacer\">\n\t\t\t<div class=\"elementor-spacer-inner\"><\/div>\n\t\t<\/div>\n\t\t\t\t\t\t<\/div>\n\t\t\t\t<\/div>\n\t\t\t\t\t<\/div>\n\t\t<\/div>\n\t\t\t\t\t<\/div>\n\t\t<\/section>\n\t\t\t\t<section class=\"elementor-section elementor-top-section elementor-element elementor-element-55164e5 elementor-section-full_width elementor-section-height-min-height elementor-section-items-stretch elementor-section-height-default\" data-id=\"55164e5\" data-element_type=\"section\" data-e-type=\"section\">\n\t\t\t\t\t\t<div class=\"elementor-container elementor-column-gap-default\">\n\t\t\t\t\t<div class=\"elementor-column elementor-col-50 elementor-top-column elementor-element elementor-element-34883b5\" data-id=\"34883b5\" data-element_type=\"column\" data-e-type=\"column\" data-settings=\"{&quot;background_background&quot;:&quot;classic&quot;}\">\n\t\t\t<div class=\"elementor-widget-wrap elementor-element-populated\">\n\t\t\t\t\t\t<div class=\"elementor-element elementor-element-a65aa6d elementor-widget elementor-widget-heading\" data-id=\"a65aa6d\" data-element_type=\"widget\" data-e-type=\"widget\" data-widget_type=\"heading.default\">\n\t\t\t\t<div class=\"elementor-widget-container\">\n\t\t\t\t\t<h2 class=\"elementor-heading-title elementor-size-default\">\u201ctherapeutische groep\u201d<\/h2>\t\t\t\t<\/div>\n\t\t\t\t<\/div>\n\t\t\t\t<div class=\"elementor-element elementor-element-657591e elementor-widget elementor-widget-text-editor\" data-id=\"657591e\" data-element_type=\"widget\" data-e-type=\"widget\" data-widget_type=\"text-editor.default\">\n\t\t\t\t<div class=\"elementor-widget-container\">\n\t\t\t\t\t\t\t\t\t<p>Deze training is ontstaan uit het werk dat is uitgevoerd met de mobiele teams en zorgverleners, het heeft tot doel:<strong>gezinnen in crisis helpen<\/strong> omgaan in moeilijke tijden. Ze is <strong>bedoeld voor familieleden van mensen met een psychische stoornis<\/strong>. Het doel is om communicatieve vaardigheden te ontwikkelen tegenover mensen in crisis, en om gezinnen te helpen hun grenzen te stellen ondanks bepaalde moeilijke ervaringen.<\/p>\t\t\t\t\t\t\t\t<\/div>\n\t\t\t\t<\/div>\n\t\t\t\t<div class=\"elementor-element elementor-element-091e512 elementor-widget elementor-widget-heading\" data-id=\"091e512\" data-element_type=\"widget\" data-e-type=\"widget\" data-widget_type=\"heading.default\">\n\t\t\t\t<div class=\"elementor-widget-container\">\n\t\t\t\t\t<h4 class=\"elementor-heading-title elementor-size-default\">Besproken onderwerpen<\/h4>\t\t\t\t<\/div>\n\t\t\t\t<\/div>\n\t\t\t\t<div class=\"elementor-element elementor-element-ba2048f elementor-icon-list--layout-traditional elementor-list-item-link-full_width elementor-widget elementor-widget-icon-list\" data-id=\"ba2048f\" data-element_type=\"widget\" data-e-type=\"widget\" data-widget_type=\"icon-list.default\">\n\t\t\t\t<div class=\"elementor-widget-container\">\n\t\t\t\t\t\t\t<ul class=\"elementor-icon-list-items\">\n\t\t\t\t\t\t\t<li class=\"elementor-icon-list-item\">\n\t\t\t\t\t\t\t\t\t\t\t<span class=\"elementor-icon-list-icon\">\n\t\t\t\t\t\t\t<i aria-hidden=\"true\" class=\"far fa-circle\"><\/i>\t\t\t\t\t\t<\/span>\n\t\t\t\t\t\t\t\t\t\t<span class=\"elementor-icon-list-text\">De regels van geweldloze communicatie door reflectief luisteren en het ontwikkelen van effectieve en empathische verzoeken. <\/span>\n\t\t\t\t\t\t\t\t\t<\/li>\n\t\t\t\t\t\t\t\t<li class=\"elementor-icon-list-item\">\n\t\t\t\t\t\t\t\t\t\t\t<span class=\"elementor-icon-list-icon\">\n\t\t\t\t\t\t\t<i aria-hidden=\"true\" class=\"far fa-circle\"><\/i>\t\t\t\t\t\t<\/span>\n\t\t\t\t\t\t\t\t\t\t<span class=\"elementor-icon-list-text\">Hulpmiddelen om de motivatie bij de lijdende persoon te vergroten.<\/span>\n\t\t\t\t\t\t\t\t\t<\/li>\n\t\t\t\t\t\t\t\t<li class=\"elementor-icon-list-item\">\n\t\t\t\t\t\t\t\t\t\t\t<span class=\"elementor-icon-list-icon\">\n\t\t\t\t\t\t\t<i aria-hidden=\"true\" class=\"far fa-circle\"><\/i>\t\t\t\t\t\t<\/span>\n\t\t\t\t\t\t\t\t\t\t<span class=\"elementor-icon-list-text\">Omgaan met emoties (om de intensiteit van onze emotionele reacties te verminderen)  <\/span>\n\t\t\t\t\t\t\t\t\t<\/li>\n\t\t\t\t\t\t<\/ul>\n\t\t\t\t\t\t<\/div>\n\t\t\t\t<\/div>\n\t\t\t\t<div class=\"elementor-element elementor-element-3592ea1 elementor-widget elementor-widget-text-editor\" data-id=\"3592ea1\" data-element_type=\"widget\" data-e-type=\"widget\" data-widget_type=\"text-editor.default\">\n\t\t\t\t<div class=\"elementor-widget-container\">\n\t\t\t\t\t\t\t\t\t<p>Tijdens de 2e sessie gaan we in op het omgaan met negatieve emoties (boosheid, schuldgevoel, angst, etc.) en de vaardigheden om grenzen te stellen en de eigen gezondheid te beschermen.<\/p>\t\t\t\t\t\t\t\t<\/div>\n\t\t\t\t<\/div>\n\t\t\t\t\t<\/div>\n\t\t<\/div>\n\t\t\t\t<div class=\"elementor-column elementor-col-50 elementor-top-column elementor-element elementor-element-60146e4\" data-id=\"60146e4\" data-element_type=\"column\" data-e-type=\"column\" data-settings=\"{&quot;background_background&quot;:&quot;classic&quot;}\">\n\t\t\t<div class=\"elementor-widget-wrap elementor-element-populated\">\n\t\t\t\t\t\t<section class=\"elementor-section elementor-inner-section elementor-element elementor-element-752b6cf elementor-section-boxed elementor-section-height-default elementor-section-height-default\" data-id=\"752b6cf\" data-element_type=\"section\" data-e-type=\"section\">\n\t\t\t\t\t\t<div class=\"elementor-container elementor-column-gap-default\">\n\t\t\t\t\t<div class=\"elementor-column elementor-col-50 elementor-inner-column elementor-element elementor-element-6f39ff4\" data-id=\"6f39ff4\" data-element_type=\"column\" data-e-type=\"column\">\n\t\t\t<div class=\"elementor-widget-wrap elementor-element-populated\">\n\t\t\t\t\t\t<div class=\"elementor-element elementor-element-7db9331 elementor-widget elementor-widget-heading\" data-id=\"7db9331\" data-element_type=\"widget\" data-e-type=\"widget\" data-widget_type=\"heading.default\">\n\t\t\t\t<div class=\"elementor-widget-container\">\n\t\t\t\t\t<h3 class=\"elementor-heading-title elementor-size-default\">Publiek<\/h3>\t\t\t\t<\/div>\n\t\t\t\t<\/div>\n\t\t\t\t<div class=\"elementor-element elementor-element-7dd4fab elementor-widget elementor-widget-text-editor\" data-id=\"7dd4fab\" data-element_type=\"widget\" data-e-type=\"widget\" data-widget_type=\"text-editor.default\">\n\t\t\t\t<div class=\"elementor-widget-container\">\n\t\t\t\t\t\t\t\t\t<p>Families en familieleden van mensen met een psychische stoornis<\/p>\t\t\t\t\t\t\t\t<\/div>\n\t\t\t\t<\/div>\n\t\t\t\t\t<\/div>\n\t\t<\/div>\n\t\t\t\t<div class=\"elementor-column elementor-col-50 elementor-inner-column elementor-element elementor-element-f65538a\" data-id=\"f65538a\" data-element_type=\"column\" data-e-type=\"column\">\n\t\t\t<div class=\"elementor-widget-wrap elementor-element-populated\">\n\t\t\t\t\t\t<div class=\"elementor-element elementor-element-83710fa elementor-widget elementor-widget-heading\" data-id=\"83710fa\" data-element_type=\"widget\" data-e-type=\"widget\" data-widget_type=\"heading.default\">\n\t\t\t\t<div class=\"elementor-widget-container\">\n\t\t\t\t\t<h3 class=\"elementor-heading-title elementor-size-default\">Looptijd<\/h3>\t\t\t\t<\/div>\n\t\t\t\t<\/div>\n\t\t\t\t<div class=\"elementor-element elementor-element-0415c6e elementor-widget elementor-widget-text-editor\" data-id=\"0415c6e\" data-element_type=\"widget\" data-e-type=\"widget\" data-widget_type=\"text-editor.default\">\n\t\t\t\t<div class=\"elementor-widget-container\">\n\t\t\t\t\t\t\t\t\t<p>5 sessies van 4 uur (van 17u tot 21u)<\/p>\t\t\t\t\t\t\t\t<\/div>\n\t\t\t\t<\/div>\n\t\t\t\t\t<\/div>\n\t\t<\/div>\n\t\t\t\t\t<\/div>\n\t\t<\/section>\n\t\t\t\t<section class=\"elementor-section elementor-inner-section elementor-element elementor-element-63066af elementor-section-boxed elementor-section-height-default elementor-section-height-default\" data-id=\"63066af\" data-element_type=\"section\" data-e-type=\"section\">\n\t\t\t\t\t\t<div class=\"elementor-container elementor-column-gap-default\">\n\t\t\t\t\t<div class=\"elementor-column elementor-col-50 elementor-inner-column elementor-element elementor-element-09e9c6e\" data-id=\"09e9c6e\" data-element_type=\"column\" data-e-type=\"column\">\n\t\t\t<div class=\"elementor-widget-wrap elementor-element-populated\">\n\t\t\t\t\t\t<div class=\"elementor-element elementor-element-b29649b elementor-widget elementor-widget-heading\" data-id=\"b29649b\" data-element_type=\"widget\" data-e-type=\"widget\" data-widget_type=\"heading.default\">\n\t\t\t\t<div class=\"elementor-widget-container\">\n\t\t\t\t\t<h3 class=\"elementor-heading-title elementor-size-default\">Waar ?<\/h3>\t\t\t\t<\/div>\n\t\t\t\t<\/div>\n\t\t\t\t<div class=\"elementor-element elementor-element-bf7d980 elementor-widget elementor-widget-text-editor\" data-id=\"bf7d980\" data-element_type=\"widget\" data-e-type=\"widget\" data-widget_type=\"text-editor.default\">\n\t\t\t\t<div class=\"elementor-widget-container\">\n\t\t\t\t\t\t\t\t\t<p>In de lokalen van Similes, rue Maria Malibran 49 te 1050 Elsene.<\/p>\t\t\t\t\t\t\t\t<\/div>\n\t\t\t\t<\/div>\n\t\t\t\t\t<\/div>\n\t\t<\/div>\n\t\t\t\t<div class=\"elementor-column elementor-col-50 elementor-inner-column elementor-element elementor-element-6c94e6c\" data-id=\"6c94e6c\" data-element_type=\"column\" data-e-type=\"column\">\n\t\t\t<div class=\"elementor-widget-wrap elementor-element-populated\">\n\t\t\t\t\t\t<div class=\"elementor-element elementor-element-e4632d5 elementor-widget elementor-widget-heading\" data-id=\"e4632d5\" data-element_type=\"widget\" data-e-type=\"widget\" data-widget_type=\"heading.default\">\n\t\t\t\t<div class=\"elementor-widget-container\">\n\t\t\t\t\t<h3 class=\"elementor-heading-title elementor-size-default\">Prijs<\/h3>\t\t\t\t<\/div>\n\t\t\t\t<\/div>\n\t\t\t\t<div class=\"elementor-element elementor-element-320dfd1 elementor-widget elementor-widget-text-editor\" data-id=\"320dfd1\" data-element_type=\"widget\" data-e-type=\"widget\" data-widget_type=\"text-editor.default\">\n\t\t\t\t<div class=\"elementor-widget-container\">\n\t\t\t\t\t\t\t\t\t<p><strong>40 euro<\/strong> over te maken op rekening BE 68 73 30 63 94 28 34 met de vermelding &quot;Achternaam \/ voornaam \/ de crisis beheersen&quot;<\/p>\t\t\t\t\t\t\t\t<\/div>\n\t\t\t\t<\/div>\n\t\t\t\t\t<\/div>\n\t\t<\/div>\n\t\t\t\t\t<\/div>\n\t\t<\/section>\n\t\t\t\t<section class=\"elementor-section elementor-inner-section elementor-element elementor-element-074e87c elementor-section-boxed elementor-section-height-default elementor-section-height-default\" data-id=\"074e87c\" data-element_type=\"section\" data-e-type=\"section\">\n\t\t\t\t\t\t<div class=\"elementor-container elementor-column-gap-default\">\n\t\t\t\t\t<div class=\"elementor-column elementor-col-50 elementor-inner-column elementor-element elementor-element-a29d9ce\" data-id=\"a29d9ce\" data-element_type=\"column\" data-e-type=\"column\">\n\t\t\t<div class=\"elementor-widget-wrap elementor-element-populated\">\n\t\t\t\t\t\t<div class=\"elementor-element elementor-element-2b04b91 elementor-widget elementor-widget-heading\" data-id=\"2b04b91\" data-element_type=\"widget\" data-e-type=\"widget\" data-widget_type=\"heading.default\">\n\t\t\t\t<div class=\"elementor-widget-container\">\n\t\t\t\t\t<h3 class=\"elementor-heading-title elementor-size-default\">Wanneer <\/h3>\t\t\t\t<\/div>\n\t\t\t\t<\/div>\n\t\t\t\t<div class=\"elementor-element elementor-element-b403d67 elementor-widget elementor-widget-text-editor\" data-id=\"b403d67\" data-element_type=\"widget\" data-e-type=\"widget\" data-widget_type=\"text-editor.default\">\n\t\t\t\t<div class=\"elementor-widget-container\">\n\t\t\t\t\t\t\t\t\t<p>De volgende data zijn als volgt:\u00a0\u00a0<\/p><p>Donderdag 17-04-2025 15:30 uur - 17:45 uur<\/p><p><span style=\"color: var( --e-global-color-text ); font-family: var( --e-global-typography-text-font-family ), Sans-serif; font-size: var( --e-global-typography-text-font-size ); font-style: var( --e-global-typography-text-font-style ); font-weight: var( --e-global-typography-text-font-weight ); letter-spacing: var( --e-global-typography-text-letter-spacing ); background-color: var( --e-global-color-94fe9d4 );\">Donderdag 15\/05\/2025 15:30 uur - 17:45 uur<\/span><\/p><p>Donderdag 26-06-2025 15:30 uur - 17:45 uur<\/p><p>\u00a0 \u00a0 \u00a0 \u00a0 \u00a0 \u00a0 \u00a0 \u00a0 \u00a0 \u00a0 \u00a0<\/p>\t\t\t\t\t\t\t\t<\/div>\n\t\t\t\t<\/div>\n\t\t\t\t<div class=\"elementor-element elementor-element-57b30c3 elementor-widget elementor-widget-text-editor\" data-id=\"57b30c3\" data-element_type=\"widget\" data-e-type=\"widget\" data-widget_type=\"text-editor.default\">\n\t\t\t\t<div class=\"elementor-widget-container\">\n\t\t\t\t\t\t\t\t\t<p>.<\/p>\t\t\t\t\t\t\t\t<\/div>\n\t\t\t\t<\/div>\n\t\t\t\t\t<\/div>\n\t\t<\/div>\n\t\t\t\t<div class=\"elementor-column elementor-col-50 elementor-inner-column elementor-element elementor-element-43b4efb\" data-id=\"43b4efb\" data-element_type=\"column\" data-e-type=\"column\">\n\t\t\t<div class=\"elementor-widget-wrap elementor-element-populated\">\n\t\t\t\t\t\t<div class=\"elementor-element elementor-element-3341658 elementor-widget elementor-widget-heading\" data-id=\"3341658\" data-element_type=\"widget\" data-e-type=\"widget\" data-widget_type=\"heading.default\">\n\t\t\t\t<div class=\"elementor-widget-container\">\n\t\t\t\t\t<h3 class=\"elementor-heading-title elementor-size-default\">Animators<\/h3>\t\t\t\t<\/div>\n\t\t\t\t<\/div>\n\t\t\t\t<div class=\"elementor-element elementor-element-a3b0e7a elementor-widget elementor-widget-text-editor\" data-id=\"a3b0e7a\" data-element_type=\"widget\" data-e-type=\"widget\" data-widget_type=\"text-editor.default\">\n\t\t\t\t<div class=\"elementor-widget-container\">\n\t\t\t\t\t\t\t\t\t<p>De begeleiders: <strong>Leyla Gomez<\/strong>, psychosociaal werker en <strong>Martine Vermeylen<\/strong>, psycholoog en animator.\u00a0<\/p>\t\t\t\t\t\t\t\t<\/div>\n\t\t\t\t<\/div>\n\t\t\t\t\t<\/div>\n\t\t<\/div>\n\t\t\t\t\t<\/div>\n\t\t<\/section>\n\t\t\t\t<div class=\"elementor-element elementor-element-7ebd349 pp-buttons-valign-middle pp-buttons-halign-left pp-buttons-stack-none elementor-widget elementor-widget-pp-buttons\" data-id=\"7ebd349\" data-element_type=\"widget\" data-e-type=\"widget\" data-widget_type=\"pp-buttons.default\">\n\t\t\t\t<div class=\"elementor-widget-container\">\n\t\t\t\t\t\t\t<div class=\"pp-buttons-group\">\n\t\t\t\t\t\t\t\t\t\t\t<a href=\"https:\/\/similes.brussels\/nl\/contact\/\" class=\"pp-button elementor-button elementor-size-md elementor-repeater-item-cf66779\">\n\t\t\t\t\t<div class=\"pp-button-content-wrapper\">\n\t\t\t\t\t\t<span class=\"pp-button-content-inner pp-icon-before\">\n\t\t\t\t\t\t\t\t\t\t\t\t\t\t\t\t\t<span class=\"pp-button-icon pp-icon\">\n\t\t\t\t\t\t\t\t\t\t\t<i aria-hidden=\"true\" class=\"fas fa-check\"><\/i>\t\t\t\t\t\t\t\t\t\t<\/span>\n\t\t\t\t\t\t\t\t\t\t\n\t\t\t\t\t\t\t\t<span class=\"pp-button-title\">\n\t\t\t\t\t\t\t\t\tInformatie en inschrijving\t\t\t\t\t\t\t\t<\/span>\n\t\t\t\t\t\t\t\t\t\t\t\t\t<\/span>\n\t\t\t\t\t<\/div>\n\t\t\t\t<\/a>\n\t\t\t\t\t\t\t\t\t\t<\/div>\t\t\t\t<\/div>\n\t\t\t\t<\/div>\n\t\t\t\t\t<\/div>\n\t\t<\/div>\n\t\t\t\t\t<\/div>\n\t\t<\/section>\n\t\t\t\t<section class=\"elementor-section elementor-top-section elementor-element elementor-element-7b80e33 elementor-section-boxed elementor-section-height-default elementor-section-height-default\" data-id=\"7b80e33\" data-element_type=\"section\" data-e-type=\"section\">\n\t\t\t\t\t\t<div class=\"elementor-container elementor-column-gap-default\">\n\t\t\t\t\t<div class=\"elementor-column elementor-col-50 elementor-top-column elementor-element elementor-element-df81048\" data-id=\"df81048\" data-element_type=\"column\" data-e-type=\"column\">\n\t\t\t<div class=\"elementor-widget-wrap elementor-element-populated\">\n\t\t\t\t\t\t<div class=\"elementor-element elementor-element-1b1b54a elementor-widget__width-initial elementor-widget elementor-widget-text-editor\" data-id=\"1b1b54a\" data-element_type=\"widget\" data-e-type=\"widget\" data-widget_type=\"text-editor.default\">\n\t\t\t\t<div class=\"elementor-widget-container\">\n\t\t\t\t\t\t\t\t\t<blockquote>\n<h1>&nbsp; &nbsp;Informatiebijeenkomst&nbsp;<span style=\"color: inherit; font-family: inherit; font-size: 2.5rem; font-style: var( --e-global-typography-text-font-style ); letter-spacing: var( --e-global-typography-text-letter-spacing ); background-color: var( --e-global-color-94fe9d4 );\">en Bewustwording van het Profamille Programma<\/span><\/h1>\n<\/blockquote>\n<p><b>&nbsp; &nbsp; &nbsp; &nbsp; &nbsp; &nbsp;Woensdag 18 juni 2025 in Vergelijkingen&nbsp; &nbsp;&nbsp;<\/b><b style=\"font-family: var( --e-global-typography-text-font-family ), Sans-serif; font-size: var( --e-global-typography-text-font-size ); font-style: var( --e-global-typography-text-font-style ); letter-spacing: var( --e-global-typography-text-letter-spacing ); background-color: var( --e-global-color-94fe9d4 );\">Malibranstraat 49 1050 Brussel vanaf 17.30 uur tot 19:30 uur<\/b><\/p>\n<p>&nbsp; &nbsp; Informatie op 02 511 06 19 of secretariat@similes.brussels<\/p>\n<ul>\n<li>Prijs Profamille-training \u20ac 125 voor niet-leden<\/li>\n<li>&nbsp; &nbsp; &nbsp; &nbsp; &nbsp; &nbsp; &nbsp; &nbsp; &nbsp; &nbsp; &nbsp; &nbsp; &nbsp; &nbsp; &nbsp; &nbsp; &nbsp; &nbsp; &nbsp; &nbsp; &nbsp; &nbsp; &nbsp; &nbsp; &nbsp;85 \u20ac voor leden<\/li>\n<\/ul>\t\t\t\t\t\t\t\t<\/div>\n\t\t\t\t<\/div>\n\t\t\t\t\t<\/div>\n\t\t<\/div>\n\t\t\t\t<div class=\"elementor-column elementor-col-50 elementor-top-column elementor-element elementor-element-ebf62e0\" data-id=\"ebf62e0\" data-element_type=\"column\" data-e-type=\"column\">\n\t\t\t<div class=\"elementor-widget-wrap\">\n\t\t\t\t\t\t\t<\/div>\n\t\t<\/div>\n\t\t\t\t\t<\/div>\n\t\t<\/section>\n\t\t\t\t<section class=\"elementor-section elementor-top-section elementor-element elementor-element-6de5818 elementor-section-full_width elementor-section-height-default elementor-section-height-default\" data-id=\"6de5818\" data-element_type=\"section\" data-e-type=\"section\" data-settings=\"{&quot;background_background&quot;:&quot;classic&quot;}\">\n\t\t\t\t\t\t<div class=\"elementor-container elementor-column-gap-default\">\n\t\t\t\t\t<div class=\"elementor-column elementor-col-25 elementor-top-column elementor-element elementor-element-173f7b0 elementor-hidden-tablet elementor-hidden-mobile\" data-id=\"173f7b0\" data-element_type=\"column\" data-e-type=\"column\" data-settings=\"{&quot;background_background&quot;:&quot;classic&quot;}\">\n\t\t\t<div class=\"elementor-widget-wrap\">\n\t\t\t\t\t\t\t<\/div>\n\t\t<\/div>\n\t\t\t\t<div class=\"elementor-column elementor-col-25 elementor-top-column elementor-element elementor-element-5311730\" data-id=\"5311730\" data-element_type=\"column\" data-e-type=\"column\" data-settings=\"{&quot;background_background&quot;:&quot;classic&quot;}\">\n\t\t\t<div class=\"elementor-widget-wrap\">\n\t\t\t\t\t\t\t<\/div>\n\t\t<\/div>\n\t\t\t\t<div class=\"elementor-column elementor-col-25 elementor-top-column elementor-element elementor-element-caad941\" data-id=\"caad941\" data-element_type=\"column\" data-e-type=\"column\">\n\t\t\t<div class=\"elementor-widget-wrap elementor-element-populated\">\n\t\t\t\t\t\t<div class=\"elementor-element elementor-element-b0e9c48 elementor-widget elementor-widget-heading\" data-id=\"b0e9c48\" data-element_type=\"widget\" data-e-type=\"widget\" data-widget_type=\"heading.default\">\n\t\t\t\t<div class=\"elementor-widget-container\">\n\t\t\t\t\t<h2 class=\"elementor-heading-title elementor-size-default\">Profiel<\/h2>\t\t\t\t<\/div>\n\t\t\t\t<\/div>\n\t\t\t\t<div class=\"elementor-element elementor-element-b141a92 elementor-widget elementor-widget-text-editor\" data-id=\"b141a92\" data-element_type=\"widget\" data-e-type=\"widget\" data-widget_type=\"text-editor.default\">\n\t\t\t\t<div class=\"elementor-widget-container\">\n\t\t\t\t\t\t\t\t\t<p>Psycho-educatieprogramma voor familieleden van een persoon met schizofrenie of aanverwante stoornissen<\/p>\t\t\t\t\t\t\t\t<\/div>\n\t\t\t\t<\/div>\n\t\t\t\t<div class=\"elementor-element elementor-element-5b24686 pp-buttons-halign-right pp-buttons-valign-middle pp-buttons-stack-none elementor-widget elementor-widget-pp-buttons\" data-id=\"5b24686\" data-element_type=\"widget\" data-e-type=\"widget\" data-widget_type=\"pp-buttons.default\">\n\t\t\t\t<div class=\"elementor-widget-container\">\n\t\t\t\t\t\t\t<div class=\"pp-buttons-group\">\n\t\t\t\t\t\t\t\t\t\t\t<a href=\"https:\/\/similes.brussels\/nl\/activites\/formation\/profamille\/\" class=\"pp-button elementor-button elementor-size-md elementor-repeater-item-cf66779\">\n\t\t\t\t\t<div class=\"pp-button-content-wrapper\">\n\t\t\t\t\t\t<span class=\"pp-button-content-inner pp-icon-after\">\n\t\t\t\t\t\t\t\t\t\t\t\t\t\t\t\t\t<span class=\"pp-button-icon pp-icon\">\n\t\t\t\t\t\t\t\t\t\t\t<i aria-hidden=\"true\" class=\"fas fa-long-arrow-alt-right\"><\/i>\t\t\t\t\t\t\t\t\t\t<\/span>\n\t\t\t\t\t\t\t\t\t\t\n\t\t\t\t\t\t\t\t<span class=\"pp-button-title\">\n\t\t\t\t\t\t\t\t\tMeer informatie gebruiksaanwijzing\t\t\t\t\t\t\t\t<\/span>\n\t\t\t\t\t\t\t\t\t\t\t\t\t<\/span>\n\t\t\t\t\t<\/div>\n\t\t\t\t<\/a>\n\t\t\t\t\t\t\t\t\t\t<\/div>\t\t\t\t<\/div>\n\t\t\t\t<\/div>\n\t\t\t\t\t<\/div>\n\t\t<\/div>\n\t\t\t\t<div class=\"elementor-column elementor-col-25 elementor-top-column elementor-element elementor-element-ecc202a elementor-hidden-tablet elementor-hidden-mobile\" data-id=\"ecc202a\" data-element_type=\"column\" data-e-type=\"column\">\n\t\t\t<div class=\"elementor-widget-wrap\">\n\t\t\t\t\t\t\t<\/div>\n\t\t<\/div>\n\t\t\t\t\t<\/div>\n\t\t<\/section>\n\t\t\t\t<section class=\"elementor-section elementor-top-section elementor-element elementor-element-1b49a15 elementor-section-full_width elementor-section-height-min-height elementor-section-items-stretch elementor-reverse-mobile elementor-section-height-default\" data-id=\"1b49a15\" data-element_type=\"section\" data-e-type=\"section\">\n\t\t\t\t\t\t<div class=\"elementor-container elementor-column-gap-default\">\n\t\t\t\t\t<div class=\"elementor-column elementor-col-50 elementor-top-column elementor-element elementor-element-4388006\" data-id=\"4388006\" data-element_type=\"column\" data-e-type=\"column\" data-settings=\"{&quot;background_background&quot;:&quot;classic&quot;}\">\n\t\t\t<div class=\"elementor-widget-wrap elementor-element-populated\">\n\t\t\t\t\t\t<div class=\"elementor-element elementor-element-82c385e elementor-widget elementor-widget-image\" data-id=\"82c385e\" data-element_type=\"widget\" data-e-type=\"widget\" data-widget_type=\"image.default\">\n\t\t\t\t<div class=\"elementor-widget-container\">\n\t\t\t\t\t\t\t\t\t\t\t\t\t\t\t<img fetchpriority=\"high\" decoding=\"async\" width=\"800\" height=\"450\" src=\"https:\/\/similes.brussels\/wp-content\/uploads\/2022\/03\/Profamille-870x489-870x489-1.jpeg\" class=\"attachment-large size-large wp-image-1442\" alt=\"\" srcset=\"https:\/\/similes.brussels\/wp-content\/uploads\/2022\/03\/Profamille-870x489-870x489-1.jpeg 870w, https:\/\/similes.brussels\/wp-content\/uploads\/2022\/03\/Profamille-870x489-870x489-1-300x169.jpeg 300w, https:\/\/similes.brussels\/wp-content\/uploads\/2022\/03\/Profamille-870x489-870x489-1-768x432.jpeg 768w, https:\/\/similes.brussels\/wp-content\/uploads\/2022\/03\/Profamille-870x489-870x489-1-600x337.jpeg 600w\" sizes=\"(max-width: 800px) 100vw, 800px\" \/>\t\t\t\t\t\t\t\t\t\t\t\t\t\t\t<\/div>\n\t\t\t\t<\/div>\n\t\t\t\t<div class=\"elementor-element elementor-element-514e841 elementor-cta--skin-cover elementor-widget elementor-widget-call-to-action\" data-id=\"514e841\" data-element_type=\"widget\" data-e-type=\"widget\" data-widget_type=\"call-to-action.default\">\n\t\t\t\t<div class=\"elementor-widget-container\">\n\t\t\t\t\t\t\t<div class=\"elementor-cta\">\n\t\t\t\t\t<div class=\"elementor-cta__bg-wrapper\">\n\t\t\t\t<div class=\"elementor-cta__bg elementor-bg\" style=\"background-image: url(https:\/\/similes.brussels\/wp-content\/uploads\/2022\/01\/g1kr4ozfoac-1024x683.jpg);\" role=\"img\" aria-label=\"drie mensen die voor tafel zitten en samen lachen\"><\/div>\n\t\t\t\t<div class=\"elementor-cta__bg-overlay\"><\/div>\n\t\t\t<\/div>\n\t\t\t\t\t\t\t<div class=\"elementor-cta__content\">\n\t\t\t\t\n\t\t\t\t\t\t\t\t\t<span class=\"elementor-cta__title elementor-cta__content-item elementor-content-item\">\n\t\t\t\t\t\t \t\t\t\t\t<\/span>\n\t\t\t\t\n\t\t\t\t\n\t\t\t\t\t\t\t<\/div>\n\t\t\t\t\t\t<\/div>\n\t\t\t\t\t\t<\/div>\n\t\t\t\t<\/div>\n\t\t\t\t\t<\/div>\n\t\t<\/div>\n\t\t\t\t<div class=\"elementor-column elementor-col-50 elementor-top-column elementor-element elementor-element-36df204\" data-id=\"36df204\" data-element_type=\"column\" data-e-type=\"column\" data-settings=\"{&quot;background_background&quot;:&quot;classic&quot;}\">\n\t\t\t<div class=\"elementor-widget-wrap elementor-element-populated\">\n\t\t\t\t\t\t<div class=\"elementor-element elementor-element-6e58701 elementor-widget elementor-widget-heading\" data-id=\"6e58701\" data-element_type=\"widget\" data-e-type=\"widget\" data-widget_type=\"heading.default\">\n\t\t\t\t<div class=\"elementor-widget-container\">\n\t\t\t\t\t<h2 class=\"elementor-heading-title elementor-size-default\">Training aangepast aan professionals\n<\/h2>\t\t\t\t<\/div>\n\t\t\t\t<\/div>\n\t\t\t\t<div class=\"elementor-element elementor-element-4832382 elementor-widget elementor-widget-text-editor\" data-id=\"4832382\" data-element_type=\"widget\" data-e-type=\"widget\" data-widget_type=\"text-editor.default\">\n\t\t\t\t<div class=\"elementor-widget-container\">\n\t\t\t\t\t\t\t\t\t<p>Op vraag van professionals in de sectoren persoonlijke assistentie, huisvesting, tewerkstelling, enz., heeft Similes Brussels zich omringd met professionals en vrijwilligers om verschillende opleidingen aan te bieden die aan hun verwachtingen beantwoorden. <\/p>\t\t\t\t\t\t\t\t<\/div>\n\t\t\t\t<\/div>\n\t\t\t\t<div class=\"elementor-element elementor-element-aedc4eb elementor-widget elementor-widget-heading\" data-id=\"aedc4eb\" data-element_type=\"widget\" data-e-type=\"widget\" data-widget_type=\"heading.default\">\n\t\t\t\t<div class=\"elementor-widget-container\">\n\t\t\t\t\t<h4 class=\"elementor-heading-title elementor-size-default\">Hier zijn enkele trainingsonderwerpen<\/h4>\t\t\t\t<\/div>\n\t\t\t\t<\/div>\n\t\t\t\t<div class=\"elementor-element elementor-element-4208fac elementor-icon-list--layout-traditional elementor-list-item-link-full_width elementor-widget elementor-widget-icon-list\" data-id=\"4208fac\" data-element_type=\"widget\" data-e-type=\"widget\" data-widget_type=\"icon-list.default\">\n\t\t\t\t<div class=\"elementor-widget-container\">\n\t\t\t\t\t\t\t<ul class=\"elementor-icon-list-items\">\n\t\t\t\t\t\t\t<li class=\"elementor-icon-list-item\">\n\t\t\t\t\t\t\t\t\t\t\t<span class=\"elementor-icon-list-icon\">\n\t\t\t\t\t\t\t<i aria-hidden=\"true\" class=\"far fa-circle\"><\/i>\t\t\t\t\t\t<\/span>\n\t\t\t\t\t\t\t\t\t\t<span class=\"elementor-icon-list-text\">Thuisbegeleiding voor mensen met psychische kwetsbaarheid<\/span>\n\t\t\t\t\t\t\t\t\t<\/li>\n\t\t\t\t\t\t\t\t<li class=\"elementor-icon-list-item\">\n\t\t\t\t\t\t\t\t\t\t\t<span class=\"elementor-icon-list-icon\">\n\t\t\t\t\t\t\t<i aria-hidden=\"true\" class=\"far fa-circle\"><\/i>\t\t\t\t\t\t<\/span>\n\t\t\t\t\t\t\t\t\t\t<span class=\"elementor-icon-list-text\">Mensen verwelkomen met psychische kwetsbaarheid<\/span>\n\t\t\t\t\t\t\t\t\t<\/li>\n\t\t\t\t\t\t\t\t<li class=\"elementor-icon-list-item\">\n\t\t\t\t\t\t\t\t\t\t\t<span class=\"elementor-icon-list-icon\">\n\t\t\t\t\t\t\t<i aria-hidden=\"true\" class=\"far fa-circle\"><\/i>\t\t\t\t\t\t<\/span>\n\t\t\t\t\t\t\t\t\t\t<span class=\"elementor-icon-list-text\">Het inburgeren en in dienst houden van mensen met een psychische stoornis<\/span>\n\t\t\t\t\t\t\t\t\t<\/li>\n\t\t\t\t\t\t\t\t<li class=\"elementor-icon-list-item\">\n\t\t\t\t\t\t\t\t\t\t\t<span class=\"elementor-icon-list-icon\">\n\t\t\t\t\t\t\t<i aria-hidden=\"true\" class=\"far fa-circle\"><\/i>\t\t\t\t\t\t<\/span>\n\t\t\t\t\t\t\t\t\t\t<span class=\"elementor-icon-list-text\">Huisvesting voor mensen met een psychische aandoening<\/span>\n\t\t\t\t\t\t\t\t\t<\/li>\n\t\t\t\t\t\t<\/ul>\n\t\t\t\t\t\t<\/div>\n\t\t\t\t<\/div>\n\t\t\t\t<div class=\"elementor-element elementor-element-e8496dd pp-buttons-valign-middle pp-buttons-halign-left pp-buttons-stack-none elementor-widget elementor-widget-pp-buttons\" data-id=\"e8496dd\" data-element_type=\"widget\" data-e-type=\"widget\" data-widget_type=\"pp-buttons.default\">\n\t\t\t\t<div class=\"elementor-widget-container\">\n\t\t\t\t\t\t\t<div class=\"pp-buttons-group\">\n\t\t\t\t\t\t\t\t\t\t\t<a href=\"https:\/\/similes.brussels\/nl\/contact\/\" class=\"pp-button elementor-button elementor-size-md elementor-repeater-item-cf66779\">\n\t\t\t\t\t<div class=\"pp-button-content-wrapper\">\n\t\t\t\t\t\t<span class=\"pp-button-content-inner pp-icon-before\">\n\t\t\t\t\t\t\t\t\t\t\t\t\t\t\t\t\t<span class=\"pp-button-icon pp-icon\">\n\t\t\t\t\t\t\t\t\t\t\t<i aria-hidden=\"true\" class=\"fas fa-check\"><\/i>\t\t\t\t\t\t\t\t\t\t<\/span>\n\t\t\t\t\t\t\t\t\t\t\n\t\t\t\t\t\t\t\t<span class=\"pp-button-title\">\n\t\t\t\t\t\t\t\t\tInformatie en inschrijving\t\t\t\t\t\t\t\t<\/span>\n\t\t\t\t\t\t\t\t\t\t\t\t\t<\/span>\n\t\t\t\t\t<\/div>\n\t\t\t\t<\/a>\n\t\t\t\t\t\t\t\t\t\t<\/div>\t\t\t\t<\/div>\n\t\t\t\t<\/div>\n\t\t\t\t\t<\/div>\n\t\t<\/div>\n\t\t\t\t\t<\/div>\n\t\t<\/section>\n\t\t\t\t<\/div>","protected":false},"excerpt":{"rendered":"<p>Formations Vous retrouverez ici toutes les formations \u00e0 destination des Proches\/Familles (Psycho\u00e9ducation-Psychoreflexion) ou des Professions (Formation \u00e0 la demande) \u201cGroupe Th\u00e9rapeutique\u201d Cette formation est n\u00e9e du travail r\u00e9alis\u00e9 avec les \u00e9quipes mobiles et les proches aidants, elle a pour but d\u2019aider les familles en crise \u00e0 faire face au moment de p\u00e9riodes difficiles. Elle est [&hellip;]<\/p>\n","protected":false},"author":2,"featured_media":1207,"parent":1056,"menu_order":2,"comment_status":"closed","ping_status":"closed","template":"elementor_header_footer","meta":{"give_campaign_id":0,"footnotes":""},"class_list":["post-1106","page","type-page","status-publish","has-post-thumbnail","hentry"],"yoast_head":"<!-- This site is optimized with the Yoast SEO plugin v27.5 - https:\/\/yoast.com\/product\/yoast-seo-wordpress\/ -->\n<title>Formation - Similes Bruxelles<\/title>\n<meta name=\"robots\" content=\"index, follow, max-snippet:-1, max-image-preview:large, max-video-preview:-1\" \/>\n<link rel=\"canonical\" href=\"https:\/\/similes.brussels\/nl\/activites\/formation\/\" \/>\n<meta property=\"og:locale\" content=\"nl_BE\" \/>\n<meta property=\"og:type\" content=\"article\" \/>\n<meta property=\"og:title\" content=\"Formation - Similes Bruxelles\" \/>\n<meta property=\"og:description\" content=\"Formations Vous retrouverez ici toutes les formations \u00e0 destination des Proches\/Familles (Psycho\u00e9ducation-Psychoreflexion) ou des Professions (Formation \u00e0 la demande) \u201cGroupe Th\u00e9rapeutique\u201d Cette formation est n\u00e9e du travail r\u00e9alis\u00e9 avec les \u00e9quipes mobiles et les proches aidants, elle a pour but d\u2019aider les familles en crise \u00e0 faire face au moment de p\u00e9riodes difficiles. Elle est [&hellip;]\" \/>\n<meta property=\"og:url\" content=\"https:\/\/similes.brussels\/nl\/activites\/formation\/\" \/>\n<meta property=\"og:site_name\" content=\"Similes Bruxelles\" \/>\n<meta property=\"article:publisher\" content=\"https:\/\/www.facebook.com\/Similes-Bruxelles-306957199759906\/\" \/>\n<meta property=\"article:modified_time\" content=\"2025-03-25T10:49:09+00:00\" \/>\n<meta property=\"og:image\" content=\"https:\/\/similes.brussels\/wp-content\/uploads\/2022\/03\/kdeqa3atnby.jpg\" \/>\n\t<meta property=\"og:image:width\" content=\"1600\" \/>\n\t<meta property=\"og:image:height\" content=\"1067\" \/>\n\t<meta property=\"og:image:type\" content=\"image\/jpeg\" \/>\n<meta name=\"twitter:card\" content=\"summary_large_image\" \/>\n<meta name=\"twitter:label1\" content=\"Geschatte leestijd\" \/>\n\t<meta name=\"twitter:data1\" content=\"3 minuten\" \/>\n<script type=\"application\/ld+json\" class=\"yoast-schema-graph\">{\"@context\":\"https:\\\/\\\/schema.org\",\"@graph\":[{\"@type\":\"WebPage\",\"@id\":\"https:\\\/\\\/similes.brussels\\\/activites\\\/formation\\\/\",\"url\":\"https:\\\/\\\/similes.brussels\\\/activites\\\/formation\\\/\",\"name\":\"Formation - Similes Bruxelles\",\"isPartOf\":{\"@id\":\"https:\\\/\\\/similes.brussels\\\/#website\"},\"primaryImageOfPage\":{\"@id\":\"https:\\\/\\\/similes.brussels\\\/activites\\\/formation\\\/#primaryimage\"},\"image\":{\"@id\":\"https:\\\/\\\/similes.brussels\\\/activites\\\/formation\\\/#primaryimage\"},\"thumbnailUrl\":\"https:\\\/\\\/similes.brussels\\\/wp-content\\\/uploads\\\/2022\\\/03\\\/kdeqa3atnby.jpg\",\"datePublished\":\"2022-03-09T10:15:46+00:00\",\"dateModified\":\"2025-03-25T10:49:09+00:00\",\"breadcrumb\":{\"@id\":\"https:\\\/\\\/similes.brussels\\\/activites\\\/formation\\\/#breadcrumb\"},\"inLanguage\":\"nl-BE\",\"potentialAction\":[{\"@type\":\"ReadAction\",\"target\":[\"https:\\\/\\\/similes.brussels\\\/activites\\\/formation\\\/\"]}]},{\"@type\":\"ImageObject\",\"inLanguage\":\"nl-BE\",\"@id\":\"https:\\\/\\\/similes.brussels\\\/activites\\\/formation\\\/#primaryimage\",\"url\":\"https:\\\/\\\/similes.brussels\\\/wp-content\\\/uploads\\\/2022\\\/03\\\/kdeqa3atnby.jpg\",\"contentUrl\":\"https:\\\/\\\/similes.brussels\\\/wp-content\\\/uploads\\\/2022\\\/03\\\/kdeqa3atnby.jpg\",\"width\":1600,\"height\":1067,\"caption\":\"people sitting on chair in front of table while holding pens during daytime\"},{\"@type\":\"BreadcrumbList\",\"@id\":\"https:\\\/\\\/similes.brussels\\\/activites\\\/formation\\\/#breadcrumb\",\"itemListElement\":[{\"@type\":\"ListItem\",\"position\":1,\"name\":\"Accueil\",\"item\":\"https:\\\/\\\/similes.brussels\\\/\"},{\"@type\":\"ListItem\",\"position\":2,\"name\":\"Activit\u00e9s\",\"item\":\"https:\\\/\\\/similes.brussels\\\/activites\\\/\"},{\"@type\":\"ListItem\",\"position\":3,\"name\":\"Formation\"}]},{\"@type\":\"WebSite\",\"@id\":\"https:\\\/\\\/similes.brussels\\\/#website\",\"url\":\"https:\\\/\\\/similes.brussels\\\/\",\"name\":\"Similes Bruxelles\",\"description\":\"Vous n&#039;\u00eates pas seuls!\",\"publisher\":{\"@id\":\"https:\\\/\\\/similes.brussels\\\/#organization\"},\"potentialAction\":[{\"@type\":\"SearchAction\",\"target\":{\"@type\":\"EntryPoint\",\"urlTemplate\":\"https:\\\/\\\/similes.brussels\\\/?s={search_term_string}\"},\"query-input\":{\"@type\":\"PropertyValueSpecification\",\"valueRequired\":true,\"valueName\":\"search_term_string\"}}],\"inLanguage\":\"nl-BE\"},{\"@type\":\"Organization\",\"@id\":\"https:\\\/\\\/similes.brussels\\\/#organization\",\"name\":\"Similes Bruxelles\",\"url\":\"https:\\\/\\\/similes.brussels\\\/\",\"logo\":{\"@type\":\"ImageObject\",\"inLanguage\":\"nl-BE\",\"@id\":\"https:\\\/\\\/similes.brussels\\\/#\\\/schema\\\/logo\\\/image\\\/\",\"url\":\"https:\\\/\\\/similes.brussels\\\/wp-content\\\/uploads\\\/2022\\\/01\\\/Capture-de\u0301cran-254.png\",\"contentUrl\":\"https:\\\/\\\/similes.brussels\\\/wp-content\\\/uploads\\\/2022\\\/01\\\/Capture-de\u0301cran-254.png\",\"width\":1756,\"height\":1624,\"caption\":\"Similes Bruxelles\"},\"image\":{\"@id\":\"https:\\\/\\\/similes.brussels\\\/#\\\/schema\\\/logo\\\/image\\\/\"},\"sameAs\":[\"https:\\\/\\\/www.facebook.com\\\/Similes-Bruxelles-306957199759906\\\/\"]}]}<\/script>\n<!-- \/ Yoast SEO plugin. -->","yoast_head_json":{"title":"Training - Similes Brussel","robots":{"index":"index","follow":"follow","max-snippet":"max-snippet:-1","max-image-preview":"max-image-preview:large","max-video-preview":"max-video-preview:-1"},"canonical":"https:\/\/similes.brussels\/nl\/activites\/formation\/","og_locale":"nl_BE","og_type":"article","og_title":"Formation - Similes Bruxelles","og_description":"Formations Vous retrouverez ici toutes les formations \u00e0 destination des Proches\/Familles (Psycho\u00e9ducation-Psychoreflexion) ou des Professions (Formation \u00e0 la demande) \u201cGroupe Th\u00e9rapeutique\u201d Cette formation est n\u00e9e du travail r\u00e9alis\u00e9 avec les \u00e9quipes mobiles et les proches aidants, elle a pour but d\u2019aider les familles en crise \u00e0 faire face au moment de p\u00e9riodes difficiles. Elle est [&hellip;]","og_url":"https:\/\/similes.brussels\/nl\/activites\/formation\/","og_site_name":"Similes Bruxelles","article_publisher":"https:\/\/www.facebook.com\/Similes-Bruxelles-306957199759906\/","article_modified_time":"2025-03-25T10:49:09+00:00","og_image":[{"width":1600,"height":1067,"url":"https:\/\/similes.brussels\/wp-content\/uploads\/2022\/03\/kdeqa3atnby.jpg","type":"image\/jpeg"}],"twitter_card":"summary_large_image","twitter_misc":{"Geschatte leestijd":"3 minuten"},"schema":{"@context":"https:\/\/schema.org","@graph":[{"@type":"WebPage","@id":"https:\/\/similes.brussels\/activites\/formation\/","url":"https:\/\/similes.brussels\/activites\/formation\/","name":"Training - Similes Brussel","isPartOf":{"@id":"https:\/\/similes.brussels\/#website"},"primaryImageOfPage":{"@id":"https:\/\/similes.brussels\/activites\/formation\/#primaryimage"},"image":{"@id":"https:\/\/similes.brussels\/activites\/formation\/#primaryimage"},"thumbnailUrl":"https:\/\/similes.brussels\/wp-content\/uploads\/2022\/03\/kdeqa3atnby.jpg","datePublished":"2022-03-09T10:15:46+00:00","dateModified":"2025-03-25T10:49:09+00:00","breadcrumb":{"@id":"https:\/\/similes.brussels\/activites\/formation\/#breadcrumb"},"inLanguage":"nl-BE","potentialAction":[{"@type":"ReadAction","target":["https:\/\/similes.brussels\/activites\/formation\/"]}]},{"@type":"ImageObject","inLanguage":"nl-BE","@id":"https:\/\/similes.brussels\/activites\/formation\/#primaryimage","url":"https:\/\/similes.brussels\/wp-content\/uploads\/2022\/03\/kdeqa3atnby.jpg","contentUrl":"https:\/\/similes.brussels\/wp-content\/uploads\/2022\/03\/kdeqa3atnby.jpg","width":1600,"height":1067,"caption":"people sitting on chair in front of table while holding pens during daytime"},{"@type":"BreadcrumbList","@id":"https:\/\/similes.brussels\/activites\/formation\/#breadcrumb","itemListElement":[{"@type":"ListItem","position":1,"name":"Accueil","item":"https:\/\/similes.brussels\/"},{"@type":"ListItem","position":2,"name":"Activit\u00e9s","item":"https:\/\/similes.brussels\/activites\/"},{"@type":"ListItem","position":3,"name":"Formation"}]},{"@type":"WebSite","@id":"https:\/\/similes.brussels\/#website","url":"https:\/\/similes.brussels\/","name":"Similes Brussel","description":"Je bent niet alleen!","publisher":{"@id":"https:\/\/similes.brussels\/#organization"},"potentialAction":[{"@type":"SearchAction","target":{"@type":"EntryPoint","urlTemplate":"https:\/\/similes.brussels\/?s={search_term_string}"},"query-input":{"@type":"PropertyValueSpecification","valueRequired":true,"valueName":"search_term_string"}}],"inLanguage":"nl-BE"},{"@type":"Organization","@id":"https:\/\/similes.brussels\/#organization","name":"Similes Brussel","url":"https:\/\/similes.brussels\/","logo":{"@type":"ImageObject","inLanguage":"nl-BE","@id":"https:\/\/similes.brussels\/#\/schema\/logo\/image\/","url":"https:\/\/similes.brussels\/wp-content\/uploads\/2022\/01\/Capture-de\u0301cran-254.png","contentUrl":"https:\/\/similes.brussels\/wp-content\/uploads\/2022\/01\/Capture-de\u0301cran-254.png","width":1756,"height":1624,"caption":"Similes Bruxelles"},"image":{"@id":"https:\/\/similes.brussels\/#\/schema\/logo\/image\/"},"sameAs":["https:\/\/www.facebook.com\/Similes-Bruxelles-306957199759906\/"]}]}},"campaignId":"","_links":{"self":[{"href":"https:\/\/similes.brussels\/nl\/wp-json\/wp\/v2\/pages\/1106","targetHints":{"allow":["GET"]}}],"collection":[{"href":"https:\/\/similes.brussels\/nl\/wp-json\/wp\/v2\/pages"}],"about":[{"href":"https:\/\/similes.brussels\/nl\/wp-json\/wp\/v2\/types\/page"}],"author":[{"embeddable":true,"href":"https:\/\/similes.brussels\/nl\/wp-json\/wp\/v2\/users\/2"}],"replies":[{"embeddable":true,"href":"https:\/\/similes.brussels\/nl\/wp-json\/wp\/v2\/comments?post=1106"}],"version-history":[{"count":17,"href":"https:\/\/similes.brussels\/nl\/wp-json\/wp\/v2\/pages\/1106\/revisions"}],"predecessor-version":[{"id":2433,"href":"https:\/\/similes.brussels\/nl\/wp-json\/wp\/v2\/pages\/1106\/revisions\/2433"}],"up":[{"embeddable":true,"href":"https:\/\/similes.brussels\/nl\/wp-json\/wp\/v2\/pages\/1056"}],"wp:featuredmedia":[{"embeddable":true,"href":"https:\/\/similes.brussels\/nl\/wp-json\/wp\/v2\/media\/1207"}],"wp:attachment":[{"href":"https:\/\/similes.brussels\/nl\/wp-json\/wp\/v2\/media?parent=1106"}],"curies":[{"name":"wp","href":"https:\/\/api.w.org\/{rel}","templated":true}]}}