{"id":1407,"date":"2022-03-21T19:10:56","date_gmt":"2022-03-21T18:10:56","guid":{"rendered":"https:\/\/similes.brussels\/?page_id=1407"},"modified":"2025-02-13T17:19:10","modified_gmt":"2025-02-13T16:19:10","slug":"faq","status":"publish","type":"page","link":"https:\/\/similes.brussels\/nl\/faq\/","title":{"rendered":"Veelgestelde vragen"},"content":{"rendered":"\t\t<div data-elementor-type=\"wp-page\" data-elementor-id=\"1407\" class=\"elementor elementor-1407\" data-elementor-post-type=\"page\">\n\t\t\t\t\t\t<section class=\"elementor-section elementor-top-section elementor-element elementor-element-ffab895 elementor-section-boxed elementor-section-height-default elementor-section-height-default\" data-id=\"ffab895\" data-element_type=\"section\" data-e-type=\"section\">\n\t\t\t\t\t\t<div class=\"elementor-container elementor-column-gap-default\">\n\t\t\t\t\t<div class=\"elementor-column elementor-col-100 elementor-top-column elementor-element elementor-element-6b06cd5\" data-id=\"6b06cd5\" data-element_type=\"column\" data-e-type=\"column\">\n\t\t\t<div class=\"elementor-widget-wrap elementor-element-populated\">\n\t\t\t\t\t\t<div class=\"elementor-element elementor-element-a5d019e elementor-widget elementor-widget-pp-faq\" data-id=\"a5d019e\" data-element_type=\"widget\" data-e-type=\"widget\" data-settings=\"{&quot;accordion_type&quot;:&quot;toggle&quot;,&quot;faq_layout&quot;:&quot;accordion&quot;,&quot;toggle_speed&quot;:300}\" data-widget_type=\"pp-faq.default\">\n\t\t\t\t<div class=\"elementor-widget-container\">\n\t\t\t\t\t\t\t<div class=\"pp-faqs pp-advanced-accordion pp-toggle-icon-align-left\" id=\"pp-advanced-accordion-a5d019e\" data-accordion-id=\"a5d019e\">\n\t\t\t\t\t\t<div class=\"pp-faq-item elementor-grid-item pp-accordion-item\">\n\t\t\t\t<div id=\"pp-accordion-tab-title-1731\" class=\"pp-faq-question pp-accordion-tab-title\" tabindex=\"0\" data-tab=\"1\">\n\t\t\t\t\t<div class=\"pp-accordion-title-icon\">\n\t\t\t\t\t\t\t\t\t\t\t\t\t\t\t\t\t\t<div class=\"pp-accordion-title-text\">\n\t\t\t\t\t\t\tLe comportement d\u2019un de mes proches m\u2019inqui\u00e8te \u2013 que faire ?\t\t\t\t\t\t<\/div>\n\t\t\t\t\t<\/div>\n\t\t\t\t\t\t\t\t\t\t\t<div class=\"pp-accordion-toggle-icon\">\n\t\t\t\t\t\t\t\t\t\t\t\t\t\t\t<span class='pp-accordion-toggle-icon-close pp-icon'>\n\t\t\t\t\t\t\t\t\t<i aria-hidden=\"true\" class=\"fas fa-plus\"><\/i>\t\t\t\t\t\t\t\t<\/span>\n\t\t\t\t\t\t\t\t\t\t\t\t\t\t\t\t\t\t\t\t\t\t<span class='pp-accordion-toggle-icon-open pp-icon'>\n\t\t\t\t\t\t\t\t\t<i aria-hidden=\"true\" class=\"fas fa-minus\"><\/i>\t\t\t\t\t\t\t\t<\/span>\n\t\t\t\t\t\t\t\t\t\t\t\t\t<\/div>\n\t\t\t\t\t\t\t\t\t<\/div>\n\n\t\t\t\t<div id=\"pp-accordion-tab-content-1731\" class=\"pp-faq-answer pp-accordion-tab-content\" data-tab=\"1\">\n\t\t\t\t\t<p class=\"chapeau\">Votre proche affiche des comportements qui sont associ\u00e9s les uns aux autres et qui vous semblent \u00e9tranges depuis plusieurs semaines et que vous n\u2019arrivez plus \u00e0 le reconna\u00eetre, il est important d\u2019encourager cette personne \u00e0 \u00a0consulter si\u00a0:<\/p>\n<ul>\n<li>Elle n\u2019arrive plus \u00e0 s\u2019alimenter comme d\u2019habitude,<\/li>\n<li>Son sommeil est perturb\u00e9,<\/li>\n<li>Elle passe soit constamment du rire aux larmes, soit elle manifeste des signes aigus de tristesse et d\u2019abattement,<\/li>\n<li>Contrairement \u00e0 ses habitudes, votre proche consomme de l\u2019alcool ou des drogues, ou l\u2019intensit\u00e9 est plus importante que d\u2019habitude<\/li>\n<li>Elle a des difficult\u00e9s \u00e0 se concentrer en regardant la t\u00e9l\u00e9vision, un film ou en lisant un livre,<\/li>\n<li>Elle n\u2019est plus capable de suivre une conversation,<\/li>\n<li>Elle s\u2019exprime difficilement et parle de fa\u00e7on incompr\u00e9hensible,<\/li>\n<li>Elle entend des voix ou voit des choses que vous n\u2019entendez pas\/ne voyez pas,<\/li>\n<li>Elle se sent surveill\u00e9\/\u00e9pi\u00e9\/ a peur sans raison apparente<\/li>\n<li>Elle devient agressive sans raison apparente<\/li>\n<\/ul>\n<p>Dans un premier temps, le m\u00e9decin traitant (m\u00e9decin g\u00e9n\u00e9raliste) de cette personne \u2013 sur base de son t\u00e9moignage et du v\u00f4tre \u2013 peut la conseiller et l\u2019orienter vers un\u00a0<em>-&gt; psychologue<\/em>\u00a0ou un\u00a0<em>-&gt;psychiatre.\u00a0<\/em>Si votre proche n\u2019a pas encore de m\u00e9decin g\u00e9n\u00e9raliste, il peut en chercher un sur le site de la\u00a0<a class=\"ext\" title=\"FAMGB trouver un m\u00e9decin\" href=\"http:\/\/famgb.be\/fr\/trouver-un-medecin\/\" target=\"_blank\" rel=\"noopener noreferrer\" data-extlink=\"\">FAMGB (F\u00e9d\u00e9ration des Associations de M\u00e9decins G\u00e9n\u00e9ralistes de Bruxelles).<\/a><\/p>\n<p>\u00a0<\/p>\n<p>Pour toute question relative aux psys, n\u2019h\u00e9sitez pas \u00e0 consulter la brochure\u00a0<em><a class=\"ext\" title=\"Et psy j'allais consulter?\" href=\"https:\/\/www.mc.be\/media\/brochure-et-psy-j-allais-consulter_tcm49-3084.pdf\" target=\"_blank\" rel=\"noopener noreferrer\" data-extlink=\"\">\u00ab\u00a0Et psy j\u2019allais consulter\u00a0\u00bb<\/a>\u00a0<\/em>de la Mutualit\u00e9 Chr\u00e9tienne. Elle vous informera des endroits de consultation, des tarifs etc.<\/p>\n<p>Une visite chez un\u00a0<em>-&gt;psychologue<\/em>\u00a0ou un -&gt;<em>orthop\u00e9dagogue<\/em>\u00a0sera rembours\u00e9e sous certaines conditions.\u00a0Afin de b\u00e9n\u00e9ficier de cette aide, conseillez-lui de se renseigner aupr\u00e8s de son m\u00e9decin ou psychiatre (s\u2019il en a un) sur les conditions de cette offre\u00a0<a class=\"ext\" href=\"http:\/\/www.107bru.be\/sites\/default\/files\/Folder%20patient%202020.pdf\" target=\"_blank\" rel=\"noopener noreferrer\" data-extlink=\"\">Plus d\u2019informations ici.<\/a><\/p>\n\t\t\t\t<\/div>\n\t\t\t<\/div>\n\t\t\t\t\t\t<div class=\"pp-faq-item elementor-grid-item pp-accordion-item\">\n\t\t\t\t<div id=\"pp-accordion-tab-title-1732\" class=\"pp-faq-question pp-accordion-tab-title\" tabindex=\"0\" data-tab=\"2\">\n\t\t\t\t\t<div class=\"pp-accordion-title-icon\">\n\t\t\t\t\t\t\t\t\t\t\t\t\t\t\t\t\t\t<div class=\"pp-accordion-title-text\">\n\t\t\t\t\t\t\tMon fils qui \u00e9tudie\/travaille \u00e0 l\u2019\u00e9tranger\/loin de chez moi et qui n\u2019a \u2013 jusqu\u2019\u00e0 pr\u00e9sent \u2013 pas eu de probl\u00e8mes de sant\u00e9 ne donne soudain aucun signe de vie. Que faire ?\t\t\t\t\t\t<\/div>\n\t\t\t\t\t<\/div>\n\t\t\t\t\t\t\t\t\t\t\t<div class=\"pp-accordion-toggle-icon\">\n\t\t\t\t\t\t\t\t\t\t\t\t\t\t\t<span class='pp-accordion-toggle-icon-close pp-icon'>\n\t\t\t\t\t\t\t\t\t<i aria-hidden=\"true\" class=\"fas fa-plus\"><\/i>\t\t\t\t\t\t\t\t<\/span>\n\t\t\t\t\t\t\t\t\t\t\t\t\t\t\t\t\t\t\t\t\t\t<span class='pp-accordion-toggle-icon-open pp-icon'>\n\t\t\t\t\t\t\t\t\t<i aria-hidden=\"true\" class=\"fas fa-minus\"><\/i>\t\t\t\t\t\t\t\t<\/span>\n\t\t\t\t\t\t\t\t\t\t\t\t\t<\/div>\n\t\t\t\t\t\t\t\t\t<\/div>\n\n\t\t\t\t<div id=\"pp-accordion-tab-content-1732\" class=\"pp-faq-answer pp-accordion-tab-content\" data-tab=\"2\">\n\t\t\t\t\t<p>Voyez si votre proche a une personne ressource sur place, comme par exemple un(e) voisin(e), de la famille, un(e) ami(e), un(e) colocataire\u2026que vous pouvez contacter pour prendre de ses nouvelles indirectement. Si votre proche a un m\u00e9decin traitant \u00e0 l\u2019\u00e9tranger, vous pouvez \u00e9galement le contacter.<\/p>\n<p>Votre proche n\u2019a pas de personne ressource qui peut vous renseigner sur son \u00e9tat de sant\u00e9 \u00a0? Vous pouvez vous adresser \u00e0\u00a0<a class=\"ext\" title=\"services \u00e0 l'\u00e9tranger\" href=\"https:\/\/diplomatie.belgium.be\/fr\/Services\/services_a_letranger#assistance_consulaire\" target=\"_blank\" rel=\"noopener noreferrer\" data-extlink=\"\">l\u2019ambassade belge ou au consulat du pays o\u00f9 votre proche habite<\/a>.<\/p>\n\t\t\t\t<\/div>\n\t\t\t<\/div>\n\t\t\t\t\t\t<div class=\"pp-faq-item elementor-grid-item pp-accordion-item\">\n\t\t\t\t<div id=\"pp-accordion-tab-title-1733\" class=\"pp-faq-question pp-accordion-tab-title\" tabindex=\"0\" data-tab=\"3\">\n\t\t\t\t\t<div class=\"pp-accordion-title-icon\">\n\t\t\t\t\t\t\t\t\t\t\t\t\t\t\t\t\t\t<div class=\"pp-accordion-title-text\">\n\t\t\t\t\t\t\tL\u2019un de mes proches vient d\u2019\u00eatre diagnostiqu\u00e9. Et maintenant ?\t\t\t\t\t\t<\/div>\n\t\t\t\t\t<\/div>\n\t\t\t\t\t\t\t\t\t\t\t<div class=\"pp-accordion-toggle-icon\">\n\t\t\t\t\t\t\t\t\t\t\t\t\t\t\t<span class='pp-accordion-toggle-icon-close pp-icon'>\n\t\t\t\t\t\t\t\t\t<i aria-hidden=\"true\" class=\"fas fa-plus\"><\/i>\t\t\t\t\t\t\t\t<\/span>\n\t\t\t\t\t\t\t\t\t\t\t\t\t\t\t\t\t\t\t\t\t\t<span class='pp-accordion-toggle-icon-open pp-icon'>\n\t\t\t\t\t\t\t\t\t<i aria-hidden=\"true\" class=\"fas fa-minus\"><\/i>\t\t\t\t\t\t\t\t<\/span>\n\t\t\t\t\t\t\t\t\t\t\t\t\t<\/div>\n\t\t\t\t\t\t\t\t\t<\/div>\n\n\t\t\t\t<div id=\"pp-accordion-tab-content-1733\" class=\"pp-faq-answer pp-accordion-tab-content\" data-tab=\"3\">\n\t\t\t\t\t<p>Tout d\u2019abord, il faut savoir qu\u2019un\u00a0<a title=\"r\u00e9tablissement\" href=\"https:\/\/platformbxl.brussels\/fr\/besoin-daide\/et-apres\/retablissement\">r\u00e9tablissement<\/a>\u00a0et\/ou une gu\u00e9rison de votre proche est possible, mais que cela prend du temps\u2026<\/p>\n<p>Ne perdez surtout pas espoir. Il est important de pouvoir soutenir votre proche mais aussi de vous pr\u00e9server (-&gt; voir Question\u00a0:\u00a0<em>Comment \u00e9viter l\u2019\u00e9puisement en tant que proche\u00a0? Comment se pr\u00e9server\u00a0?<\/em>)<\/p>\n<p>Ne vous isolez pas. Il est imp\u00e9ratif pour vous de pouvoir parler \u00e0 quelqu\u2019un qui comprend ce que vous vivez, que ce soit un (des) membre(s) de votre famille, un ami ou bien un autre proche qui est en train de passer\/ qui est pass\u00e9 par ce que vous vivez. Pour cela, diff\u00e9rentes associations de proches existent afin de vous soutenir et de vous informer. Il existe \u00e9galement diff\u00e9rents groupes de paroles pour proches \u00e0 Bruxelles.\u00a0\u00a0<\/p>\n<p>Vous pouvez essayer d\u2019en \u00a0savoir plus sur la maladie dont souffre votre proche afin de pouvoir mieux comprendre ce qui lui arrive et voir comment vous pouvez le soutenir en respectant vos limites. Pour cela, vous pouvez consulter notre\u00a0<a title=\"Vocabulaire\" href=\"https:\/\/platformbxl.brussels\/fr\/sante-mentale\/vocabulaire\">lexique en sant\u00e9 mentale<\/a>\u00a0pour en savoir plus sur les maladies, les diff\u00e9rents types de professionnels \u0153uvrant en sant\u00e9 mentale, les diff\u00e9rentes approches de th\u00e9rapie, les types de m\u00e9dicaments etc.<\/p>\n<p>Vous souhaitez avoir plus d\u2019information sur les services existants\u00a0? Vous pourrez les trouver\u00a0:<\/p>\n<ul>\n<li>Sur notre\u00a0<a class=\"ext\" title=\"r\u00e9pertoire Plateforme\" href=\"http:\/\/pfcsm-opgg.bienavous-dev.net\/fr\/annuaire\" target=\"_blank\" rel=\"noopener noreferrer\" data-extlink=\"\">r\u00e9pertoire<\/a><\/li>\n<li><a class=\"ext\" title=\"CDCS\" href=\"https:\/\/social.brussels\/\" target=\"_blank\" rel=\"noopener noreferrer\" data-extlink=\"\">CDCS \u2013 CMDC asbl\u00a0<\/a><\/li>\n<li><a class=\"ext\" title=\"Guide social\" href=\"http:\/\/sweeli.guidesocial.be\/fr\/\" target=\"_blank\" rel=\"noopener noreferrer\" data-extlink=\"\">Sweeli (Guide Social)\u00a0<\/a><\/li>\n<\/ul>\n\t\t\t\t<\/div>\n\t\t\t<\/div>\n\t\t\t\t\t\t<div class=\"pp-faq-item elementor-grid-item pp-accordion-item\">\n\t\t\t\t<div id=\"pp-accordion-tab-title-1734\" class=\"pp-faq-question pp-accordion-tab-title\" tabindex=\"0\" data-tab=\"4\">\n\t\t\t\t\t<div class=\"pp-accordion-title-icon\">\n\t\t\t\t\t\t\t\t\t\t\t\t\t\t\t\t\t\t<div class=\"pp-accordion-title-text\">\n\t\t\t\t\t\t\tComment \u00e9tablir une strat\u00e9gie de soutien autour du patient qui englobe proches, professionnels et patients ?\t\t\t\t\t\t<\/div>\n\t\t\t\t\t<\/div>\n\t\t\t\t\t\t\t\t\t\t\t<div class=\"pp-accordion-toggle-icon\">\n\t\t\t\t\t\t\t\t\t\t\t\t\t\t\t<span class='pp-accordion-toggle-icon-close pp-icon'>\n\t\t\t\t\t\t\t\t\t<i aria-hidden=\"true\" class=\"fas fa-plus\"><\/i>\t\t\t\t\t\t\t\t<\/span>\n\t\t\t\t\t\t\t\t\t\t\t\t\t\t\t\t\t\t\t\t\t\t<span class='pp-accordion-toggle-icon-open pp-icon'>\n\t\t\t\t\t\t\t\t\t<i aria-hidden=\"true\" class=\"fas fa-minus\"><\/i>\t\t\t\t\t\t\t\t<\/span>\n\t\t\t\t\t\t\t\t\t\t\t\t\t<\/div>\n\t\t\t\t\t\t\t\t\t<\/div>\n\n\t\t\t\t<div id=\"pp-accordion-tab-content-1734\" class=\"pp-faq-answer pp-accordion-tab-content\" data-tab=\"4\">\n\t\t\t\t\t<p>En tant que proche, il est possible que vous ayez un lien de qualit\u00e9 avec la personne souffrante. Si c\u2019est le cas ceci est une force, car vous constituez une r\u00e9f\u00e9rence s\u00e9curisante et indispensable.<\/p>\n<p>Vous pouvez bien s\u00fbr \u00e9tablir une strat\u00e9gie avec l\u2019aide des \u00e9quipes soignantes en tenant compte des comp\u00e9tences de chacun. Il serait\u00a0dans ce cas,\u00a0int\u00e9ressant de mettre l\u2019accent sur l\u2019interd\u00e9pendance, le soutien mutuel et votre volont\u00e9 de travailler de mani\u00e8re concert\u00e9e avec l\u2019\u00e9quipe, tout en respectant\u00a0<a class=\"ext\" title=\"respect de la vie priv\u00e9e et secret professionnel\" href=\"https:\/\/www.belgium.be\/fr\/justice\/respect_de_la_vie_privee\/secret_professionnel\" target=\"_blank\" rel=\"noopener noreferrer\" data-extlink=\"\">la vie priv\u00e9e et le secret professionnel<\/a>.<\/p>\n<p>Quoi qu\u2019il en soit, vous avez le droit de transmettre aux professionnels des informations que vous jugez pertinentes \u00e0 propos de votre proche et les professionnels peuvent \u00e9galement vous donner des informations sur tous les aspects non confidentiels.<\/p>\n\t\t\t\t<\/div>\n\t\t\t<\/div>\n\t\t\t\t\t\t<div class=\"pp-faq-item elementor-grid-item pp-accordion-item\">\n\t\t\t\t<div id=\"pp-accordion-tab-title-1735\" class=\"pp-faq-question pp-accordion-tab-title\" tabindex=\"0\" data-tab=\"5\">\n\t\t\t\t\t<div class=\"pp-accordion-title-icon\">\n\t\t\t\t\t\t\t\t\t\t\t\t\t\t\t\t\t\t<div class=\"pp-accordion-title-text\">\n\t\t\t\t\t\t\tComment organiser un suivi avec mon proche majeur ayant un trouble psychique et \u00e9tant en rupture avec la soci\u00e9t\u00e9, mais qui souffre d\u2019anosognosie ?\t\t\t\t\t\t<\/div>\n\t\t\t\t\t<\/div>\n\t\t\t\t\t\t\t\t\t\t\t<div class=\"pp-accordion-toggle-icon\">\n\t\t\t\t\t\t\t\t\t\t\t\t\t\t\t<span class='pp-accordion-toggle-icon-close pp-icon'>\n\t\t\t\t\t\t\t\t\t<i aria-hidden=\"true\" class=\"fas fa-plus\"><\/i>\t\t\t\t\t\t\t\t<\/span>\n\t\t\t\t\t\t\t\t\t\t\t\t\t\t\t\t\t\t\t\t\t\t<span class='pp-accordion-toggle-icon-open pp-icon'>\n\t\t\t\t\t\t\t\t\t<i aria-hidden=\"true\" class=\"fas fa-minus\"><\/i>\t\t\t\t\t\t\t\t<\/span>\n\t\t\t\t\t\t\t\t\t\t\t\t\t<\/div>\n\t\t\t\t\t\t\t\t\t<\/div>\n\n\t\t\t\t<div id=\"pp-accordion-tab-content-1735\" class=\"pp-faq-answer pp-accordion-tab-content\" data-tab=\"5\">\n\t\t\t\t\t<p>Avec un malade conscient de sa pathologie, il est plus facile de n\u00e9gocier un modus vivendi supportable, et une synergie positive m\u00e9decin-proche-usager.<\/p>\n<p>Votre proche atteint d\u2019une maladie mentale ne b\u00e9n\u00e9ficie pas d\u2019une prise en charge adapt\u00e9e? Sa qualit\u00e9 de vie peut en \u00eatre affect\u00e9e cette personne\/il peut se mettre en danger et\/ou pr\u00e9senter un \u00e9ventuel danger pour autrui.<\/p>\n<p>Qu\u2019est-ce que\u00a0<em>l\u2019anosognosie<\/em>\u00a0?<\/p>\n<ol>\n<li>Votre proche maintient \u2013 pendant des mois ou des ann\u00e9es &#8211; qu\u2019il n\u2019est pas malade, qu\u2019il n\u2019a pas de sympt\u00f4mes, m\u00eame lorsqu\u2019il est confront\u00e9 \u00e0 des preuves \u00e9videntes d\u00e9montrant qu\u2019il est effectivement malade<\/li>\n<li>Votre proche explique les faits de fa\u00e7on illogique et avec des confabulations\/ r\u00e9pondant \u00e0 une logique particuli\u00e8re. \u00a0<\/li>\n<\/ol>\n<p>Votre proche souffre\u00a0<em>d\u2019anosognosie<\/em>\u00a0et refuse de se faire traiter et s\u2019il repr\u00e9sente un danger pour lui-m\u00eame ou pour autrui\u00a0? Vous pouvez demander que votre proche soit plac\u00e9 sous observation dans un service psychiatrique. Pour cela, veuillez-vous r\u00e9f\u00e9rer \u00e0 la page\u00a0<a title=\"Justice - Mise en observation\" href=\"https:\/\/platformbxl.brussels\/fr\/besoin-daide\/sante-mentale\/justice-mise-en-observation\"><em>Justice &#8211; Mise en observation.\u00a0<\/em><\/a><\/p>\n\t\t\t\t<\/div>\n\t\t\t<\/div>\n\t\t\t\t\t\t<div class=\"pp-faq-item elementor-grid-item pp-accordion-item\">\n\t\t\t\t<div id=\"pp-accordion-tab-title-1736\" class=\"pp-faq-question pp-accordion-tab-title\" tabindex=\"0\" data-tab=\"6\">\n\t\t\t\t\t<div class=\"pp-accordion-title-icon\">\n\t\t\t\t\t\t\t\t\t\t\t\t\t\t\t\t\t\t<div class=\"pp-accordion-title-text\">\n\t\t\t\t\t\t\tComment assurer la protection sociale et la protection de la vie quotidienne de quelqu\u2019un qui a re\u00e7u un diagnostic lourd ?\t\t\t\t\t\t<\/div>\n\t\t\t\t\t<\/div>\n\t\t\t\t\t\t\t\t\t\t\t<div class=\"pp-accordion-toggle-icon\">\n\t\t\t\t\t\t\t\t\t\t\t\t\t\t\t<span class='pp-accordion-toggle-icon-close pp-icon'>\n\t\t\t\t\t\t\t\t\t<i aria-hidden=\"true\" class=\"fas fa-plus\"><\/i>\t\t\t\t\t\t\t\t<\/span>\n\t\t\t\t\t\t\t\t\t\t\t\t\t\t\t\t\t\t\t\t\t\t<span class='pp-accordion-toggle-icon-open pp-icon'>\n\t\t\t\t\t\t\t\t\t<i aria-hidden=\"true\" class=\"fas fa-minus\"><\/i>\t\t\t\t\t\t\t\t<\/span>\n\t\t\t\t\t\t\t\t\t\t\t\t\t<\/div>\n\t\t\t\t\t\t\t\t\t<\/div>\n\n\t\t\t\t<div id=\"pp-accordion-tab-content-1736\" class=\"pp-faq-answer pp-accordion-tab-content\" data-tab=\"6\">\n\t\t\t\t\t<p>Premi\u00e8rement la \u00ab\u00a0lourdeur\u00a0\u00bb d\u2019un diagnostic est une notion tr\u00e8s subjective. Dans tous les cas,\u00a0est fondamental d\u2019engager une discussion avec les intervenants du soin impliqu\u00e9s dans la pose du diagnostic et de les questionner afin d\u2019obtenir le plus d\u2019informations concr\u00e8tes possibles, sur la signification du diagnostic et ses cons\u00e9quences potentielles pour la personne, pour la famille, etc. ainsi que sur les pistes comportementales, \u00e9motionnelles et pratiques \u00e0 envisager pour le futur.<\/p>\n<p>De plus, il est int\u00e9ressant de savoir pour qui c\u2019est \u00ab\u00a0lourd\u00a0\u00a0\u00bb et qui en souffre et peut avoir besoin d\u2019aide pour faire face \u00e0 la situation La personne qui a re\u00e7u le diagnostic n\u2019est pas forc\u00e9ment celle qui en souffre le plus. Dans ce cas, la lourdeur d\u2019un diagnostic peut \u00eatre reformul\u00e9e en termes de \u00ab\u00a0charge\u00a0\u00bb concernant les besoins et les demandes d\u2019aide adress\u00e9s au syst\u00e8me familial (proches) et\/ou de soins (nombre d\u2019intervenants, services, institutions sollicit\u00e9es).<\/p>\n<p>Si cette charge peut se r\u00e9partir sur plusieurs \u00e9paules, elle sera en partie &#8211; du moins\u00a0<em>pratiquement<\/em>, moins \u00ab\u00a0lourde\u00a0\u00bb.<\/p>\n<p>Pour les aspects de charge \u00e9motionnelle li\u00e9e \u00e0 la situation de \u00ab\u00a0diagnostic lourd\u00a0\u00bb, il est recommand\u00e9, si cette charge est trop importante, de prendre contact avec un professionnel\u00a0: un\u00a0<em>psychologue<\/em>, un\u00a0<em>psychiatre<\/em>\u00a0ou un m\u00e9decin g\u00e9n\u00e9raliste\u00a0; il existe \u00e9galement des groupes de parole.<\/p>\n<ul>\n<li><a class=\"ext\" href=\"https:\/\/www.compsy.be\/fr\" target=\"_blank\" rel=\"noopener noreferrer\" data-extlink=\"\">https:\/\/www.compsy.be\/fr<\/a><\/li>\n<li><a class=\"ext\" href=\"https:\/\/www.medecinbelgique.com\/medecin\/medecin-s-psychiatrie-bruxelles-27.htm\" target=\"_blank\" rel=\"noopener noreferrer\" data-extlink=\"\">https:\/\/www.medecinbelgique.com\/medecin\/medecin-s-psychiatrie-bruxelles-27.htm<\/a><\/li>\n<li><a class=\"ext\" href=\"http:\/\/famgb.be\/fr\/trouver-un-medecin\/\" target=\"_blank\" rel=\"noopener noreferrer\" data-extlink=\"\">http:\/\/famgb.be\/fr\/trouver-un-medecin\/<\/a><\/li>\n<li><a class=\"ext\" href=\"https:\/\/pro.guidesocial.be\/associations\/groupes-entraide-soutien-1688.html\" target=\"_blank\" rel=\"noopener noreferrer\" data-extlink=\"\">https:\/\/pro.guidesocial.be\/associations\/groupes-entraide-soutien-1688.html<\/a><\/li>\n<\/ul>\n<p>Ils s\u2019agit \u00e9galement de prendre en compte l\u2019aspect de protection social, c\u2019est-\u00e0-dire la personne qui a re\u00e7u le diagnostic, peut potentiellement avoir \u00e0 faire face \u00e0 une baisse de ses ressources financi\u00e8res ou une hausse de ses d\u00e9penses.<\/p>\n<p>La protection sociale, alors, a pour objectif de pr\u00e9server collectivement les moyens de subsistance financiers des individus. Celle-ci envisage plusieurs m\u00e9canismes dont l\u2019objectif est d\u2019assurer un minimum de revenus permettant \u00e0 la personne malade \u00ab\u00a0l\u2019int\u00e9gration\u00a0\u00bb \u00e0 la soci\u00e9t\u00e9.\u00a0Les r\u00e9gimes de protection sociale diff\u00e8rent en fonction du statut de la personne (employ\u00e9, ouvrier, ch\u00f4meur, ind\u00e9pendant) et des revenus du travail ant\u00e9rieur au diagnostic pos\u00e9. Certaines personnes n\u2019ont jamais eu l\u2019occasion de travailler, dans ce cas, il est utile de contacter le CPAS de la commune de r\u00e9sidence.<\/p>\n<p>Pour toute information compl\u00e9mentaire concernant les diff\u00e9rents cas de figure, nous vous invitons \u00e0 contacter votre mutuelle et visiter le site du SPF Emploi. Vous trouverez\u00a0<a class=\"ext\" title=\"CPAS Bruxellois\" href=\"http:\/\/www.ocmw-info-cpas.be\/fiche_FV_fr\/les_adresses_et_heures_douverture_des_19_cpas_de_la_region_de_bruxelles_cap\" target=\"_blank\" rel=\"noopener noreferrer\" data-extlink=\"\">les contacts vers les CPAS des 19 communes de Bruxelles ici.<\/a><\/p>\n<p>Dans certaines situations, la loi du 18\/07\/1991 art. 488bis pr\u00e9voit la possibilit\u00e9 d\u2019une administration provisoire de biens.\u00a0Une brochure \u00e0 ce sujet est t\u00e9l\u00e9chargeable\u00a0<a class=\"ext\" title=\"Brochure Administration Provisoire\" href=\"http:\/\/www.avokat.be\/documents\/10-4_BROCHURE_Admnistration_provisoire.pdf\" target=\"_blank\" rel=\"noopener noreferrer\" data-extlink=\"\">en suivant le lien suivant.<\/a><\/p>\n<p>Concernant la protection de la vie quotidienne, l\u2019absorption de l\u2019impact sur la vie quotidienne d\u00e9pendra des strat\u00e9gies compensatoires qui pourront \u00eatre d\u00e9velopp\u00e9es en collaboration avec la famille, le r\u00e9seau personnel et professionnel de la personne concern\u00e9e.<\/p>\n<p>En cons\u00e9quence, il n\u2019y a certainement pas de r\u00e9ponse simple \u00e0 cette question. Nous vous invitons \u00e0 prendre contact avec les intervenants, services, institutions, proches directement impliqu\u00e9s dans l\u2019accompagnement de la personne qui a re\u00e7u le diagnostic pour \u00e9valuer la situation et y apporter des strat\u00e9gies \u00e9volutives et pertinentes.<\/p>\n\t\t\t\t<\/div>\n\t\t\t<\/div>\n\t\t\t\t\t\t<div class=\"pp-faq-item elementor-grid-item pp-accordion-item\">\n\t\t\t\t<div id=\"pp-accordion-tab-title-1737\" class=\"pp-faq-question pp-accordion-tab-title\" tabindex=\"0\" data-tab=\"7\">\n\t\t\t\t\t<div class=\"pp-accordion-title-icon\">\n\t\t\t\t\t\t\t\t\t\t\t\t\t\t\t\t\t\t<div class=\"pp-accordion-title-text\">\n\t\t\t\t\t\t\tComment \u00e9viter l\u2019\u00e9puisement en tant que proche ? Comment se pr\u00e9server ?\t\t\t\t\t\t<\/div>\n\t\t\t\t\t<\/div>\n\t\t\t\t\t\t\t\t\t\t\t<div class=\"pp-accordion-toggle-icon\">\n\t\t\t\t\t\t\t\t\t\t\t\t\t\t\t<span class='pp-accordion-toggle-icon-close pp-icon'>\n\t\t\t\t\t\t\t\t\t<i aria-hidden=\"true\" class=\"fas fa-plus\"><\/i>\t\t\t\t\t\t\t\t<\/span>\n\t\t\t\t\t\t\t\t\t\t\t\t\t\t\t\t\t\t\t\t\t\t<span class='pp-accordion-toggle-icon-open pp-icon'>\n\t\t\t\t\t\t\t\t\t<i aria-hidden=\"true\" class=\"fas fa-minus\"><\/i>\t\t\t\t\t\t\t\t<\/span>\n\t\t\t\t\t\t\t\t\t\t\t\t\t<\/div>\n\t\t\t\t\t\t\t\t\t<\/div>\n\n\t\t\t\t<div id=\"pp-accordion-tab-content-1737\" class=\"pp-faq-answer pp-accordion-tab-content\" data-tab=\"7\">\n\t\t\t\t\t<p>En tant que proche, il est indispensable que vous soyez attentif \u00e0 votre sant\u00e9 mentale et physique. En tant qu\u2019accompagnateur\/trice d\u2019une personne ayant un probl\u00e8me de sant\u00e9 mentale, il peut arriver que vous oubliiez de prendre soin de vous. Cependant, comme tout le monde, vous aussi avez vos limites. Prenez-en conscience et apprenez \u00e0\u00a0 les faire respecter.<a title=\"\" href=\"https:\/\/platformbxl.brussels\/fr\/faq#_ftn1\">[1]<\/a>\u00a0Pour arriver \u00e0 reconna\u00eetre ses limites et se pr\u00e9server, il est probable que vous ayez besoin d\u2019aide.<\/p>\n<p>Voici quelques pistes qui vous permettront de vous sentir mieux\u00a0:<\/p>\n<ul>\n<li>Identifiez clairement vos besoins et classez-les par ordre d\u2019importance pour vous,<\/li>\n<li>Dites clairement \u00e0 votre proche malade vos attentes en vous assurant qu\u2019il a bien compris,<\/li>\n<li>Ecoutez votre proche et par la suite, faites aussi entendre votre opinion,<\/li>\n<li>Un peu d\u2019humour dans les \u00e9changes d\u00e9tend l\u2019atmosph\u00e8re,<\/li>\n<li>Prenez soin d\u2019\u00e9quilibrer votre temps\u00a0; ne n\u00e9gligez pas les activit\u00e9s qui vous font plaisir et qui vous aident \u00e0 d\u00e9stresser. R\u00e9servez-vous des p\u00e9riodes uniquement pour vous et pratiquez des activit\u00e9s agr\u00e9ables sans la pr\u00e9sence de votre proche,<\/li>\n<li>Prenez du temps pour voir d\u2019autres membres de votre famille et vos amis. N\u2019ayez pas peur de leur demander de l\u2019aide si vous vous sentez submerg\u00e9,<\/li>\n<li>N\u2019assumez pas de responsabilit\u00e9s qui ne vous appartiennent pas. Ne sous-estimez pas les capacit\u00e9s de votre proche.\u00a0<a title=\"\" href=\"https:\/\/platformbxl.brussels\/fr\/faq#_ftn2\">[2]<\/a><\/li>\n<\/ul>\n<p><a title=\"\" href=\"https:\/\/platformbxl.brussels\/fr\/faq#_ftnref1\">[1]<\/a>\u00a0<a class=\"ext\" href=\"https:\/\/www.camh.ca\/fr\/info-sante\/guides-et-publications\/si-un-membre-de-votre-famille-refuse-de-se-faire-soigner\" target=\"_blank\" rel=\"noopener noreferrer\" data-extlink=\"\">https:\/\/www.camh.ca\/fr\/info-sante\/guides-et-publications\/si-un-membre-de-votre-famille-refuse-de-se-faire-soigner<\/a><\/p>\n<p>Et\u00a0<a class=\"ext\" href=\"https:\/\/wallonie.similes.org\/wp-content\/uploads\/2018\/04\/29829_Guide-Indispensable_BELGIQUE_web.pdf\" target=\"_blank\" rel=\"noopener noreferrer\" data-extlink=\"\">https:\/\/wallonie.similes.org\/wp-content\/uploads\/2018\/04\/29829_Guide-Indispensable_BELGIQUE_web.pdf<\/a>\u00a0p. 60 ff<\/p>\n\t\t\t\t<\/div>\n\t\t\t<\/div>\n\t\t\t\t\t\t<div class=\"pp-faq-item elementor-grid-item pp-accordion-item\">\n\t\t\t\t<div id=\"pp-accordion-tab-title-1738\" class=\"pp-faq-question pp-accordion-tab-title\" tabindex=\"0\" data-tab=\"8\">\n\t\t\t\t\t<div class=\"pp-accordion-title-icon\">\n\t\t\t\t\t\t\t\t\t\t\t\t\t\t\t\t\t\t<div class=\"pp-accordion-title-text\">\n\t\t\t\t\t\t\tComment r\u00e9agir lorsque les professionnels de la sant\u00e9 qui traitent mon proche malade ne prennent pas mon point de vue\/mes suggestions en consid\u00e9ration ?\t\t\t\t\t\t<\/div>\n\t\t\t\t\t<\/div>\n\t\t\t\t\t\t\t\t\t\t\t<div class=\"pp-accordion-toggle-icon\">\n\t\t\t\t\t\t\t\t\t\t\t\t\t\t\t<span class='pp-accordion-toggle-icon-close pp-icon'>\n\t\t\t\t\t\t\t\t\t<i aria-hidden=\"true\" class=\"fas fa-plus\"><\/i>\t\t\t\t\t\t\t\t<\/span>\n\t\t\t\t\t\t\t\t\t\t\t\t\t\t\t\t\t\t\t\t\t\t<span class='pp-accordion-toggle-icon-open pp-icon'>\n\t\t\t\t\t\t\t\t\t<i aria-hidden=\"true\" class=\"fas fa-minus\"><\/i>\t\t\t\t\t\t\t\t<\/span>\n\t\t\t\t\t\t\t\t\t\t\t\t\t<\/div>\n\t\t\t\t\t\t\t\t\t<\/div>\n\n\t\t\t\t<div id=\"pp-accordion-tab-content-1738\" class=\"pp-faq-answer pp-accordion-tab-content\" data-tab=\"8\">\n\t\t\t\t\t<p>R\u00e9pondre \u00e0 cette question n\u00e9cessite d\u2019avoir des informations plus pr\u00e9cises sur ce qui a \u00e9t\u00e9 tent\u00e9 afin que votre point de vue soit pris en consid\u00e9ration sachant que pour autant, \u00ab\u00a0prendre en consid\u00e9ration\u00a0\u00bb ne veut pas dire \u00eatre d\u2019accord ou suivre les recommandations \u00e9nonc\u00e9es par vous<\/p>\n<p>Avez-vous sollicit\u00e9 un entretien en mentionnant explicitement que vous souhaitiez faire part de votre point de vue\u00a0aux professionnels de la sant\u00e9? Avez-vous fait part de vos inqui\u00e9tudes et de votre point de vue \u00e0 votre proche\u00a0malade ? Avez-vous r\u00e9dig\u00e9 un document ou \u00e9crit un mail en faisant part de votre point de vue au professionnel de la sant\u00e9 concern\u00e9? Avez-vous sollicit\u00e9 \u00e0 un deuxi\u00e8me avis \u00e9manant d\u2019un autre professionnel ou expert de la m\u00eame comp\u00e9tence\u00a0? Avez-vous recueilli l\u2019avis d\u2019instances \u00e9tablissant des recommandations reconnues\u00a0? etc\u2026<\/p>\n<p>Ensuite, il peut \u00eatre int\u00e9ressant de vous sonder personnellement afin de savoir tout ce que cela vous permettrait de satisfaire chez vous et, ce que vous croyez que cela satisferait chez votre proche malade, que votre point de vue soit pris en consid\u00e9ration. Parfois, il peut \u00eatre n\u00e9cessaire de demander de l\u2019aide pour r\u00e9aliser ce travail. N\u2019h\u00e9sitez pas \u00e0 contacter un psychologue ou votre m\u00e9decin traitant pour vous aider \u00e0 \u00e9claircir cette question.<\/p>\n<p>Par ailleurs, un des principes fondamentaux du syst\u00e8me de soins est la libert\u00e9 th\u00e9rapeutique. Le patient a le choix de son th\u00e9rapeute, Ceci signifie que vous pourriez tr\u00e8s bien proposer \u00e0 votre proche de trouver un professionnel plus \u00e0 l\u2019\u00e9coute selon vos crit\u00e8res \u00e0 vous, si les modalit\u00e9s de traitement ne vous conviennent pas.<\/p>\n\t\t\t\t<\/div>\n\t\t\t<\/div>\n\t\t\t\t\t\t<div class=\"pp-faq-item elementor-grid-item pp-accordion-item\">\n\t\t\t\t<div id=\"pp-accordion-tab-title-1739\" class=\"pp-faq-question pp-accordion-tab-title\" tabindex=\"0\" data-tab=\"9\">\n\t\t\t\t\t<div class=\"pp-accordion-title-icon\">\n\t\t\t\t\t\t\t\t\t\t\t\t\t\t\t\t\t\t<div class=\"pp-accordion-title-text\">\n\t\t\t\t\t\t\tEst-ce que le diagnostic de maladie mentale qui a \u00e9t\u00e9 pos\u00e9 a une valeur scientifique ?\t\t\t\t\t\t<\/div>\n\t\t\t\t\t<\/div>\n\t\t\t\t\t\t\t\t\t\t\t<div class=\"pp-accordion-toggle-icon\">\n\t\t\t\t\t\t\t\t\t\t\t\t\t\t\t<span class='pp-accordion-toggle-icon-close pp-icon'>\n\t\t\t\t\t\t\t\t\t<i aria-hidden=\"true\" class=\"fas fa-plus\"><\/i>\t\t\t\t\t\t\t\t<\/span>\n\t\t\t\t\t\t\t\t\t\t\t\t\t\t\t\t\t\t\t\t\t\t<span class='pp-accordion-toggle-icon-open pp-icon'>\n\t\t\t\t\t\t\t\t\t<i aria-hidden=\"true\" class=\"fas fa-minus\"><\/i>\t\t\t\t\t\t\t\t<\/span>\n\t\t\t\t\t\t\t\t\t\t\t\t\t<\/div>\n\t\t\t\t\t\t\t\t\t<\/div>\n\n\t\t\t\t<div id=\"pp-accordion-tab-content-1739\" class=\"pp-faq-answer pp-accordion-tab-content\" data-tab=\"9\">\n\t\t\t\t\t<p>Qu\u2019est-ce qu\u2019une valeur scientifique\u00a0? La notion de valeur, telle que pos\u00e9e dans cette question, nous semble proche de celles de \u00ab\u00a0pertinence\u00a0\u00bb, de \u00ab\u00a0reconnaissance\u00a0\u00bb, voire de \u00ab\u00a0v\u00e9rit\u00e9\u00a0\u00bb\u00a0? Quant \u00e0 la notion de \u00ab\u00a0science\u00a0\u00bb, le dictionnaire Larousse la d\u00e9finit comme un \u00ab\u00a0ensemble coh\u00e9rent de connaissances relatives \u00e0 certaines cat\u00e9gories de faits, d&#8217;objets ou de ph\u00e9nom\u00e8nes ob\u00e9issant \u00e0 des lois et\/ou v\u00e9rifi\u00e9s par les m\u00e9thodes exp\u00e9rimentales\u00a0\u00bb.<\/p>\n<p>Ces notions et, particuli\u00e8rement dans le domaine de la sant\u00e9 mentale, apparaissent comme mouvantes, changeantes en fonction des \u00e9poques, des cultures, des th\u00e9ories et des lieux donn\u00e9s. Si la valeur scientifique d\u2019un diagnostic en sant\u00e9 mentale en tant que telle est sujette \u00e0 critique et \u00e9volue dans le temps, la cons\u00e9quence op\u00e9rationnelle directe est que le diagnostic l\u2019est aussi.<\/p>\n<p>De plus, si \u00ab\u00a0valeur\u00a0\u00bb ne signifie pas \u00ab\u00a0v\u00e9rit\u00e9\u00a0\u00bb, sa signification peut tout de m\u00eame approcher celle de reconnaissance (par ses utilisateurs et par la communaut\u00e9 scientifique qui l\u2019a produite). Quant \u00e0 la pertinence, il reste \u00e0 observer les effets de leviers cliniques que le diagnostic permet ou non, car la premi\u00e8re fonction d\u2019un diagnostic en sant\u00e9 mentale reste tout de m\u00eamede faciliter le traitement par le praticien.<\/p>\n<p>Nous pouvons donc dire que le diagnostic en sant\u00e9 mentale rev\u00eat un statut plus al\u00e9atoire que d\u2019autres types de diagnostics m\u00e9dicaux, au moins en ceci que l\u2019identification de la nature et des causes des difficult\u00e9s, troubles, maladies ne sont pas guid\u00e9es par les m\u00eames indicateurs ni les m\u00eames observations cliniques qui tiennent compte implicitement des pr\u00e9misses th\u00e9oriques du praticien. La question m\u00eame de la d\u00e9finition d\u2019un trouble mental reste actuellement en d\u00e9bat. Ainsi la valeur scientifique n\u2019est selon nous pas du m\u00eame ordre, car elle n\u2019offre pas les m\u00eames garanties que pour d\u2019autres sciences tels que la physique ou la chimie par exemple..<\/p>\n<p>Pour exemple, le manuel du DSM<a title=\"\" href=\"https:\/\/platformbxl.brussels\/fr\/faq#_ftn1\">[1]<\/a>, aujourd\u2019hui \u00e0 sa 5<sup>e<\/sup>\u00a0\u00e9dition, fut construit par les membres de\u00a0 l\u2019American Psychiatry Association dans un contexte militaire et avec pour principal objectif de faciliter la communication entre psychiatres. \u00a0Cependant, nous rappelons que que le diagnostic en sant\u00e9 mentale est somme toute tr\u00e8s relatif. Lhomosexualit\u00e9, par exemple, se trouvait reprise parmi les troubles mentaux du DSM jusqu\u2019en 1982\u2026<\/p>\n<p>Cependant, si la valeur scientifique est relative, les effets de ces cat\u00e9gories nosographiques sont r\u00e9els\u00a0: ils ont des r\u00e9percussions sur les remboursements divers, sur l\u2019obtention d\u2019un permis de conduire, sur l\u2019adoption d\u2019un enfant ou sur l\u2019acquisition d\u2019un statut social particulier pouvant conduire \u00e0 l\u2019exon\u00e9ration de ses responsabilit\u00e9s civiles et p\u00e9nales. (Lire \u00e0 ce sujet les \u00e9crits d\u2019A. Frances<a title=\"\" href=\"https:\/\/platformbxl.brussels\/fr\/faq#_ftn2\">[2]<\/a>\u00a0ou Jean-Jacques Wittezaele<a title=\"\" href=\"https:\/\/platformbxl.brussels\/fr\/faq#_ftn3\">[3]<\/a>).<\/p>\n<p>(Et ne perdons pas de vue, que la premi\u00e8re fonction d\u2019un diagnostic en sant\u00e9 mentale est de faciliter le traitement et d\u2019am\u00e9liorer la qualit\u00e9 de vie du syst\u00e8me familial).<\/p>\n<p>\u00a0<\/p>\n<p><a title=\"\" href=\"https:\/\/platformbxl.brussels\/fr\/faq#_ftnref1\">[1]<\/a>\u00a0DSM est l\u2019Abr\u00e9viation de \u00ab\u00a0diagnostic and statistical manual of mental disorders\u00a0\u00bb (ou \u00ab\u00a0manuel diagnostic et statistique des troubles mentaux\u00a0\u00bb). Il existe \u00e9galement\u00a0 la CIM (11<sup>e<\/sup>\u00a0\u00e9dition) ou classification internationale des maladies.<\/p>\n<p><a title=\"\" href=\"https:\/\/platformbxl.brussels\/fr\/faq#_ftnref2\">[2]<\/a>\u00a0A.Frances, \u00ab\u00a0La psychiatrie est en d\u00e9rapage incontr\u00f4l\u00e9\u00a0\u00bb, le Nouvel Observateur, 9 mai 2013.<\/p>\n<p><a title=\"\" href=\"https:\/\/platformbxl.brussels\/fr\/faq#_ftnref3\">[3]<\/a>\u00a0J.-J.Wittezaele et G. Nardone, \u00ab\u00a0Une logique des troubles mentaux\u00a0\u00bb, Domaines Psy, Seuil, 2016<\/p>\n\t\t\t\t<\/div>\n\t\t\t<\/div>\n\t\t\t\t\t\t<div class=\"pp-faq-item elementor-grid-item pp-accordion-item\">\n\t\t\t\t<div id=\"pp-accordion-tab-title-17310\" class=\"pp-faq-question pp-accordion-tab-title\" tabindex=\"0\" data-tab=\"10\">\n\t\t\t\t\t<div class=\"pp-accordion-title-icon\">\n\t\t\t\t\t\t\t\t\t\t\t\t\t\t\t\t\t\t<div class=\"pp-accordion-title-text\">\n\t\t\t\t\t\t\tEst-ce que le diagnostic de maladie mentale qui a \u00e9t\u00e9 pos\u00e9 a une validit\u00e9 scientifique ?\t\t\t\t\t\t<\/div>\n\t\t\t\t\t<\/div>\n\t\t\t\t\t\t\t\t\t\t\t<div class=\"pp-accordion-toggle-icon\">\n\t\t\t\t\t\t\t\t\t\t\t\t\t\t\t<span class='pp-accordion-toggle-icon-close pp-icon'>\n\t\t\t\t\t\t\t\t\t<i aria-hidden=\"true\" class=\"fas fa-plus\"><\/i>\t\t\t\t\t\t\t\t<\/span>\n\t\t\t\t\t\t\t\t\t\t\t\t\t\t\t\t\t\t\t\t\t\t<span class='pp-accordion-toggle-icon-open pp-icon'>\n\t\t\t\t\t\t\t\t\t<i aria-hidden=\"true\" class=\"fas fa-minus\"><\/i>\t\t\t\t\t\t\t\t<\/span>\n\t\t\t\t\t\t\t\t\t\t\t\t\t<\/div>\n\t\t\t\t\t\t\t\t\t<\/div>\n\n\t\t\t\t<div id=\"pp-accordion-tab-content-17310\" class=\"pp-faq-answer pp-accordion-tab-content\" data-tab=\"10\">\n\t\t\t\t\t<p>Dans les diff\u00e9rentes m\u00e9thodes de recherche scientifique qu\u2019elles soient hypoth\u00e9tico-d\u00e9ductive, inductive ou empirique, on teste la validit\u00e9 d\u2019une id\u00e9e, en formulant des hypoth\u00e8ses sur un sujet, par exp\u00e9rimentation et\/ou observation. La validit\u00e9<a title=\"\" href=\"https:\/\/platformbxl.brussels\/fr\/faq#_ftn1\">[1]<\/a>\u00a0d\u2019une exp\u00e9rimentation est d\u00e9finie par le fait, qu\u2019elle mesure bien ce qu\u2019elle est sens\u00e9e mesurer et, elle est aussi le r\u00e9sultat final d\u2019un ensemble de proc\u00e9dures de validation faisant concourir diff\u00e9rents types de crit\u00e8res qui permettent d\u2019\u00e9valuer la solidit\u00e9 d\u2019une exp\u00e9rimentation.<\/p>\n<p>Nous savons tous que la notion de fiabilit\u00e9 d\u2019une exp\u00e9rimentation est essentielle, \u00e0 la fois \u00e0 l\u2019acceptation d\u2019une hypoth\u00e8se par la communaut\u00e9 scientifique et au concept de validit\u00e9.<\/p>\n<p>La notion de \u00ab\u00a0fiabilit\u00e9\u00a0\u00bb est d\u00e9finie par le fait que les r\u00e9sultats doivent \u00eatre reproductibles. Ceci signifie que dans les m\u00eames conditions, d\u2019autres chercheurs doivent arriver aux m\u00eames r\u00e9sultats.\u00a0<\/p>\n<p>Or, on sait que le jugement humain interf\u00e8re avec la notion de fiabilit\u00e9 donc, les exp\u00e9riences pour lesquelles le jugement humain est incontournable sont moins facilement fiables et donc valides.<\/p>\n<p>Ces diff\u00e9rents constats laissent entrevoir que la question de la validit\u00e9 scientifique du diagnostic de maladie mentale n\u2019est pas d\u00e9termin\u00e9e de mani\u00e8re aussi limpide et solide que dans d\u2019autres types d\u2019exp\u00e9rimentation scientifique.<\/p>\n<p>Le diagnostic en sant\u00e9 mentale permet avant tout de s\u2019appuyer sur une s\u00e9rie de rep\u00e8res cliniques permettant d\u2019orienter la prise en charge et de faciliter le traitement par le praticien.<\/p>\n<p>\u00a0<\/p>\n<p><a title=\"\" href=\"https:\/\/platformbxl.brussels\/fr\/faq#_ftnref1\">[1]<\/a>\u00a0Pour une d\u00e9finition compl\u00e8te de la notion de validit\u00e9 ou de fiabilit\u00e9, on pourra lire les articles correspondant dans le \u00ab\u00a0Dictionnaire de Psychologie\u00a0\u00bb, R.Doron et F. Parot, 1998<\/p>\n\t\t\t\t<\/div>\n\t\t\t<\/div>\n\t\t\t\t\t<\/div>\n\t\t\t\t\t\t<\/div>\n\t\t\t\t<\/div>\n\t\t\t\t<div class=\"elementor-element elementor-element-fb321d3 elementor-widget elementor-widget-text-editor\" data-id=\"fb321d3\" data-element_type=\"widget\" data-e-type=\"widget\" data-widget_type=\"text-editor.default\">\n\t\t\t\t<div class=\"elementor-widget-container\">\n\t\t\t\t\t\t\t\t\t<p>R\u00e9f\u00e9rences de la FAQ : <a href=\"https:\/\/platformbxl.brussels\/fr\/faq\" target=\"_blank\" rel=\"noopener\">Plateforme Bruxelloise pour la Sant\u00e9 mentale<\/a><\/p>\t\t\t\t\t\t\t\t<\/div>\n\t\t\t\t<\/div>\n\t\t\t\t\t<\/div>\n\t\t<\/div>\n\t\t\t\t\t<\/div>\n\t\t<\/section>\n\t\t\t\t<\/div>\n\t\t","protected":false},"excerpt":{"rendered":"<p>Le comportement d\u2019un de mes proches m\u2019inqui\u00e8te \u2013 que faire ? Votre proche affiche des comportements qui sont associ\u00e9s les uns aux autres et qui vous semblent \u00e9tranges depuis plusieurs semaines et que vous n\u2019arrivez plus \u00e0 le reconna\u00eetre, il est important d\u2019encourager cette personne \u00e0 \u00a0consulter si\u00a0: Elle n\u2019arrive plus \u00e0 s\u2019alimenter comme d\u2019habitude, [&hellip;]<\/p>\n","protected":false},"author":2,"featured_media":0,"parent":0,"menu_order":8,"comment_status":"closed","ping_status":"closed","template":"","meta":{"give_campaign_id":0,"footnotes":""},"class_list":["post-1407","page","type-page","status-publish","hentry"],"yoast_head":"<!-- This site is optimized with the Yoast SEO plugin v27.5 - https:\/\/yoast.com\/product\/yoast-seo-wordpress\/ -->\n<title>FAQ - Similes Bruxelles<\/title>\n<meta name=\"robots\" content=\"index, follow, max-snippet:-1, max-image-preview:large, max-video-preview:-1\" \/>\n<link rel=\"canonical\" href=\"https:\/\/similes.brussels\/nl\/faq\/\" \/>\n<meta property=\"og:locale\" content=\"nl_BE\" \/>\n<meta property=\"og:type\" content=\"article\" \/>\n<meta property=\"og:title\" content=\"FAQ - Similes Bruxelles\" \/>\n<meta property=\"og:description\" content=\"Le comportement d\u2019un de mes proches m\u2019inqui\u00e8te \u2013 que faire ? Votre proche affiche des comportements qui sont associ\u00e9s les uns aux autres et qui vous semblent \u00e9tranges depuis plusieurs semaines et que vous n\u2019arrivez plus \u00e0 le reconna\u00eetre, il est important d\u2019encourager cette personne \u00e0 \u00a0consulter si\u00a0: Elle n\u2019arrive plus \u00e0 s\u2019alimenter comme d\u2019habitude, [&hellip;]\" \/>\n<meta property=\"og:url\" content=\"https:\/\/similes.brussels\/nl\/faq\/\" \/>\n<meta property=\"og:site_name\" content=\"Similes Bruxelles\" \/>\n<meta property=\"article:publisher\" content=\"https:\/\/www.facebook.com\/Similes-Bruxelles-306957199759906\/\" \/>\n<meta property=\"article:modified_time\" content=\"2025-02-13T16:19:10+00:00\" \/>\n<meta name=\"twitter:card\" content=\"summary_large_image\" \/>\n<meta name=\"twitter:label1\" content=\"Geschatte leestijd\" \/>\n\t<meta name=\"twitter:data1\" content=\"15 minuten\" \/>\n<script type=\"application\/ld+json\" class=\"yoast-schema-graph\">{\"@context\":\"https:\\\/\\\/schema.org\",\"@graph\":[{\"@type\":\"WebPage\",\"@id\":\"https:\\\/\\\/similes.brussels\\\/faq\\\/\",\"url\":\"https:\\\/\\\/similes.brussels\\\/faq\\\/\",\"name\":\"FAQ - Similes Bruxelles\",\"isPartOf\":{\"@id\":\"https:\\\/\\\/similes.brussels\\\/#website\"},\"datePublished\":\"2022-03-21T18:10:56+00:00\",\"dateModified\":\"2025-02-13T16:19:10+00:00\",\"breadcrumb\":{\"@id\":\"https:\\\/\\\/similes.brussels\\\/faq\\\/#breadcrumb\"},\"inLanguage\":\"nl-BE\",\"potentialAction\":[{\"@type\":\"ReadAction\",\"target\":[\"https:\\\/\\\/similes.brussels\\\/faq\\\/\"]}]},{\"@type\":\"BreadcrumbList\",\"@id\":\"https:\\\/\\\/similes.brussels\\\/faq\\\/#breadcrumb\",\"itemListElement\":[{\"@type\":\"ListItem\",\"position\":1,\"name\":\"Accueil\",\"item\":\"https:\\\/\\\/similes.brussels\\\/\"},{\"@type\":\"ListItem\",\"position\":2,\"name\":\"FAQ\"}]},{\"@type\":\"WebSite\",\"@id\":\"https:\\\/\\\/similes.brussels\\\/#website\",\"url\":\"https:\\\/\\\/similes.brussels\\\/\",\"name\":\"Similes Bruxelles\",\"description\":\"Vous n&#039;\u00eates pas seuls!\",\"publisher\":{\"@id\":\"https:\\\/\\\/similes.brussels\\\/#organization\"},\"potentialAction\":[{\"@type\":\"SearchAction\",\"target\":{\"@type\":\"EntryPoint\",\"urlTemplate\":\"https:\\\/\\\/similes.brussels\\\/?s={search_term_string}\"},\"query-input\":{\"@type\":\"PropertyValueSpecification\",\"valueRequired\":true,\"valueName\":\"search_term_string\"}}],\"inLanguage\":\"nl-BE\"},{\"@type\":\"Organization\",\"@id\":\"https:\\\/\\\/similes.brussels\\\/#organization\",\"name\":\"Similes Bruxelles\",\"url\":\"https:\\\/\\\/similes.brussels\\\/\",\"logo\":{\"@type\":\"ImageObject\",\"inLanguage\":\"nl-BE\",\"@id\":\"https:\\\/\\\/similes.brussels\\\/#\\\/schema\\\/logo\\\/image\\\/\",\"url\":\"https:\\\/\\\/similes.brussels\\\/wp-content\\\/uploads\\\/2022\\\/01\\\/Capture-de\u0301cran-254.png\",\"contentUrl\":\"https:\\\/\\\/similes.brussels\\\/wp-content\\\/uploads\\\/2022\\\/01\\\/Capture-de\u0301cran-254.png\",\"width\":1756,\"height\":1624,\"caption\":\"Similes Bruxelles\"},\"image\":{\"@id\":\"https:\\\/\\\/similes.brussels\\\/#\\\/schema\\\/logo\\\/image\\\/\"},\"sameAs\":[\"https:\\\/\\\/www.facebook.com\\\/Similes-Bruxelles-306957199759906\\\/\"]}]}<\/script>\n<!-- \/ Yoast SEO plugin. -->","yoast_head_json":{"title":"FAQ - Vergelijkingen Brussel","robots":{"index":"index","follow":"follow","max-snippet":"max-snippet:-1","max-image-preview":"max-image-preview:large","max-video-preview":"max-video-preview:-1"},"canonical":"https:\/\/similes.brussels\/nl\/faq\/","og_locale":"nl_BE","og_type":"article","og_title":"FAQ - Similes Bruxelles","og_description":"Le comportement d\u2019un de mes proches m\u2019inqui\u00e8te \u2013 que faire ? Votre proche affiche des comportements qui sont associ\u00e9s les uns aux autres et qui vous semblent \u00e9tranges depuis plusieurs semaines et que vous n\u2019arrivez plus \u00e0 le reconna\u00eetre, il est important d\u2019encourager cette personne \u00e0 \u00a0consulter si\u00a0: Elle n\u2019arrive plus \u00e0 s\u2019alimenter comme d\u2019habitude, [&hellip;]","og_url":"https:\/\/similes.brussels\/nl\/faq\/","og_site_name":"Similes Bruxelles","article_publisher":"https:\/\/www.facebook.com\/Similes-Bruxelles-306957199759906\/","article_modified_time":"2025-02-13T16:19:10+00:00","twitter_card":"summary_large_image","twitter_misc":{"Geschatte leestijd":"15 minuten"},"schema":{"@context":"https:\/\/schema.org","@graph":[{"@type":"WebPage","@id":"https:\/\/similes.brussels\/faq\/","url":"https:\/\/similes.brussels\/faq\/","name":"FAQ - Vergelijkingen Brussel","isPartOf":{"@id":"https:\/\/similes.brussels\/#website"},"datePublished":"2022-03-21T18:10:56+00:00","dateModified":"2025-02-13T16:19:10+00:00","breadcrumb":{"@id":"https:\/\/similes.brussels\/faq\/#breadcrumb"},"inLanguage":"nl-BE","potentialAction":[{"@type":"ReadAction","target":["https:\/\/similes.brussels\/faq\/"]}]},{"@type":"BreadcrumbList","@id":"https:\/\/similes.brussels\/faq\/#breadcrumb","itemListElement":[{"@type":"ListItem","position":1,"name":"Accueil","item":"https:\/\/similes.brussels\/"},{"@type":"ListItem","position":2,"name":"FAQ"}]},{"@type":"WebSite","@id":"https:\/\/similes.brussels\/#website","url":"https:\/\/similes.brussels\/","name":"Similes Brussel","description":"Je bent niet alleen!","publisher":{"@id":"https:\/\/similes.brussels\/#organization"},"potentialAction":[{"@type":"SearchAction","target":{"@type":"EntryPoint","urlTemplate":"https:\/\/similes.brussels\/?s={search_term_string}"},"query-input":{"@type":"PropertyValueSpecification","valueRequired":true,"valueName":"search_term_string"}}],"inLanguage":"nl-BE"},{"@type":"Organization","@id":"https:\/\/similes.brussels\/#organization","name":"Similes Brussel","url":"https:\/\/similes.brussels\/","logo":{"@type":"ImageObject","inLanguage":"nl-BE","@id":"https:\/\/similes.brussels\/#\/schema\/logo\/image\/","url":"https:\/\/similes.brussels\/wp-content\/uploads\/2022\/01\/Capture-de\u0301cran-254.png","contentUrl":"https:\/\/similes.brussels\/wp-content\/uploads\/2022\/01\/Capture-de\u0301cran-254.png","width":1756,"height":1624,"caption":"Similes Bruxelles"},"image":{"@id":"https:\/\/similes.brussels\/#\/schema\/logo\/image\/"},"sameAs":["https:\/\/www.facebook.com\/Similes-Bruxelles-306957199759906\/"]}]}},"campaignId":"","_links":{"self":[{"href":"https:\/\/similes.brussels\/nl\/wp-json\/wp\/v2\/pages\/1407","targetHints":{"allow":["GET"]}}],"collection":[{"href":"https:\/\/similes.brussels\/nl\/wp-json\/wp\/v2\/pages"}],"about":[{"href":"https:\/\/similes.brussels\/nl\/wp-json\/wp\/v2\/types\/page"}],"author":[{"embeddable":true,"href":"https:\/\/similes.brussels\/nl\/wp-json\/wp\/v2\/users\/2"}],"replies":[{"embeddable":true,"href":"https:\/\/similes.brussels\/nl\/wp-json\/wp\/v2\/comments?post=1407"}],"version-history":[{"count":5,"href":"https:\/\/similes.brussels\/nl\/wp-json\/wp\/v2\/pages\/1407\/revisions"}],"predecessor-version":[{"id":1721,"href":"https:\/\/similes.brussels\/nl\/wp-json\/wp\/v2\/pages\/1407\/revisions\/1721"}],"wp:attachment":[{"href":"https:\/\/similes.brussels\/nl\/wp-json\/wp\/v2\/media?parent=1407"}],"curies":[{"name":"wp","href":"https:\/\/api.w.org\/{rel}","templated":true}]}}