{"id":153,"date":"2021-10-19T16:24:17","date_gmt":"2021-10-19T15:24:50","guid":{"rendered":"https:\/\/demop.netbaz.be\/2021\/similes\/about\/"},"modified":"2025-09-03T13:59:13","modified_gmt":"2025-09-03T12:59:13","slug":"qui-sommes-nous","status":"publish","type":"page","link":"https:\/\/similes.brussels\/nl\/qui-sommes-nous\/","title":{"rendered":"Wie zijn we ?"},"content":{"rendered":"<div data-elementor-type=\"wp-page\" data-elementor-id=\"153\" class=\"elementor elementor-153\" data-elementor-post-type=\"page\">\n\t\t\t\t\t\t<section class=\"elementor-section elementor-top-section elementor-element elementor-element-cd4a6b8 elementor-section-full_width elementor-section-height-min-height elementor-section-items-stretch elementor-section-content-middle elementor-reverse-mobile elementor-section-height-default\" data-id=\"cd4a6b8\" data-element_type=\"section\" data-e-type=\"section\" data-settings=\"{&quot;background_background&quot;:&quot;classic&quot;}\">\n\t\t\t\t\t\t<div class=\"elementor-container elementor-column-gap-default\">\n\t\t\t\t\t<div class=\"elementor-column elementor-col-50 elementor-top-column elementor-element elementor-element-1c7a9f8\" data-id=\"1c7a9f8\" data-element_type=\"column\" data-e-type=\"column\" data-settings=\"{&quot;background_background&quot;:&quot;classic&quot;}\">\n\t\t\t<div class=\"elementor-widget-wrap elementor-element-populated\">\n\t\t\t\t\t\t<div class=\"elementor-element elementor-element-e497686 elementor-widget elementor-widget-spacer\" data-id=\"e497686\" data-element_type=\"widget\" data-e-type=\"widget\" data-widget_type=\"spacer.default\">\n\t\t\t\t<div class=\"elementor-widget-container\">\n\t\t\t\t\t\t\t<div class=\"elementor-spacer\">\n\t\t\t<div class=\"elementor-spacer-inner\"><\/div>\n\t\t<\/div>\n\t\t\t\t\t\t<\/div>\n\t\t\t\t<\/div>\n\t\t\t\t<div class=\"elementor-element elementor-element-8eb8c0e elementor-widget elementor-widget-text-editor\" data-id=\"8eb8c0e\" data-element_type=\"widget\" data-e-type=\"widget\" data-widget_type=\"text-editor.default\">\n\t\t\t\t<div class=\"elementor-widget-container\">\n\t\t\t\t\t\t\t\t\t<p><b>Wie zijn we ?<\/b><\/p>\t\t\t\t\t\t\t\t<\/div>\n\t\t\t\t<\/div>\n\t\t\t\t<div class=\"elementor-element elementor-element-359a175 elementor-widget elementor-widget-text-editor\" data-id=\"359a175\" data-element_type=\"widget\" data-e-type=\"widget\" data-widget_type=\"text-editor.default\">\n\t\t\t\t<div class=\"elementor-widget-container\">\n\t\t\t\t\t\t\t\t\t<p><strong>Similes Brussel VZW<\/strong>, opgericht in 1968, op initiatief van de families en verwanten van mensen die lijden aan of lijden aan een psychische stoornis, is de pionier van de VZW SIMILES in Belgi\u00eb.<\/p>\t\t\t\t\t\t\t\t<\/div>\n\t\t\t\t<\/div>\n\t\t\t\t<div class=\"elementor-element elementor-element-cce5358 elementor-widget__width-auto elementor-absolute elementor-align-center elementor-widget elementor-widget-lottie\" data-id=\"cce5358\" data-element_type=\"widget\" data-e-type=\"widget\" data-settings=\"{&quot;source_json&quot;:{&quot;url&quot;:&quot;https:\\\/\\\/similes.brussels\\\/wp-content\\\/uploads\\\/2021\\\/11\\\/scroll-red.json&quot;,&quot;id&quot;:368,&quot;size&quot;:&quot;&quot;,&quot;alt&quot;:&quot;&quot;,&quot;source&quot;:&quot;library&quot;},&quot;loop&quot;:&quot;yes&quot;,&quot;_position&quot;:&quot;absolute&quot;,&quot;source&quot;:&quot;media_file&quot;,&quot;caption_source&quot;:&quot;none&quot;,&quot;link_to&quot;:&quot;none&quot;,&quot;trigger&quot;:&quot;arriving_to_viewport&quot;,&quot;viewport&quot;:{&quot;unit&quot;:&quot;%&quot;,&quot;size&quot;:&quot;&quot;,&quot;sizes&quot;:{&quot;start&quot;:0,&quot;end&quot;:100}},&quot;play_speed&quot;:{&quot;unit&quot;:&quot;px&quot;,&quot;size&quot;:1,&quot;sizes&quot;:[]},&quot;start_point&quot;:{&quot;unit&quot;:&quot;%&quot;,&quot;size&quot;:0,&quot;sizes&quot;:[]},&quot;end_point&quot;:{&quot;unit&quot;:&quot;%&quot;,&quot;size&quot;:100,&quot;sizes&quot;:[]},&quot;renderer&quot;:&quot;svg&quot;}\" data-widget_type=\"lottie.default\">\n\t\t\t\t<div class=\"elementor-widget-container\">\n\t\t\t\t\t<div class=\"e-lottie__container\"><div class=\"e-lottie__animation\"><\/div><\/div>\t\t\t\t<\/div>\n\t\t\t\t<\/div>\n\t\t\t\t\t<\/div>\n\t\t<\/div>\n\t\t\t\t<div class=\"elementor-column elementor-col-50 elementor-top-column elementor-element elementor-element-05bc490 elementor-hidden-mobile\" data-id=\"05bc490\" data-element_type=\"column\" data-e-type=\"column\" data-settings=\"{&quot;background_background&quot;:&quot;classic&quot;}\">\n\t\t\t<div class=\"elementor-widget-wrap elementor-element-populated\">\n\t\t\t\t\t<div class=\"elementor-background-overlay\"><\/div>\n\t\t\t\t\t\t<div class=\"elementor-element elementor-element-fcc6356 elementor-widget elementor-widget-spacer\" data-id=\"fcc6356\" data-element_type=\"widget\" data-e-type=\"widget\" data-widget_type=\"spacer.default\">\n\t\t\t\t<div class=\"elementor-widget-container\">\n\t\t\t\t\t\t\t<div class=\"elementor-spacer\">\n\t\t\t<div class=\"elementor-spacer-inner\"><\/div>\n\t\t<\/div>\n\t\t\t\t\t\t<\/div>\n\t\t\t\t<\/div>\n\t\t\t\t<div class=\"elementor-element elementor-element-35b7328 elementor-widget elementor-widget-spacer\" data-id=\"35b7328\" data-element_type=\"widget\" data-e-type=\"widget\" data-widget_type=\"spacer.default\">\n\t\t\t\t<div class=\"elementor-widget-container\">\n\t\t\t\t\t\t\t<div class=\"elementor-spacer\">\n\t\t\t<div class=\"elementor-spacer-inner\"><\/div>\n\t\t<\/div>\n\t\t\t\t\t\t<\/div>\n\t\t\t\t<\/div>\n\t\t\t\t\t<\/div>\n\t\t<\/div>\n\t\t\t\t\t<\/div>\n\t\t<\/section>\n\t\t\t\t<section class=\"elementor-section elementor-top-section elementor-element elementor-element-3b03673 elementor-section-content-middle elementor-reverse-tablet elementor-reverse-mobile elementor-section-height-min-height elementor-section-items-bottom elementor-section-boxed elementor-section-height-default\" data-id=\"3b03673\" data-element_type=\"section\" data-e-type=\"section\">\n\t\t\t\t\t\t<div class=\"elementor-container elementor-column-gap-default\">\n\t\t\t\t\t<div class=\"elementor-column elementor-col-100 elementor-top-column elementor-element elementor-element-3fdeecf\" data-id=\"3fdeecf\" data-element_type=\"column\" data-e-type=\"column\" data-settings=\"{&quot;background_background&quot;:&quot;classic&quot;}\">\n\t\t\t<div class=\"elementor-widget-wrap elementor-element-populated\">\n\t\t\t\t\t\t<div class=\"elementor-element elementor-element-ebdbbfd elementor-widget elementor-widget-heading\" data-id=\"ebdbbfd\" data-element_type=\"widget\" data-e-type=\"widget\" data-widget_type=\"heading.default\">\n\t\t\t\t<div class=\"elementor-widget-container\">\n\t\t\t\t\t<h2 class=\"elementor-heading-title elementor-size-default\">Wat zijn onze missies?<\/h2>\t\t\t\t<\/div>\n\t\t\t\t<\/div>\n\t\t\t\t<div class=\"elementor-element elementor-element-9fffecf elementor-widget elementor-widget-text-editor\" data-id=\"9fffecf\" data-element_type=\"widget\" data-e-type=\"widget\" data-widget_type=\"text-editor.default\">\n\t\t\t\t<div class=\"elementor-widget-container\">\n\t\t\t\t\t\t\t\t\t<p>Similes wordt ondersteund door COCOF, COCOM en Actiris om verschillende missies uit te voeren.<\/p>\t\t\t\t\t\t\t\t<\/div>\n\t\t\t\t<\/div>\n\t\t\t\t\t<\/div>\n\t\t<\/div>\n\t\t\t\t\t<\/div>\n\t\t<\/section>\n\t\t\t\t<section class=\"elementor-section elementor-top-section elementor-element elementor-element-4b399af elementor-section-content-middle elementor-section-boxed elementor-section-height-default elementor-section-height-default\" data-id=\"4b399af\" data-element_type=\"section\" data-e-type=\"section\">\n\t\t\t\t\t\t<div class=\"elementor-container elementor-column-gap-default\">\n\t\t\t\t\t<div class=\"elementor-column elementor-col-33 elementor-top-column elementor-element elementor-element-1d1e92b\" data-id=\"1d1e92b\" data-element_type=\"column\" data-e-type=\"column\" data-settings=\"{&quot;background_background&quot;:&quot;classic&quot;}\">\n\t\t\t<div class=\"elementor-widget-wrap elementor-element-populated\">\n\t\t\t\t\t\t<div class=\"elementor-element elementor-element-0bb1fa3 elementor-view-stacked elementor-shape-circle elementor-widget elementor-widget-icon\" data-id=\"0bb1fa3\" data-element_type=\"widget\" data-e-type=\"widget\" data-widget_type=\"icon.default\">\n\t\t\t\t<div class=\"elementor-widget-container\">\n\t\t\t\t\t\t\t<div class=\"elementor-icon-wrapper\">\n\t\t\t<div class=\"elementor-icon\">\n\t\t\t<i aria-hidden=\"true\" class=\"fas fa-user-friends\"><\/i>\t\t\t<\/div>\n\t\t<\/div>\n\t\t\t\t\t\t<\/div>\n\t\t\t\t<\/div>\n\t\t\t\t<div class=\"elementor-element elementor-element-bf51b78 elementor-widget elementor-widget-text-editor\" data-id=\"bf51b78\" data-element_type=\"widget\" data-e-type=\"widget\" data-widget_type=\"text-editor.default\">\n\t\t\t\t<div class=\"elementor-widget-container\">\n\t\t\t\t\t\t\t\t\t<p><strong>welkom, luister<\/strong> families en naasten van mensen met een psychische stoornis rondom ondersteunende activiteiten in het veld<\/p>\t\t\t\t\t\t\t\t<\/div>\n\t\t\t\t<\/div>\n\t\t\t\t\t<\/div>\n\t\t<\/div>\n\t\t\t\t<div class=\"elementor-column elementor-col-33 elementor-top-column elementor-element elementor-element-83cf156\" data-id=\"83cf156\" data-element_type=\"column\" data-e-type=\"column\" data-settings=\"{&quot;background_background&quot;:&quot;classic&quot;}\">\n\t\t\t<div class=\"elementor-widget-wrap elementor-element-populated\">\n\t\t\t\t\t\t<div class=\"elementor-element elementor-element-a78d1de elementor-view-stacked elementor-shape-circle elementor-widget elementor-widget-icon\" data-id=\"a78d1de\" data-element_type=\"widget\" data-e-type=\"widget\" data-widget_type=\"icon.default\">\n\t\t\t\t<div class=\"elementor-widget-container\">\n\t\t\t\t\t\t\t<div class=\"elementor-icon-wrapper\">\n\t\t\t<div class=\"elementor-icon\">\n\t\t\t<i aria-hidden=\"true\" class=\"fas fa-graduation-cap\"><\/i>\t\t\t<\/div>\n\t\t<\/div>\n\t\t\t\t\t\t<\/div>\n\t\t\t\t<\/div>\n\t\t\t\t<div class=\"elementor-element elementor-element-60c0668 elementor-widget elementor-widget-text-editor\" data-id=\"60c0668\" data-element_type=\"widget\" data-e-type=\"widget\" data-widget_type=\"text-editor.default\">\n\t\t\t\t<div class=\"elementor-widget-container\">\n\t\t\t\t\t\t\t\t\t<p><strong>Bestudeer de problemen van gezinnen, hun behoeften en implementeer middelen om de publieke opinie en de betrokken autoriteiten te informeren<\/strong> de werkelijke situatie die gezinnen en dierbaren ervaren door middel van ontmoetings-, discussie- en voorlichtingsactiviteiten, met name om discriminatie, stigmatisering en uitsluiting te bestrijden\u00a0<\/p>\t\t\t\t\t\t\t\t<\/div>\n\t\t\t\t<\/div>\n\t\t\t\t\t<\/div>\n\t\t<\/div>\n\t\t\t\t<div class=\"elementor-column elementor-col-33 elementor-top-column elementor-element elementor-element-93ef238\" data-id=\"93ef238\" data-element_type=\"column\" data-e-type=\"column\" data-settings=\"{&quot;background_background&quot;:&quot;classic&quot;}\">\n\t\t\t<div class=\"elementor-widget-wrap elementor-element-populated\">\n\t\t\t\t\t\t<div class=\"elementor-element elementor-element-7af87e1 elementor-view-stacked elementor-shape-circle elementor-widget elementor-widget-icon\" data-id=\"7af87e1\" data-element_type=\"widget\" data-e-type=\"widget\" data-widget_type=\"icon.default\">\n\t\t\t\t<div class=\"elementor-widget-container\">\n\t\t\t\t\t\t\t<div class=\"elementor-icon-wrapper\">\n\t\t\t<div class=\"elementor-icon\">\n\t\t\t<i aria-hidden=\"true\" class=\"fas fa-chalkboard-teacher\"><\/i>\t\t\t<\/div>\n\t\t<\/div>\n\t\t\t\t\t\t<\/div>\n\t\t\t\t<\/div>\n\t\t\t\t<div class=\"elementor-element elementor-element-1c2859e elementor-widget elementor-widget-text-editor\" data-id=\"1c2859e\" data-element_type=\"widget\" data-e-type=\"widget\" data-widget_type=\"text-editor.default\">\n\t\t\t\t<div class=\"elementor-widget-container\">\n\t\t\t\t\t\t\t\t\t<p><strong>Het formulier<\/strong> zorgverleners en professionals over de psychische problemen die gezinnen tegenkomen en hoe hiermee om te gaan<\/p>\t\t\t\t\t\t\t\t<\/div>\n\t\t\t\t<\/div>\n\t\t\t\t\t<\/div>\n\t\t<\/div>\n\t\t\t\t\t<\/div>\n\t\t<\/section>\n\t\t\t\t<section class=\"elementor-section elementor-top-section elementor-element elementor-element-869ba73 elementor-section-content-middle elementor-section-boxed elementor-section-height-default elementor-section-height-default\" data-id=\"869ba73\" data-element_type=\"section\" data-e-type=\"section\">\n\t\t\t\t\t\t<div class=\"elementor-container elementor-column-gap-default\">\n\t\t\t\t\t<div class=\"elementor-column elementor-col-50 elementor-top-column elementor-element elementor-element-7514879\" data-id=\"7514879\" data-element_type=\"column\" data-e-type=\"column\" data-settings=\"{&quot;background_background&quot;:&quot;classic&quot;}\">\n\t\t\t<div class=\"elementor-widget-wrap elementor-element-populated\">\n\t\t\t\t\t\t<div class=\"elementor-element elementor-element-e6269a2 elementor-view-stacked elementor-shape-circle elementor-widget elementor-widget-icon\" data-id=\"e6269a2\" data-element_type=\"widget\" data-e-type=\"widget\" data-widget_type=\"icon.default\">\n\t\t\t\t<div class=\"elementor-widget-container\">\n\t\t\t\t\t\t\t<div class=\"elementor-icon-wrapper\">\n\t\t\t<div class=\"elementor-icon\">\n\t\t\t<i aria-hidden=\"true\" class=\"fas fa-bullhorn\"><\/i>\t\t\t<\/div>\n\t\t<\/div>\n\t\t\t\t\t\t<\/div>\n\t\t\t\t<\/div>\n\t\t\t\t<div class=\"elementor-element elementor-element-c5370ca elementor-widget elementor-widget-text-editor\" data-id=\"c5370ca\" data-element_type=\"widget\" data-e-type=\"widget\" data-widget_type=\"text-editor.default\">\n\t\t\t\t<div class=\"elementor-widget-container\">\n\t\t\t\t\t\t\t\t\t<p class=\"p1\"><span class=\"s1\"><b>Bewustwording van zorgverleners, maatschappelijke autoriteiten en de politieke wereld<\/b> de belangrijke (bijna cotherapeutische) rol die mantelzorgers vaak spelen bij de behandeling van naasten die lijden aan of lijden aan psychische stoornissen.<\/span><\/p>\t\t\t\t\t\t\t\t<\/div>\n\t\t\t\t<\/div>\n\t\t\t\t\t<\/div>\n\t\t<\/div>\n\t\t\t\t<div class=\"elementor-column elementor-col-50 elementor-top-column elementor-element elementor-element-0249ae4\" data-id=\"0249ae4\" data-element_type=\"column\" data-e-type=\"column\" data-settings=\"{&quot;background_background&quot;:&quot;classic&quot;}\">\n\t\t\t<div class=\"elementor-widget-wrap elementor-element-populated\">\n\t\t\t\t\t\t<div class=\"elementor-element elementor-element-4162d10 elementor-view-stacked elementor-shape-circle elementor-widget elementor-widget-icon\" data-id=\"4162d10\" data-element_type=\"widget\" data-e-type=\"widget\" data-widget_type=\"icon.default\">\n\t\t\t\t<div class=\"elementor-widget-container\">\n\t\t\t\t\t\t\t<div class=\"elementor-icon-wrapper\">\n\t\t\t<div class=\"elementor-icon\">\n\t\t\t<i aria-hidden=\"true\" class=\"fas fa-rocket\"><\/i>\t\t\t<\/div>\n\t\t<\/div>\n\t\t\t\t\t\t<\/div>\n\t\t\t\t<\/div>\n\t\t\t\t<div class=\"elementor-element elementor-element-cf714f1 elementor-widget elementor-widget-text-editor\" data-id=\"cf714f1\" data-element_type=\"widget\" data-e-type=\"widget\" data-widget_type=\"text-editor.default\">\n\t\t\t\t<div class=\"elementor-widget-container\">\n\t\t\t\t\t\t\t\t\t<p><strong>Werk om zorgverleners acteurs te maken<\/strong> netwerk met partners in de ziekenhuis-, extra-ziekenhuis-, ambulante en psychosociale sector en diverse overlegorganen.<\/p>\t\t\t\t\t\t\t\t<\/div>\n\t\t\t\t<\/div>\n\t\t\t\t\t<\/div>\n\t\t<\/div>\n\t\t\t\t\t<\/div>\n\t\t<\/section>\n\t\t\t\t<section class=\"elementor-section elementor-top-section elementor-element elementor-element-8e9a0e8 elementor-section-content-middle elementor-reverse-tablet elementor-reverse-mobile elementor-section-height-min-height elementor-section-items-bottom elementor-section-boxed elementor-section-height-default\" data-id=\"8e9a0e8\" data-element_type=\"section\" data-e-type=\"section\">\n\t\t\t\t\t\t<div class=\"elementor-container elementor-column-gap-default\">\n\t\t\t\t\t<div class=\"elementor-column elementor-col-100 elementor-top-column elementor-element elementor-element-6ea4969\" data-id=\"6ea4969\" data-element_type=\"column\" data-e-type=\"column\" data-settings=\"{&quot;background_background&quot;:&quot;classic&quot;}\">\n\t\t\t<div class=\"elementor-widget-wrap elementor-element-populated\">\n\t\t\t\t\t\t<div class=\"elementor-element elementor-element-f0ffc42 elementor-widget elementor-widget-heading\" data-id=\"f0ffc42\" data-element_type=\"widget\" data-e-type=\"widget\" data-widget_type=\"heading.default\">\n\t\t\t\t<div class=\"elementor-widget-container\">\n\t\t\t\t\t<h2 class=\"elementor-heading-title elementor-size-default\">Oorsprong en evolutie<\/h2>\t\t\t\t<\/div>\n\t\t\t\t<\/div>\n\t\t\t\t<div class=\"elementor-element elementor-element-cffbaaa elementor-widget elementor-widget-text-editor\" data-id=\"cffbaaa\" data-element_type=\"widget\" data-e-type=\"widget\" data-widget_type=\"text-editor.default\">\n\t\t\t\t<div class=\"elementor-widget-container\">\n\t\t\t\t\t\t\t\t\t<p>van Similes Brussel<\/p>\t\t\t\t\t\t\t\t<\/div>\n\t\t\t\t<\/div>\n\t\t\t\t\t<\/div>\n\t\t<\/div>\n\t\t\t\t\t<\/div>\n\t\t<\/section>\n\t\t\t\t<section class=\"elementor-section elementor-top-section elementor-element elementor-element-6cd1ee2 elementor-section-boxed elementor-section-height-default elementor-section-height-default\" data-id=\"6cd1ee2\" data-element_type=\"section\" data-e-type=\"section\">\n\t\t\t\t\t\t<div class=\"elementor-container elementor-column-gap-default\">\n\t\t\t\t\t<div class=\"elementor-column elementor-col-100 elementor-top-column elementor-element elementor-element-a3064a8\" data-id=\"a3064a8\" data-element_type=\"column\" data-e-type=\"column\">\n\t\t\t<div class=\"elementor-widget-wrap elementor-element-populated\">\n\t\t\t\t\t\t<div class=\"elementor-element elementor-element-64af995 elementor-widget elementor-widget-pp-timeline\" data-id=\"64af995\" data-element_type=\"widget\" data-e-type=\"widget\" data-settings=\"{&quot;direction&quot;:&quot;right&quot;,&quot;layout&quot;:&quot;vertical&quot;,&quot;dates&quot;:&quot;yes&quot;,&quot;card_arrow&quot;:&quot;yes&quot;,&quot;animate_cards&quot;:&quot;yes&quot;,&quot;direction_tablet&quot;:&quot;left&quot;,&quot;direction_mobile&quot;:&quot;left&quot;,&quot;items_spacing&quot;:{&quot;unit&quot;:&quot;px&quot;,&quot;size&quot;:&quot;&quot;,&quot;sizes&quot;:[]},&quot;items_spacing_tablet&quot;:{&quot;unit&quot;:&quot;px&quot;,&quot;size&quot;:&quot;&quot;,&quot;sizes&quot;:[]},&quot;items_spacing_mobile&quot;:{&quot;unit&quot;:&quot;px&quot;,&quot;size&quot;:&quot;&quot;,&quot;sizes&quot;:[]}}\" data-widget_type=\"pp-timeline.default\">\n\t\t\t\t<div class=\"elementor-widget-container\">\n\t\t\t\t\t\t\t<div class=\"pp-timeline-wrapper\">\n\t\t\t\n\t\t\t<div class=\"pp-timeline pp-timeline-with-pagination pp-timeline-vertical pp-timeline-right pp-timeline-dates pp-timeline-arrows-middle\" data-query-type=\"\" data-page=\"153\">\n\t\t\t\t\t\t\t\t\t<div class=\"pp-timeline-connector-wrap\">\n\t\t\t\t\t\t<div class=\"pp-timeline-connector\">\n\t\t\t\t\t\t\t<div class=\"pp-timeline-connector-inner\">\n\t\t\t\t\t\t\t<\/div>\n\t\t\t\t\t\t<\/div>\n\t\t\t\t\t<\/div>\n\t\t\t\t\t\t\t\t<div class=\"pp-timeline-items\">\n\t\t\t\t\t<div >\n\t\t\t\t\t\t\t\t\t<div class=\"pp-timeline-item pp-timeline-item-left elementor-repeater-item-db7c31c pp-timeline-item-hidden\">\n\t\t\t\t<div class=\"pp-timeline-card-wrapper\">\n\t\t\t\t\t\t\t\t\t\t\t\t\t\t\t<div class=\"pp-timeline-arrow\"><\/div>\n\t\t\t\t\t\t\t\t\t\t<div class=\"pp-timeline-card\">\n\t\t\t\t\t\t\t\t\t\t\t\t\t\t\t\t\t\t\t<div class=\"pp-timeline-card-title-wrap\">\n\t\t\t\t\t\t\t\t\t\t\t\t\t\t\t\t\t\t\t\t\t\t\t\t\t\t\t<div class=\"pp-timeline-card-date\">\n\t\t\t\t\t\t\t\t\t\t\t1968\t\t\t\t\t\t\t\t\t\t<\/div>\n\t\t\t\t\t\t\t\t\t\t\t\t\t\t\t\t\t\t\t\t\t\t\t\t\t\t\t\t\t\t\t\t\t\t\t\t\t\t\t\t\t\t\t<h2 class=\"pp-timeline-card-title\">\n\t\t\t\t\t\t\t\t\t\tOprichting van de vzw onder de naam &quot;Vereniging ter hulp aan nerveuze en geesteszieken&quot;\t\t\t\t\t\t\t\t\t<\/h2>\n\t\t\t\t\t\t\t\t\t\t\t\t\t\t\t<\/div>\n\t\t\t\t\t\t\t\t\t\t\t\t\t\t\t\t\t\t\t\t\t\t\t\t\t<div class=\"pp-timeline-card-content\">\n\t\t\t\t\t\t\t\t<p>In de jaren zestig, aan het begin van de psychiatrie, werd geestesziekte gezien als een organische ziekte &quot;van de hersenen&quot;. De zieken worden verzorgd in gesloten universums, gestichten en psychiatrische ziekenhuizen (Goffman, 1968). De verleende zorg is in wezen technische en medische handelingen, als volgt georganiseerd: symptomen\/diagnose\/medicatie en\/of elektroshock.<\/p><p>Het is uit dezelfde periode (1960) dat\u00a0 <a href=\"https:\/\/handicap.belgium.be\/docs\/fr\/brochure-politique-personnes-handicapees-belgique.pdf\" target=\"_blank\" rel=\"noopener\">de fundamenten van het huidige Belgische beleid ten gunste van mensen met een handicap<\/a>. Ze kwamen tegemoet aan een wens: mensen met een handicap meer kansen geven om in de samenleving te integreren. Het is in deze context dat Similes is opgericht om pati\u00ebnten en voormalige zenuw- en psychiatrische pati\u00ebnten te helpen, de publieke opinie te trainen en te informeren, en de belangen van pati\u00ebnten en hun families te verdedigen. Vandaar de keuze voor de naam Similes, wat in het Latijn \u201csoortgelijk\u201d betekent. Afgezien van onze verschillen, lijken we allemaal op elkaar, we worden allemaal be\u00efnvloed door geestelijke gezondheid.<\/p>\t\t\t\t\t\t\t<\/div>\n\t\t\t\t\t\t\t\t\t\t\t<\/div>\n\t\t\t\t\t\t\t\t\t\t<\/a>\n\t\t\t\t\t\t\t\t\t<\/div>\n\n\t\t\t\t\t\t\t\t\t\t\t<div class=\"pp-timeline-marker-wrapper\">\n\t\t\t\n\t\t\t<div class=\"pp-timeline-marker\">\n\t\t\t\t\t\t\t\t\t\t<span class=\"pp-icon\">\n\t\t\t\t\t\t<i aria-hidden=\"true\" class=\"fas fa-check\"><\/i>\t\t\t\t\t\t<\/span>\n\t\t\t\t\t\t\t\t\t<\/div>\n\t\t<\/div>\n\t\t\t\t\t<div class=\"pp-timeline-card-date-wrapper\">\n\t\t\t\t\t\t\t\t\t<div class=\"pp-timeline-card-date\">\n\t\t\t\t\t\t1968\t\t\t\t\t<\/div>\n\t\t\t\t\t\t\t<\/div>\n\t\t\t\t\t\t\t\t\t\t\t<\/div>\n\t\t\t\t\t\t<div class=\"pp-timeline-item pp-timeline-item-right elementor-repeater-item-dc09403 pp-timeline-item-hidden\">\n\t\t\t\t<div class=\"pp-timeline-card-wrapper\">\n\t\t\t\t\t\t\t\t\t\t\t\t\t\t\t<div class=\"pp-timeline-arrow\"><\/div>\n\t\t\t\t\t\t\t\t\t\t<div class=\"pp-timeline-card\">\n\t\t\t\t\t\t\t\t\t\t\t\t\t\t\t\t\t\t\t<div class=\"pp-timeline-card-title-wrap\">\n\t\t\t\t\t\t\t\t\t\t\t\t\t\t\t\t\t\t\t\t\t\t\t\t\t\t\t<div class=\"pp-timeline-card-date\">\n\t\t\t\t\t\t\t\t\t\t\t1968\t\t\t\t\t\t\t\t\t\t<\/div>\n\t\t\t\t\t\t\t\t\t\t\t\t\t\t\t\t\t\t\t\t\t\t\t\t\t\t\t\t\t\t\t\t\t\t\t\t\t\t\t\t\t\t\t<h2 class=\"pp-timeline-card-title\">\n\t\t\t\t\t\t\t\t\t\tTelefoongesprekken instellen\t\t\t\t\t\t\t\t\t<\/h2>\n\t\t\t\t\t\t\t\t\t\t\t\t\t\t\t<\/div>\n\t\t\t\t\t\t\t\t\t\t\t\t\t\t\t\t\t\t\t\t\t\t\t\t\t<div class=\"pp-timeline-card-content\">\n\t\t\t\t\t\t\t\t<p>Van oudsher was het luisteren naar de telefoon de eerste activiteit van de vereniging, in 1968. Al heel vroeg verscheen de telefoon als een middel om het lijden of de bezorgdheid te uiten van mensen die met psychische problemen om hen heen werden geconfronteerd.<\/p>\t\t\t\t\t\t\t<\/div>\n\t\t\t\t\t\t\t\t\t\t\t<\/div>\n\t\t\t\t\t\t\t\t\t\t<\/a>\n\t\t\t\t\t\t\t\t\t<\/div>\n\n\t\t\t\t\t\t\t\t\t\t\t<div class=\"pp-timeline-marker-wrapper\">\n\t\t\t\n\t\t\t<div class=\"pp-timeline-marker\">\n\t\t\t\t\t\t\t\t\t\t<span class=\"pp-icon\">\n\t\t\t\t\t\t<i aria-hidden=\"true\" class=\"fas fa-check\"><\/i>\t\t\t\t\t\t<\/span>\n\t\t\t\t\t\t\t\t\t<\/div>\n\t\t<\/div>\n\t\t\t\t\t<div class=\"pp-timeline-card-date-wrapper\">\n\t\t\t\t\t\t\t\t\t<div class=\"pp-timeline-card-date\">\n\t\t\t\t\t\t1968\t\t\t\t\t<\/div>\n\t\t\t\t\t\t\t<\/div>\n\t\t\t\t\t\t\t\t\t\t\t<\/div>\n\t\t\t\t\t\t<div class=\"pp-timeline-item pp-timeline-item-left elementor-repeater-item-a549e43 pp-timeline-item-hidden\">\n\t\t\t\t<div class=\"pp-timeline-card-wrapper\">\n\t\t\t\t\t\t\t\t\t\t\t\t\t\t\t<div class=\"pp-timeline-arrow\"><\/div>\n\t\t\t\t\t\t\t\t\t\t<div class=\"pp-timeline-card\">\n\t\t\t\t\t\t\t\t\t\t\t\t\t\t\t\t\t\t\t<div class=\"pp-timeline-card-title-wrap\">\n\t\t\t\t\t\t\t\t\t\t\t\t\t\t\t\t\t\t\t\t\t\t\t\t\t\t\t<div class=\"pp-timeline-card-date\">\n\t\t\t\t\t\t\t\t\t\t\t1990\t\t\t\t\t\t\t\t\t\t<\/div>\n\t\t\t\t\t\t\t\t\t\t\t\t\t\t\t\t\t\t\t\t\t\t\t\t\t\t\t\t\t\t\t\t\t\t\t\t\t\t\t\t\t\t\t<h2 class=\"pp-timeline-card-title\">\n\t\t\t\t\t\t\t\t\t\tDiscussiegroepen opzetten\t\t\t\t\t\t\t\t\t<\/h2>\n\t\t\t\t\t\t\t\t\t\t\t\t\t\t\t<\/div>\n\t\t\t\t\t\t\t\t\t\t\t\t\t\t\t\t\t\t\t\t\t\t\t\t\t<div class=\"pp-timeline-card-content\">\n\t\t\t\t\t\t\t\t<p>Na de oprichting van een telefonische hotline waren de steungroepen begin jaren negentig de tweede vlaggenschipactiviteit van de vereniging. Volgens sommige alumni was \u201cde oprichting van steungroepen voor dierbaren, tijd, een specifieke innovatie , bij Similes, heel belangrijk.\u201d<\/p>\t\t\t\t\t\t\t<\/div>\n\t\t\t\t\t\t\t\t\t\t\t<\/div>\n\t\t\t\t\t\t\t\t\t\t<\/a>\n\t\t\t\t\t\t\t\t\t<\/div>\n\n\t\t\t\t\t\t\t\t\t\t\t<div class=\"pp-timeline-marker-wrapper\">\n\t\t\t\n\t\t\t<div class=\"pp-timeline-marker\">\n\t\t\t\t\t\t\t\t\t\t<span class=\"pp-icon\">\n\t\t\t\t\t\t<i aria-hidden=\"true\" class=\"fas fa-check\"><\/i>\t\t\t\t\t\t<\/span>\n\t\t\t\t\t\t\t\t\t<\/div>\n\t\t<\/div>\n\t\t\t\t\t<div class=\"pp-timeline-card-date-wrapper\">\n\t\t\t\t\t\t\t\t\t<div class=\"pp-timeline-card-date\">\n\t\t\t\t\t\t1990\t\t\t\t\t<\/div>\n\t\t\t\t\t\t\t<\/div>\n\t\t\t\t\t\t\t\t\t\t\t<\/div>\n\t\t\t\t\t\t<div class=\"pp-timeline-item pp-timeline-item-right elementor-repeater-item-8d9a9ab pp-timeline-item-hidden\">\n\t\t\t\t<div class=\"pp-timeline-card-wrapper\">\n\t\t\t\t\t\t\t\t\t\t\t\t\t\t\t<div class=\"pp-timeline-arrow\"><\/div>\n\t\t\t\t\t\t\t\t\t\t<div class=\"pp-timeline-card\">\n\t\t\t\t\t\t\t\t\t\t\t\t\t\t\t\t\t\t\t<div class=\"pp-timeline-card-title-wrap\">\n\t\t\t\t\t\t\t\t\t\t\t\t\t\t\t\t\t\t\t\t\t\t\t\t\t\t\t<div class=\"pp-timeline-card-date\">\n\t\t\t\t\t\t\t\t\t\t\t2015\t\t\t\t\t\t\t\t\t\t<\/div>\n\t\t\t\t\t\t\t\t\t\t\t\t\t\t\t\t\t\t\t\t\t\t\t\t\t\t\t\t\t\t\t\t<\/div>\n\t\t\t\t\t\t\t\t\t\t\t\t\t\t\t\t\t\t\t\t\t\t\t\t\t<div class=\"pp-timeline-card-content\">\n\t\t\t\t\t\t\t\t<p>In 2015, dankzij de verschillende ontwikkelingen in de geestelijke gezondheidszorg, sinds de oprichting van de vereniging, volgens wat we hier kunnen lezen: &quot; <a href=\"https:\/\/handicap.belgium.be\/docs\/fr\/brochure-politique-personnes-handicapees-belgique.pdf\" target=\"_blank\" rel=\"noopener\">Ontwikkelingen die de Belgische geestelijke gezondheidszorg de afgelopen 40 jaar hebben gekenmerkt<\/a> \u00bb laten zien dat er al een aantal belangrijke mijlpalen zijn gezet in de richting van de totstandkoming van meer gemeenschapsgerichte zorg. Internationaal bestaat er een tendens om geestelijke gezondheidszorg naar zorgzoekers te brengen in plaats van hen uit huis te halen. <a href=\"https:\/\/organesdeconcertation.sante.belgique.be\/sites\/default\/files\/documents\/interministeriele_conferentie_volksgezondheid-fr\/2010_04_26_guide_-_bxl_fr.pdf\" target=\"_blank\" rel=\"noopener\">toezicht houden en behandelen in een residenti\u00eble omgeving<\/a>Similes wil zowel mensen in psychische kwetsbaarheid, hun families en dierbaren helpen door het sociale doel experimenteel aan te passen om hulp te bieden aan families en familieleden van pati\u00ebnten. Dat lees je op hun flyers van 2015.<\/p>\t\t\t\t\t\t\t<\/div>\n\t\t\t\t\t\t\t\t\t\t\t<\/div>\n\t\t\t\t\t\t\t\t\t\t<\/a>\n\t\t\t\t\t\t\t\t\t<\/div>\n\n\t\t\t\t\t\t\t\t\t\t\t<div class=\"pp-timeline-marker-wrapper\">\n\t\t\t\n\t\t\t<div class=\"pp-timeline-marker\">\n\t\t\t\t\t\t\t\t\t\t<span class=\"pp-icon\">\n\t\t\t\t\t\t<i aria-hidden=\"true\" class=\"fas fa-check\"><\/i>\t\t\t\t\t\t<\/span>\n\t\t\t\t\t\t\t\t\t<\/div>\n\t\t<\/div>\n\t\t\t\t\t<div class=\"pp-timeline-card-date-wrapper\">\n\t\t\t\t\t\t\t\t\t<div class=\"pp-timeline-card-date\">\n\t\t\t\t\t\t2015\t\t\t\t\t<\/div>\n\t\t\t\t\t\t\t<\/div>\n\t\t\t\t\t\t\t\t\t\t\t<\/div>\n\t\t\t\t\t\t<div class=\"pp-timeline-item pp-timeline-item-left elementor-repeater-item-187ca93 pp-timeline-item-hidden\">\n\t\t\t\t<div class=\"pp-timeline-card-wrapper\">\n\t\t\t\t\t\t\t\t\t\t\t\t\t\t\t<div class=\"pp-timeline-arrow\"><\/div>\n\t\t\t\t\t\t\t\t\t\t<div class=\"pp-timeline-card\">\n\t\t\t\t\t\t\t\t\t\t\t\t\t\t\t\t\t\t\t<div class=\"pp-timeline-card-title-wrap\">\n\t\t\t\t\t\t\t\t\t\t\t\t\t\t\t\t\t\t\t\t\t\t\t\t\t\t\t<div class=\"pp-timeline-card-date\">\n\t\t\t\t\t\t\t\t\t\t\t2016\t\t\t\t\t\t\t\t\t\t<\/div>\n\t\t\t\t\t\t\t\t\t\t\t\t\t\t\t\t\t\t\t\t\t\t\t\t\t\t\t\t\t\t\t\t<\/div>\n\t\t\t\t\t\t\t\t\t\t\t\t\t\t\t\t\t\t\t\t\t\t\t\t\t<div class=\"pp-timeline-card-content\">\n\t\t\t\t\t\t\t\t<p>In 2016 veranderden de prioriteiten, de context was die van hervorming van de geestelijke gezondheidszorg met de nadruk op de\u00efnstitutionalisering &quot;die erin bestaat de residenti\u00eble behandeling binnen zorginstellingen te beperken, terwijl de implementatie van zorgformules intensieve en gespecialiseerde ambulante diensten als alternatief voor ziekenhuisopname wordt bevorderd en gericht is op de gebruiker binnen houden <a href=\"https:\/\/www.cairn.info\/revue-l-information-psychiatrique-2016-9-page-731.htm?contenu=article\" target=\"_blank\" rel=\"noopener\">geestelijke gezondheid in de stad<\/a> &quot;. Similes herziet zijn statuten, wijzigt zijn sociale doel en zijn publiek om zijn hulp te beperken tot families en geliefden van mensen die lijden aan psychische stoornissen.<\/p><p>Bij de oprichting biedt Similes veelzijdige hulp aan pati\u00ebnten en voormalige zenuw- en psychiatrische pati\u00ebnten, traint en informeert ze de publieke opinie, en verdedigt ze de belangen van pati\u00ebnten en hun families. De naam van de non-profitorganisatie verandert inderdaad, van het helpen van nerveuze en geesteszieke mensen naar het helpen van mensen die lijden aan psychische stoornissen, hun families en dierbaren, om vanaf 2016 hulp te worden voor families en dierbaren van mensen met psychische stoornissen. .<\/p>\t\t\t\t\t\t\t<\/div>\n\t\t\t\t\t\t\t\t\t\t\t<\/div>\n\t\t\t\t\t\t\t\t\t\t<\/a>\n\t\t\t\t\t\t\t\t\t<\/div>\n\n\t\t\t\t\t\t\t\t\t\t\t<div class=\"pp-timeline-marker-wrapper\">\n\t\t\t\n\t\t\t<div class=\"pp-timeline-marker\">\n\t\t\t\t\t\t\t\t\t\t<span class=\"pp-icon\">\n\t\t\t\t\t\t<i aria-hidden=\"true\" class=\"fas fa-check\"><\/i>\t\t\t\t\t\t<\/span>\n\t\t\t\t\t\t\t\t\t<\/div>\n\t\t<\/div>\n\t\t\t\t\t<div class=\"pp-timeline-card-date-wrapper\">\n\t\t\t\t\t\t\t\t\t<div class=\"pp-timeline-card-date\">\n\t\t\t\t\t\t2016\t\t\t\t\t<\/div>\n\t\t\t\t\t\t\t<\/div>\n\t\t\t\t\t\t\t\t\t\t\t<\/div>\n\t\t\t\t\t\t\t\t<\/div>\n\t\t\t\t<\/div>\n\t\t\t\t\t\t\t<\/div>\n\n\t\t\t\t\t\t\t\t\t\t\t\t\t\t\t<div class=\"pp-timeline-pagination-wrap pp-timeline-pagination-bottom\">\n\t\t\t\t\t<br \/>\n<b>Waarschuwing<\/b>: Poging om de eigenschap &quot;max_num_pages&quot; te lezen op een null-waarde in <b>\/home\/clients\/d951e8acde936b9feff963718ba4a254\/sites\/similes.brussels\/web\/wp-content\/plugins\/powerpack-elements\/modules\/posts\/widgets\/timeline.php<\/b> online <b>5123<\/b><br \/>\n<br \/>\n<b>Waarschuwing<\/b>: Poging om de eigenschap &quot;max_num_pages&quot; te lezen op een null-waarde in <b>\/home\/clients\/d951e8acde936b9feff963718ba4a254\/sites\/similes.brussels\/web\/wp-content\/plugins\/powerpack-elements\/modules\/posts\/widgets\/timeline.php<\/b> online <b>5124<\/b><br \/>\n\t\t\t\t<\/div>\n\t\t\t\t\t\t\t\t\t\t\t\t\t<\/div>\n\t\t\t\t\t\t<\/div>\n\t\t\t\t<\/div>\n\t\t\t\t\t<\/div>\n\t\t<\/div>\n\t\t\t\t\t<\/div>\n\t\t<\/section>\n\t\t\t\t<section class=\"elementor-section elementor-top-section elementor-element elementor-element-6f528c7 elementor-section-content-middle elementor-reverse-tablet elementor-reverse-mobile elementor-section-height-min-height elementor-section-items-bottom elementor-section-boxed elementor-section-height-default\" data-id=\"6f528c7\" data-element_type=\"section\" data-e-type=\"section\">\n\t\t\t\t\t\t<div class=\"elementor-container elementor-column-gap-default\">\n\t\t\t\t\t<div class=\"elementor-column elementor-col-100 elementor-top-column elementor-element elementor-element-a78ebd7\" data-id=\"a78ebd7\" data-element_type=\"column\" data-e-type=\"column\" data-settings=\"{&quot;background_background&quot;:&quot;classic&quot;}\">\n\t\t\t<div class=\"elementor-widget-wrap elementor-element-populated\">\n\t\t\t\t\t\t<div class=\"elementor-element elementor-element-002b639 elementor-widget elementor-widget-heading\" data-id=\"002b639\" data-element_type=\"widget\" data-e-type=\"widget\" data-widget_type=\"heading.default\">\n\t\t\t\t<div class=\"elementor-widget-container\">\n\t\t\t\t\t<h2 class=\"elementor-heading-title elementor-size-default\">Onze waarden<\/h2>\t\t\t\t<\/div>\n\t\t\t\t<\/div>\n\t\t\t\t<div class=\"elementor-element elementor-element-62633b8 elementor-widget elementor-widget-text-editor\" data-id=\"62633b8\" data-element_type=\"widget\" data-e-type=\"widget\" data-widget_type=\"text-editor.default\">\n\t\t\t\t<div class=\"elementor-widget-container\">\n\t\t\t\t\t\t\t\t\t<p>Solidariteit, wederzijdse hulp, wederzijdse hulp, teamgeest, respect zijn de ruggengraat van de waarden die Similes Brussels in staat stellen om de families en geliefden van mensen met of lijdend aan stoornissen te helpen en te ondersteunen. van isolatie, om hun levensomstandigheden te verbeteren.<\/p>\t\t\t\t\t\t\t\t<\/div>\n\t\t\t\t<\/div>\n\t\t\t\t\t<\/div>\n\t\t<\/div>\n\t\t\t\t\t<\/div>\n\t\t<\/section>\n\t\t\t\t<section class=\"elementor-section elementor-top-section elementor-element elementor-element-48152c9c elementor-section-content-middle elementor-section-boxed elementor-section-height-default elementor-section-height-default\" data-id=\"48152c9c\" data-element_type=\"section\" data-e-type=\"section\">\n\t\t\t\t\t\t<div class=\"elementor-container elementor-column-gap-no\">\n\t\t\t\t\t<div class=\"elementor-column elementor-col-50 elementor-top-column elementor-element elementor-element-21f3d6f5\" data-id=\"21f3d6f5\" data-element_type=\"column\" data-e-type=\"column\">\n\t\t\t<div class=\"elementor-widget-wrap elementor-element-populated\">\n\t\t\t\t\t\t<div class=\"elementor-element elementor-element-380edffe elementor-position-inline-start elementor-view-default elementor-mobile-position-block-start elementor-widget elementor-widget-icon-box\" data-id=\"380edffe\" data-element_type=\"widget\" data-e-type=\"widget\" data-widget_type=\"icon-box.default\">\n\t\t\t\t<div class=\"elementor-widget-container\">\n\t\t\t\t\t\t\t<div class=\"elementor-icon-box-wrapper\">\n\n\t\t\t\t\t\t<div class=\"elementor-icon-box-icon\">\n\t\t\t\t<span  class=\"elementor-icon elementor-animation-grow\">\n\t\t\t\t<i aria-hidden=\"true\" class=\"fas fa-check-circle\"><\/i>\t\t\t\t<\/span>\n\t\t\t<\/div>\n\t\t\t\n\t\t\t\t\t\t<div class=\"elementor-icon-box-content\">\n\n\t\t\t\t\t\t\t\t\t<h3 class=\"elementor-icon-box-title\">\n\t\t\t\t\t\t<span  >\n\t\t\t\t\t\t\twederzijdse hulp \t\t\t\t\t\t<\/span>\n\t\t\t\t\t<\/h3>\n\t\t\t\t\n\t\t\t\t\t\t\t\t\t<p class=\"elementor-icon-box-description\">\n\t\t\t\t\t\tAls mantelzorger heeft elk lid van Similes de eerste tools om naar de ander te luisteren door aardig voor hen te zijn in een relatie van gelijkheid en broederschap.\n<br \/>\nGeconfronteerd met het isolement dat wordt veroorzaakt door het lijden van gezinnen en mensen in psychische kwetsbaarheid, pleit Similes voor solidariteit en steun tussen mantelzorgers.\t\t\t\t\t<\/p>\n\t\t\t\t\n\t\t\t<\/div>\n\t\t\t\n\t\t<\/div>\n\t\t\t\t\t\t<\/div>\n\t\t\t\t<\/div>\n\t\t\t\t<div class=\"elementor-element elementor-element-db04fc5 elementor-position-inline-start elementor-view-default elementor-mobile-position-block-start elementor-widget elementor-widget-icon-box\" data-id=\"db04fc5\" data-element_type=\"widget\" data-e-type=\"widget\" data-widget_type=\"icon-box.default\">\n\t\t\t\t<div class=\"elementor-widget-container\">\n\t\t\t\t\t\t\t<div class=\"elementor-icon-box-wrapper\">\n\n\t\t\t\t\t\t<div class=\"elementor-icon-box-icon\">\n\t\t\t\t<span  class=\"elementor-icon elementor-animation-grow\">\n\t\t\t\t<i aria-hidden=\"true\" class=\"fas fa-check-circle\"><\/i>\t\t\t\t<\/span>\n\t\t\t<\/div>\n\t\t\t\n\t\t\t\t\t\t<div class=\"elementor-icon-box-content\">\n\n\t\t\t\t\t\t\t\t\t<h3 class=\"elementor-icon-box-title\">\n\t\t\t\t\t\t<span  >\n\t\t\t\t\t\t\tHet respect \t\t\t\t\t\t<\/span>\n\t\t\t\t\t<\/h3>\n\t\t\t\t\n\t\t\t\t\t\t\t\t\t<p class=\"elementor-icon-box-description\">\n\t\t\t\t\t\tHet Similes-team is ervan overtuigd dat het respecteren van de woorden van families en mensen met psychische stoornissen en families belangrijk is voor hun zelfrespect.\n<br \/>\nVoor Similes is het door samen te werken en in volledige onafhankelijkheid (religieuze denominaties, politieke partijen, vakbonden, enz.) dat de destigmatisering van mensen met psychische stoornissen mogelijk zal zijn.\t\t\t\t\t<\/p>\n\t\t\t\t\n\t\t\t<\/div>\n\t\t\t\n\t\t<\/div>\n\t\t\t\t\t\t<\/div>\n\t\t\t\t<\/div>\n\t\t\t\t\t<\/div>\n\t\t<\/div>\n\t\t\t\t<div class=\"elementor-column elementor-col-50 elementor-top-column elementor-element elementor-element-ac42816\" data-id=\"ac42816\" data-element_type=\"column\" data-e-type=\"column\">\n\t\t\t<div class=\"elementor-widget-wrap elementor-element-populated\">\n\t\t\t\t\t\t<div class=\"elementor-element elementor-element-737965a elementor-position-inline-start elementor-view-default elementor-mobile-position-block-start elementor-widget elementor-widget-icon-box\" data-id=\"737965a\" data-element_type=\"widget\" data-e-type=\"widget\" data-widget_type=\"icon-box.default\">\n\t\t\t\t<div class=\"elementor-widget-container\">\n\t\t\t\t\t\t\t<div class=\"elementor-icon-box-wrapper\">\n\n\t\t\t\t\t\t<div class=\"elementor-icon-box-icon\">\n\t\t\t\t<span  class=\"elementor-icon elementor-animation-grow\">\n\t\t\t\t<i aria-hidden=\"true\" class=\"fas fa-check-circle\"><\/i>\t\t\t\t<\/span>\n\t\t\t<\/div>\n\t\t\t\n\t\t\t\t\t\t<div class=\"elementor-icon-box-content\">\n\n\t\t\t\t\t\t\t\t\t<h3 class=\"elementor-icon-box-title\">\n\t\t\t\t\t\t<span  >\n\t\t\t\t\t\t\tSamenwerking tussen alle actoren\t\t\t\t\t\t<\/span>\n\t\t\t\t\t<\/h3>\n\t\t\t\t\n\t\t\t\t\t\t\t\t\t<p class=\"elementor-icon-box-description\">\n\t\t\t\t\t\tSimiles verdedigt de erkenning van de rol van de familie entourage in de begeleiding van een persoon met psychische stoornissen.<br \/>\nHet is van mening dat het partnerschap tussen familiekring, pati\u00ebnten, zorgverleners, sociale en medisch-sociale actoren, met betrekking tot hun respectieve rollen, essentieel is om de levenspaden van mensen te ondersteunen.\t\t\t\t\t<\/p>\n\t\t\t\t\n\t\t\t<\/div>\n\t\t\t\n\t\t<\/div>\n\t\t\t\t\t\t<\/div>\n\t\t\t\t<\/div>\n\t\t\t\t<div class=\"elementor-element elementor-element-08e4a9a elementor-position-inline-start elementor-view-default elementor-mobile-position-block-start elementor-widget elementor-widget-icon-box\" data-id=\"08e4a9a\" data-element_type=\"widget\" data-e-type=\"widget\" data-widget_type=\"icon-box.default\">\n\t\t\t\t<div class=\"elementor-widget-container\">\n\t\t\t\t\t\t\t<div class=\"elementor-icon-box-wrapper\">\n\n\t\t\t\t\t\t<div class=\"elementor-icon-box-icon\">\n\t\t\t\t<span  class=\"elementor-icon elementor-animation-grow\">\n\t\t\t\t<i aria-hidden=\"true\" class=\"fas fa-check-circle\"><\/i>\t\t\t\t<\/span>\n\t\t\t<\/div>\n\t\t\t\n\t\t\t\t\t\t<div class=\"elementor-icon-box-content\">\n\n\t\t\t\t\t\t\t\t\t<h3 class=\"elementor-icon-box-title\">\n\t\t\t\t\t\t<span  >\n\t\t\t\t\t\t\tCo-constructie\t\t\t\t\t\t<\/span>\n\t\t\t\t\t<\/h3>\n\t\t\t\t\n\t\t\t\t\t\t\t\t\t<p class=\"elementor-icon-box-description\">\n\t\t\t\t\t\tSimiles staat open en staat klaar om te ondersteunen en bij te dragen aan alles wat wordt gedaan in het kader van onderzoek en informatie om psychische stoornissen te kennen en bekend te maken, met name om preventie, beheer en ondersteuningsmethoden voor mensen met deze stoornissen te bevorderen.<br \/>\nZe bevestigt dat de complementariteit van de kennis van leeftijdsgenoten, families en professionals noodzakelijk is voor de kwaliteit van leven en de zorg voor mensen in psychische kwetsbaarheid.\u00a0\t\t\t\t\t<\/p>\n\t\t\t\t\n\t\t\t<\/div>\n\t\t\t\n\t\t<\/div>\n\t\t\t\t\t\t<\/div>\n\t\t\t\t<\/div>\n\t\t\t\t\t<\/div>\n\t\t<\/div>\n\t\t\t\t\t<\/div>\n\t\t<\/section>\n\t\t\t\t<section class=\"elementor-section elementor-top-section elementor-element elementor-element-2a7c6bc4 elementor-section-full_width elementor-section-height-min-height elementor-section-items-stretch elementor-section-content-middle elementor-section-height-default\" data-id=\"2a7c6bc4\" data-element_type=\"section\" data-e-type=\"section\">\n\t\t\t\t\t\t<div class=\"elementor-container elementor-column-gap-default\">\n\t\t\t\t\t<div class=\"elementor-column elementor-col-50 elementor-top-column elementor-element elementor-element-428e9bd8\" data-id=\"428e9bd8\" data-element_type=\"column\" data-e-type=\"column\" data-settings=\"{&quot;background_background&quot;:&quot;classic&quot;}\">\n\t\t\t<div class=\"elementor-widget-wrap elementor-element-populated\">\n\t\t\t\t\t\t<div class=\"elementor-element elementor-element-3b11ad2 elementor-widget elementor-widget-heading\" data-id=\"3b11ad2\" data-element_type=\"widget\" data-e-type=\"widget\" data-widget_type=\"heading.default\">\n\t\t\t\t<div class=\"elementor-widget-container\">\n\t\t\t\t\t<h2 class=\"elementor-heading-title elementor-size-default\">diagnoses<\/h2>\t\t\t\t<\/div>\n\t\t\t\t<\/div>\n\t\t\t\t<div class=\"elementor-element elementor-element-45e05144 elementor-widget elementor-widget-text-editor\" data-id=\"45e05144\" data-element_type=\"widget\" data-e-type=\"widget\" data-widget_type=\"text-editor.default\">\n\t\t\t\t<div class=\"elementor-widget-container\">\n\t\t\t\t\t\t\t\t\t<p>Similes Brussels strijdt al enkele jaren voor de erkenning van de plaats van gezinnen in het kader van de hervorming 107, begeleiding van familieleden, in samenwerking met Similes Wallonia in zijn politieke werkgroep, AXE4.<\/p>\t\t\t\t\t\t\t\t<\/div>\n\t\t\t\t<\/div>\n\t\t\t\t\t<\/div>\n\t\t<\/div>\n\t\t\t\t<div class=\"elementor-column elementor-col-50 elementor-top-column elementor-element elementor-element-4d296a46\" data-id=\"4d296a46\" data-element_type=\"column\" data-e-type=\"column\" data-settings=\"{&quot;background_background&quot;:&quot;classic&quot;}\">\n\t\t\t<div class=\"elementor-widget-wrap elementor-element-populated\">\n\t\t\t\t\t\t<div class=\"elementor-element elementor-element-3fa160b6 elementor-widget elementor-widget-spacer\" data-id=\"3fa160b6\" data-element_type=\"widget\" data-e-type=\"widget\" data-widget_type=\"spacer.default\">\n\t\t\t\t<div class=\"elementor-widget-container\">\n\t\t\t\t\t\t\t<div class=\"elementor-spacer\">\n\t\t\t<div class=\"elementor-spacer-inner\"><\/div>\n\t\t<\/div>\n\t\t\t\t\t\t<\/div>\n\t\t\t\t<\/div>\n\t\t\t\t\t<\/div>\n\t\t<\/div>\n\t\t\t\t\t<\/div>\n\t\t<\/section>\n\t\t\t\t<section class=\"elementor-section elementor-top-section elementor-element elementor-element-91977cc elementor-section-full_width elementor-section-content-middle elementor-reverse-tablet elementor-reverse-mobile elementor-section-height-min-height elementor-section-items-bottom elementor-section-height-default\" data-id=\"91977cc\" data-element_type=\"section\" data-e-type=\"section\">\n\t\t\t\t\t\t<div class=\"elementor-container elementor-column-gap-default\">\n\t\t\t\t\t<div class=\"elementor-column elementor-col-100 elementor-top-column elementor-element elementor-element-77fcb91\" data-id=\"77fcb91\" data-element_type=\"column\" data-e-type=\"column\" data-settings=\"{&quot;background_background&quot;:&quot;classic&quot;}\">\n\t\t\t<div class=\"elementor-widget-wrap elementor-element-populated\">\n\t\t\t\t\t\t<div class=\"elementor-element elementor-element-8fb4c8d elementor-widget elementor-widget-heading\" data-id=\"8fb4c8d\" data-element_type=\"widget\" data-e-type=\"widget\" data-widget_type=\"heading.default\">\n\t\t\t\t<div class=\"elementor-widget-container\">\n\t\t\t\t\t<h2 class=\"elementor-heading-title elementor-size-default\">Onze partners<\/h2>\t\t\t\t<\/div>\n\t\t\t\t<\/div>\n\t\t\t\t\t<\/div>\n\t\t<\/div>\n\t\t\t\t\t<\/div>\n\t\t<\/section>\n\t\t\t\t<section class=\"elementor-section elementor-top-section elementor-element elementor-element-54170e1 elementor-section-content-middle elementor-section-boxed elementor-section-height-default elementor-section-height-default\" data-id=\"54170e1\" data-element_type=\"section\" data-e-type=\"section\">\n\t\t\t\t\t\t<div class=\"elementor-container elementor-column-gap-default\">\n\t\t\t\t\t<div class=\"elementor-column elementor-col-100 elementor-top-column elementor-element elementor-element-f33cbc0\" data-id=\"f33cbc0\" data-element_type=\"column\" data-e-type=\"column\">\n\t\t\t<div class=\"elementor-widget-wrap elementor-element-populated\">\n\t\t\t\t\t\t<div class=\"elementor-element elementor-element-7548dbe pp-image-slider-carousel pp-ins-normal pp-ins-hover-normal elementor-widget elementor-widget-pp-image-slider\" data-id=\"7548dbe\" data-element_type=\"widget\" data-e-type=\"widget\" data-settings=\"{&quot;skin&quot;:&quot;carousel&quot;,&quot;pause_on_hover&quot;:&quot;yes&quot;,&quot;infinite_loop&quot;:&quot;yes&quot;}\" data-widget_type=\"pp-image-slider.default\">\n\t\t\t\t<div class=\"elementor-widget-container\">\n\t\t\t\t\t\t\t\t\t<div class=\"pp-image-slider-container\">\n\t\t\t<div class=\"pp-image-slider-wrap swiper-container-wrap\">\n\t\t\t\t<div class=\"pp-image-slider-box\">\n\t\t\t\t\t<div class=\"pp-image-slider pp-swiper-slider swiper\" id=\"pp-image-slider-7548dbe\" data-slider-settings=\"{&quot;direction&quot;:&quot;horizontal&quot;,&quot;effect&quot;:&quot;slide&quot;,&quot;speed&quot;:600,&quot;slides_per_view&quot;:5,&quot;slides_per_group&quot;:1,&quot;space_between&quot;:80,&quot;auto_height&quot;:true,&quot;loop&quot;:&quot;yes&quot;,&quot;autoplay&quot;:&quot;yes&quot;,&quot;autoplay_speed&quot;:3000,&quot;show_arrows&quot;:true,&quot;slides_per_view_mobile&quot;:2,&quot;slides_per_group_mobile&quot;:1,&quot;space_between_mobile&quot;:10,&quot;slides_per_view_tablet&quot;:2,&quot;slides_per_group_tablet&quot;:1,&quot;space_between_tablet&quot;:10}\">\n\t\t\t\t\t\t<div class=\"swiper-wrapper\">\n\t\t\t\t\t\t\t\t\t\t<div class=\"pp-image-slider-thumb-item-wrap pp-swiper-slide swiper-slide\">\n\t\t\t\t<a target=\"_blank\" href=\"https:\/\/associationsimiles.org\" class=\"pp-image-slider-slide-link\"><div class=\"pp-image-slider-thumb-item pp-image pp-ins-filter-hover\"><div class=\"pp-image-slider-thumb-image pp-ins-filter-target\"><img decoding=\"async\" src=\"https:\/\/similes.brussels\/wp-content\/uploads\/2022\/03\/image002-300x150.jpeg\" alt=\"image002\" \/><\/div><div class=\"pp-image-slider-thumb-overlay pp-media-overlay\"><\/div><\/div><\/a>\t\t\t<\/div>\n\t\t\t\t\t\t<div class=\"pp-image-slider-thumb-item-wrap pp-swiper-slide swiper-slide\">\n\t\t\t\t<a target=\"_blank\" href=\"https:\/\/nl.similes.be\" class=\"pp-image-slider-slide-link\"><div class=\"pp-image-slider-thumb-item pp-image pp-ins-filter-hover\"><div class=\"pp-image-slider-thumb-image pp-ins-filter-target\"><img decoding=\"async\" src=\"https:\/\/similes.brussels\/wp-content\/uploads\/2022\/03\/image003-300x155.png\" alt=\"image003\" \/><\/div><div class=\"pp-image-slider-thumb-overlay pp-media-overlay\"><\/div><\/div><\/a>\t\t\t<\/div>\n\t\t\t\t\t\t<div class=\"pp-image-slider-thumb-item-wrap pp-swiper-slide swiper-slide\">\n\t\t\t\t<a target=\"_blank\" href=\"https:\/\/www.aidants-proches.be\" class=\"pp-image-slider-slide-link\"><div class=\"pp-image-slider-thumb-item pp-image pp-ins-filter-hover\"><div class=\"pp-image-slider-thumb-image pp-ins-filter-target\"><img decoding=\"async\" src=\"https:\/\/similes.brussels\/wp-content\/uploads\/2022\/03\/aidanproche-300x300.jpg\" alt=\"aidanproche\" \/><\/div><div class=\"pp-image-slider-thumb-overlay pp-media-overlay\"><\/div><\/div><\/a>\t\t\t<\/div>\n\t\t\t\t\t\t<div class=\"pp-image-slider-thumb-item-wrap pp-swiper-slide swiper-slide\">\n\t\t\t\t<a target=\"_blank\" href=\"https:\/\/platformbxl.brussels\/fr\" class=\"pp-image-slider-slide-link\"><div class=\"pp-image-slider-thumb-item pp-image pp-ins-filter-hover\"><div class=\"pp-image-slider-thumb-image pp-ins-filter-target\"><img decoding=\"async\" src=\"https:\/\/similes.brussels\/wp-content\/uploads\/2022\/09\/Logo-Plateforme-2-langues-300x168.png\" alt=\"Logo-Plateforme 2 langues\" \/><\/div><div class=\"pp-image-slider-thumb-overlay pp-media-overlay\"><\/div><\/div><\/a>\t\t\t<\/div>\n\t\t\t\t\t\t<div class=\"pp-image-slider-thumb-item-wrap pp-swiper-slide swiper-slide\">\n\t\t\t\t<a target=\"_blank\" href=\"https:\/\/www.reseau-sam.be\/fr\/\" class=\"pp-image-slider-slide-link\"><div class=\"pp-image-slider-thumb-item pp-image pp-ins-filter-hover\"><div class=\"pp-image-slider-thumb-image pp-ins-filter-target\"><img decoding=\"async\" src=\"https:\/\/similes.brussels\/wp-content\/uploads\/2022\/03\/SAM_logo-300x300.png\" alt=\"SAM_logo\" \/><\/div><div class=\"pp-image-slider-thumb-overlay pp-media-overlay\"><\/div><\/div><\/a>\t\t\t<\/div>\n\t\t\t\t\t\t<div class=\"pp-image-slider-thumb-item-wrap pp-swiper-slide swiper-slide\">\n\t\t\t\t<a target=\"_blank\" href=\"https:\/\/profamille.site\" class=\"pp-image-slider-slide-link\"><div class=\"pp-image-slider-thumb-item pp-image pp-ins-filter-hover\"><div class=\"pp-image-slider-thumb-image pp-ins-filter-target\"><img decoding=\"async\" src=\"https:\/\/similes.brussels\/wp-content\/uploads\/2022\/03\/Profamille-870x489-870x489-1-300x169.jpeg\" alt=\"Profamille\" \/><\/div><div class=\"pp-image-slider-thumb-overlay pp-media-overlay\"><\/div><\/div><\/a>\t\t\t<\/div>\n\t\t\t\t\t\t<div class=\"pp-image-slider-thumb-item-wrap pp-swiper-slide swiper-slide\">\n\t\t\t\t<a target=\"_blank\" href=\"https:\/\/lbsm.be\" class=\"pp-image-slider-slide-link\"><div class=\"pp-image-slider-thumb-item pp-image pp-ins-filter-hover\"><div class=\"pp-image-slider-thumb-image pp-ins-filter-target\"><img decoding=\"async\" src=\"https:\/\/similes.brussels\/wp-content\/uploads\/2022\/03\/logo_lbsm-300x300.png\" alt=\"logo_lbsm\" \/><\/div><div class=\"pp-image-slider-thumb-overlay pp-media-overlay\"><\/div><\/div><\/a>\t\t\t<\/div>\n\t\t\t\t\t\t<div class=\"pp-image-slider-thumb-item-wrap pp-swiper-slide swiper-slide\">\n\t\t\t\t<a target=\"_blank\" href=\"https:\/\/www.plateformepsylux.be\" class=\"pp-image-slider-slide-link\"><div class=\"pp-image-slider-thumb-item pp-image pp-ins-filter-hover\"><div class=\"pp-image-slider-thumb-image pp-ins-filter-target\"><img decoding=\"async\" src=\"https:\/\/similes.brussels\/wp-content\/uploads\/2022\/03\/logo-plateforme-sante-mentale-300x149.jpeg\" alt=\"logo-plateforme-sante-mentale\" \/><\/div><div class=\"pp-image-slider-thumb-overlay pp-media-overlay\"><\/div><\/div><\/a>\t\t\t<\/div>\n\t\t\t\t\t\t<div class=\"pp-image-slider-thumb-item-wrap pp-swiper-slide swiper-slide\">\n\t\t\t\t<a target=\"_blank\" href=\"http:\/\/www.107bru.be\" class=\"pp-image-slider-slide-link\"><div class=\"pp-image-slider-thumb-item pp-image pp-ins-filter-hover\"><div class=\"pp-image-slider-thumb-image pp-ins-filter-target\"><img decoding=\"async\" src=\"https:\/\/similes.brussels\/wp-content\/uploads\/2022\/03\/logo-107-blc.jpeg\" alt=\"logo 107 blc\" \/><\/div><div class=\"pp-image-slider-thumb-overlay pp-media-overlay\"><\/div><\/div><\/a>\t\t\t<\/div>\n\t\t\t\t\t\t<div class=\"pp-image-slider-thumb-item-wrap pp-swiper-slide swiper-slide\">\n\t\t\t\t<a target=\"_blank\" href=\"https:\/\/www.rezone.be\" class=\"pp-image-slider-slide-link\"><div class=\"pp-image-slider-thumb-item pp-image pp-ins-filter-hover\"><div class=\"pp-image-slider-thumb-image pp-ins-filter-target\"><img decoding=\"async\" src=\"https:\/\/similes.brussels\/wp-content\/uploads\/2022\/03\/logo_nl_fr_partenaires_2-min_1-300x300.jpeg\" alt=\"logo_nl_fr_partenaires_2-min_1\" \/><\/div><div class=\"pp-image-slider-thumb-overlay pp-media-overlay\"><\/div><\/div><\/a>\t\t\t<\/div>\n\t\t\t\t\t\t<div class=\"pp-image-slider-thumb-item-wrap pp-swiper-slide swiper-slide\">\n\t\t\t\t<a target=\"_blank\" href=\"https:\/\/www.norwest.be\/fr\/\" class=\"pp-image-slider-slide-link\"><div class=\"pp-image-slider-thumb-item pp-image pp-ins-filter-hover\"><div class=\"pp-image-slider-thumb-image pp-ins-filter-target\"><img decoding=\"async\" src=\"https:\/\/similes.brussels\/wp-content\/uploads\/2022\/03\/3688102795650-300x300.png\" alt=\"3688102795650\" \/><\/div><div class=\"pp-image-slider-thumb-overlay pp-media-overlay\"><\/div><\/div><\/a>\t\t\t<\/div>\n\t\t\t\t\t\t<div class=\"pp-image-slider-thumb-item-wrap pp-swiper-slide swiper-slide\">\n\t\t\t\t<a target=\"_blank\" href=\"https:\/\/bru4home.be\" class=\"pp-image-slider-slide-link\"><div class=\"pp-image-slider-thumb-item pp-image pp-ins-filter-hover\"><div class=\"pp-image-slider-thumb-image pp-ins-filter-target\"><img decoding=\"async\" src=\"https:\/\/similes.brussels\/wp-content\/uploads\/2022\/03\/final_logo_cercle-300x263.png\" alt=\"final_logo_cercle\" \/><\/div><div class=\"pp-image-slider-thumb-overlay pp-media-overlay\"><\/div><\/div><\/a>\t\t\t<\/div>\n\t\t\t\t\t\t<div class=\"pp-image-slider-thumb-item-wrap pp-swiper-slide swiper-slide\">\n\t\t\t\t<a target=\"_blank\" href=\"https:\/\/www.luss.be\" class=\"pp-image-slider-slide-link\"><div class=\"pp-image-slider-thumb-item pp-image pp-ins-filter-hover\"><div class=\"pp-image-slider-thumb-image pp-ins-filter-target\"><img decoding=\"async\" src=\"https:\/\/similes.brussels\/wp-content\/uploads\/2022\/03\/arton56-300x300.png\" alt=\"arton56\" \/><\/div><div class=\"pp-image-slider-thumb-overlay pp-media-overlay\"><\/div><\/div><\/a>\t\t\t<\/div>\n\t\t\t\t\t\t<div class=\"pp-image-slider-thumb-item-wrap pp-swiper-slide swiper-slide\">\n\t\t\t\t<a target=\"_blank\" href=\"https:\/\/www.bipolarite.org\" class=\"pp-image-slider-slide-link\"><div class=\"pp-image-slider-thumb-item pp-image pp-ins-filter-hover\"><div class=\"pp-image-slider-thumb-image pp-ins-filter-target\"><img decoding=\"async\" src=\"https:\/\/similes.brussels\/wp-content\/uploads\/2022\/03\/funambule-logo-rond-min-300x300.png\" alt=\"funambule-logo-rond-min\" \/><\/div><div class=\"pp-image-slider-thumb-overlay pp-media-overlay\"><\/div><\/div><\/a>\t\t\t<\/div>\n\t\t\t\t\t\t<div class=\"pp-image-slider-thumb-item-wrap pp-swiper-slide swiper-slide\">\n\t\t\t\t<a target=\"_blank\" href=\"https:\/\/hermesplus.be\/fr\/accueil\/\" class=\"pp-image-slider-slide-link\"><div class=\"pp-image-slider-thumb-item pp-image pp-ins-filter-hover\"><div class=\"pp-image-slider-thumb-image pp-ins-filter-target\"><img decoding=\"async\" src=\"https:\/\/similes.brussels\/wp-content\/uploads\/2022\/03\/137715981281-300x300.jpeg\" alt=\"137715981281\" \/><\/div><div class=\"pp-image-slider-thumb-overlay pp-media-overlay\"><\/div><\/div><\/a>\t\t\t<\/div>\n\t\t\t\t\t\t\t\t\t<\/div>\n\t\t\t\t\t\t<div class=\"pp-screen-only elementor-screen-only\" aria-live=\"polite\" id=\"pp-image-carousel-status\">Affichage de la diapositive 1 de 15<\/div>\t\t\t\t\t<\/div>\n\t\t\t\t\t\t\t\t\t<div class=\"pp-slider-arrow elementor-swiper-button-prev swiper-button-prev-7548dbe\" role=\"button\" tabindex=\"0\">\n\t\t\t\t\t<i aria-hidden=\"true\" class=\"fas fa-angle-left\"><\/i>\t\t\t\t<\/div>\n\t\t\t\t<div class=\"pp-slider-arrow elementor-swiper-button-next swiper-button-next-7548dbe\" role=\"button\" tabindex=\"0\">\n\t\t\t\t\t<i aria-hidden=\"true\" class=\"fas fa-angle-right\"><\/i>\t\t\t\t<\/div>\n\t\t\t\t\t\t\t<\/div>\n\t\t\t<\/div>\n\t\t\t\t\t<\/div>\n\t\t\t\t\t\t\t<\/div>\n\t\t\t\t<\/div>\n\t\t\t\t\t<\/div>\n\t\t<\/div>\n\t\t\t\t\t<\/div>\n\t\t<\/section>\n\t\t\t\t<\/div>","protected":false},"excerpt":{"rendered":"<p>Qui sommes-nous ? Similes Bruxelles ASBL, cr\u00e9\u00e9e en 1968, \u00e0 l\u2019initiative des familles et des proches de personnes atteintes ou souffrant de troubles psychiques, est la pionni\u00e8re des ASBL SIMILES en Belgique. Quelles sont nos missions ? Similes est soutenue par la COCOF, la COCOM et Actiris pour r\u00e9aliser plusieurs missions. Accueillir, \u00e9couter les familles [&hellip;]<\/p>\n","protected":false},"author":2,"featured_media":720,"parent":0,"menu_order":2,"comment_status":"closed","ping_status":"closed","template":"elementor_header_footer","meta":{"give_campaign_id":0,"footnotes":""},"class_list":["post-153","page","type-page","status-publish","has-post-thumbnail","hentry"],"yoast_head":"<!-- This site is optimized with the Yoast SEO plugin v27.5 - https:\/\/yoast.com\/product\/yoast-seo-wordpress\/ -->\n<title>Qui sommes-nous ? - Similes Bruxelles<\/title>\n<meta name=\"robots\" content=\"index, follow, max-snippet:-1, max-image-preview:large, max-video-preview:-1\" \/>\n<link rel=\"canonical\" href=\"https:\/\/similes.brussels\/nl\/qui-sommes-nous\/\" \/>\n<meta property=\"og:locale\" content=\"nl_BE\" \/>\n<meta property=\"og:type\" content=\"article\" \/>\n<meta property=\"og:title\" content=\"Qui sommes-nous ? - Similes Bruxelles\" \/>\n<meta property=\"og:description\" content=\"Qui sommes-nous ? Similes Bruxelles ASBL, cr\u00e9\u00e9e en 1968, \u00e0 l\u2019initiative des familles et des proches de personnes atteintes ou souffrant de troubles psychiques, est la pionni\u00e8re des ASBL SIMILES en Belgique. Quelles sont nos missions ? Similes est soutenue par la COCOF, la COCOM et Actiris pour r\u00e9aliser plusieurs missions. Accueillir, \u00e9couter les familles [&hellip;]\" \/>\n<meta property=\"og:url\" content=\"https:\/\/similes.brussels\/nl\/qui-sommes-nous\/\" \/>\n<meta property=\"og:site_name\" content=\"Similes Bruxelles\" \/>\n<meta property=\"article:publisher\" content=\"https:\/\/www.facebook.com\/Similes-Bruxelles-306957199759906\/\" \/>\n<meta property=\"article:modified_time\" content=\"2025-09-03T12:59:13+00:00\" \/>\n<meta property=\"og:image\" content=\"https:\/\/similes.brussels\/wp-content\/uploads\/2022\/01\/closeup-diverse-people-joining-their-hands.jpg\" \/>\n\t<meta property=\"og:image:width\" content=\"2000\" \/>\n\t<meta property=\"og:image:height\" content=\"1125\" \/>\n\t<meta property=\"og:image:type\" content=\"image\/jpeg\" \/>\n<meta name=\"twitter:card\" content=\"summary_large_image\" \/>\n<meta name=\"twitter:label1\" content=\"Geschatte leestijd\" \/>\n\t<meta name=\"twitter:data1\" content=\"10 minuten\" \/>\n<script type=\"application\/ld+json\" class=\"yoast-schema-graph\">{\"@context\":\"https:\\\/\\\/schema.org\",\"@graph\":[{\"@type\":\"WebPage\",\"@id\":\"https:\\\/\\\/similes.brussels\\\/qui-sommes-nous\\\/\",\"url\":\"https:\\\/\\\/similes.brussels\\\/qui-sommes-nous\\\/\",\"name\":\"Qui sommes-nous ? - Similes Bruxelles\",\"isPartOf\":{\"@id\":\"https:\\\/\\\/similes.brussels\\\/#website\"},\"primaryImageOfPage\":{\"@id\":\"https:\\\/\\\/similes.brussels\\\/qui-sommes-nous\\\/#primaryimage\"},\"image\":{\"@id\":\"https:\\\/\\\/similes.brussels\\\/qui-sommes-nous\\\/#primaryimage\"},\"thumbnailUrl\":\"https:\\\/\\\/similes.brussels\\\/wp-content\\\/uploads\\\/2022\\\/01\\\/closeup-diverse-people-joining-their-hands.jpg\",\"datePublished\":\"2021-10-19T15:24:50+00:00\",\"dateModified\":\"2025-09-03T12:59:13+00:00\",\"breadcrumb\":{\"@id\":\"https:\\\/\\\/similes.brussels\\\/qui-sommes-nous\\\/#breadcrumb\"},\"inLanguage\":\"nl-BE\",\"potentialAction\":[{\"@type\":\"ReadAction\",\"target\":[\"https:\\\/\\\/similes.brussels\\\/qui-sommes-nous\\\/\"]}]},{\"@type\":\"ImageObject\",\"inLanguage\":\"nl-BE\",\"@id\":\"https:\\\/\\\/similes.brussels\\\/qui-sommes-nous\\\/#primaryimage\",\"url\":\"https:\\\/\\\/similes.brussels\\\/wp-content\\\/uploads\\\/2022\\\/01\\\/closeup-diverse-people-joining-their-hands.jpg\",\"contentUrl\":\"https:\\\/\\\/similes.brussels\\\/wp-content\\\/uploads\\\/2022\\\/01\\\/closeup-diverse-people-joining-their-hands.jpg\",\"width\":2000,\"height\":1125},{\"@type\":\"BreadcrumbList\",\"@id\":\"https:\\\/\\\/similes.brussels\\\/qui-sommes-nous\\\/#breadcrumb\",\"itemListElement\":[{\"@type\":\"ListItem\",\"position\":1,\"name\":\"Accueil\",\"item\":\"https:\\\/\\\/similes.brussels\\\/\"},{\"@type\":\"ListItem\",\"position\":2,\"name\":\"Qui sommes-nous ?\"}]},{\"@type\":\"WebSite\",\"@id\":\"https:\\\/\\\/similes.brussels\\\/#website\",\"url\":\"https:\\\/\\\/similes.brussels\\\/\",\"name\":\"Similes Bruxelles\",\"description\":\"Vous n&#039;\u00eates pas seuls!\",\"publisher\":{\"@id\":\"https:\\\/\\\/similes.brussels\\\/#organization\"},\"potentialAction\":[{\"@type\":\"SearchAction\",\"target\":{\"@type\":\"EntryPoint\",\"urlTemplate\":\"https:\\\/\\\/similes.brussels\\\/?s={search_term_string}\"},\"query-input\":{\"@type\":\"PropertyValueSpecification\",\"valueRequired\":true,\"valueName\":\"search_term_string\"}}],\"inLanguage\":\"nl-BE\"},{\"@type\":\"Organization\",\"@id\":\"https:\\\/\\\/similes.brussels\\\/#organization\",\"name\":\"Similes Bruxelles\",\"url\":\"https:\\\/\\\/similes.brussels\\\/\",\"logo\":{\"@type\":\"ImageObject\",\"inLanguage\":\"nl-BE\",\"@id\":\"https:\\\/\\\/similes.brussels\\\/#\\\/schema\\\/logo\\\/image\\\/\",\"url\":\"https:\\\/\\\/similes.brussels\\\/wp-content\\\/uploads\\\/2022\\\/01\\\/Capture-de\u0301cran-254.png\",\"contentUrl\":\"https:\\\/\\\/similes.brussels\\\/wp-content\\\/uploads\\\/2022\\\/01\\\/Capture-de\u0301cran-254.png\",\"width\":1756,\"height\":1624,\"caption\":\"Similes Bruxelles\"},\"image\":{\"@id\":\"https:\\\/\\\/similes.brussels\\\/#\\\/schema\\\/logo\\\/image\\\/\"},\"sameAs\":[\"https:\\\/\\\/www.facebook.com\\\/Similes-Bruxelles-306957199759906\\\/\"]}]}<\/script>\n<!-- \/ Yoast SEO plugin. -->","yoast_head_json":{"title":"Wie zijn wij? - Similes Brussels","robots":{"index":"index","follow":"follow","max-snippet":"max-snippet:-1","max-image-preview":"max-image-preview:large","max-video-preview":"max-video-preview:-1"},"canonical":"https:\/\/similes.brussels\/nl\/qui-sommes-nous\/","og_locale":"nl_BE","og_type":"article","og_title":"Qui sommes-nous ? - Similes Bruxelles","og_description":"Qui sommes-nous ? Similes Bruxelles ASBL, cr\u00e9\u00e9e en 1968, \u00e0 l\u2019initiative des familles et des proches de personnes atteintes ou souffrant de troubles psychiques, est la pionni\u00e8re des ASBL SIMILES en Belgique. Quelles sont nos missions ? Similes est soutenue par la COCOF, la COCOM et Actiris pour r\u00e9aliser plusieurs missions. Accueillir, \u00e9couter les familles [&hellip;]","og_url":"https:\/\/similes.brussels\/nl\/qui-sommes-nous\/","og_site_name":"Similes Bruxelles","article_publisher":"https:\/\/www.facebook.com\/Similes-Bruxelles-306957199759906\/","article_modified_time":"2025-09-03T12:59:13+00:00","og_image":[{"width":2000,"height":1125,"url":"https:\/\/similes.brussels\/wp-content\/uploads\/2022\/01\/closeup-diverse-people-joining-their-hands.jpg","type":"image\/jpeg"}],"twitter_card":"summary_large_image","twitter_misc":{"Geschatte leestijd":"10 minuten"},"schema":{"@context":"https:\/\/schema.org","@graph":[{"@type":"WebPage","@id":"https:\/\/similes.brussels\/qui-sommes-nous\/","url":"https:\/\/similes.brussels\/qui-sommes-nous\/","name":"Wie zijn wij? - Similes Brussels","isPartOf":{"@id":"https:\/\/similes.brussels\/#website"},"primaryImageOfPage":{"@id":"https:\/\/similes.brussels\/qui-sommes-nous\/#primaryimage"},"image":{"@id":"https:\/\/similes.brussels\/qui-sommes-nous\/#primaryimage"},"thumbnailUrl":"https:\/\/similes.brussels\/wp-content\/uploads\/2022\/01\/closeup-diverse-people-joining-their-hands.jpg","datePublished":"2021-10-19T15:24:50+00:00","dateModified":"2025-09-03T12:59:13+00:00","breadcrumb":{"@id":"https:\/\/similes.brussels\/qui-sommes-nous\/#breadcrumb"},"inLanguage":"nl-BE","potentialAction":[{"@type":"ReadAction","target":["https:\/\/similes.brussels\/qui-sommes-nous\/"]}]},{"@type":"ImageObject","inLanguage":"nl-BE","@id":"https:\/\/similes.brussels\/qui-sommes-nous\/#primaryimage","url":"https:\/\/similes.brussels\/wp-content\/uploads\/2022\/01\/closeup-diverse-people-joining-their-hands.jpg","contentUrl":"https:\/\/similes.brussels\/wp-content\/uploads\/2022\/01\/closeup-diverse-people-joining-their-hands.jpg","width":2000,"height":1125},{"@type":"BreadcrumbList","@id":"https:\/\/similes.brussels\/qui-sommes-nous\/#breadcrumb","itemListElement":[{"@type":"ListItem","position":1,"name":"Accueil","item":"https:\/\/similes.brussels\/"},{"@type":"ListItem","position":2,"name":"Qui sommes-nous ?"}]},{"@type":"WebSite","@id":"https:\/\/similes.brussels\/#website","url":"https:\/\/similes.brussels\/","name":"Similes Brussel","description":"Je bent niet alleen!","publisher":{"@id":"https:\/\/similes.brussels\/#organization"},"potentialAction":[{"@type":"SearchAction","target":{"@type":"EntryPoint","urlTemplate":"https:\/\/similes.brussels\/?s={search_term_string}"},"query-input":{"@type":"PropertyValueSpecification","valueRequired":true,"valueName":"search_term_string"}}],"inLanguage":"nl-BE"},{"@type":"Organization","@id":"https:\/\/similes.brussels\/#organization","name":"Similes Brussel","url":"https:\/\/similes.brussels\/","logo":{"@type":"ImageObject","inLanguage":"nl-BE","@id":"https:\/\/similes.brussels\/#\/schema\/logo\/image\/","url":"https:\/\/similes.brussels\/wp-content\/uploads\/2022\/01\/Capture-de\u0301cran-254.png","contentUrl":"https:\/\/similes.brussels\/wp-content\/uploads\/2022\/01\/Capture-de\u0301cran-254.png","width":1756,"height":1624,"caption":"Similes Bruxelles"},"image":{"@id":"https:\/\/similes.brussels\/#\/schema\/logo\/image\/"},"sameAs":["https:\/\/www.facebook.com\/Similes-Bruxelles-306957199759906\/"]}]}},"campaignId":"","_links":{"self":[{"href":"https:\/\/similes.brussels\/nl\/wp-json\/wp\/v2\/pages\/153","targetHints":{"allow":["GET"]}}],"collection":[{"href":"https:\/\/similes.brussels\/nl\/wp-json\/wp\/v2\/pages"}],"about":[{"href":"https:\/\/similes.brussels\/nl\/wp-json\/wp\/v2\/types\/page"}],"author":[{"embeddable":true,"href":"https:\/\/similes.brussels\/nl\/wp-json\/wp\/v2\/users\/2"}],"replies":[{"embeddable":true,"href":"https:\/\/similes.brussels\/nl\/wp-json\/wp\/v2\/comments?post=153"}],"version-history":[{"count":8,"href":"https:\/\/similes.brussels\/nl\/wp-json\/wp\/v2\/pages\/153\/revisions"}],"predecessor-version":[{"id":2606,"href":"https:\/\/similes.brussels\/nl\/wp-json\/wp\/v2\/pages\/153\/revisions\/2606"}],"wp:featuredmedia":[{"embeddable":true,"href":"https:\/\/similes.brussels\/nl\/wp-json\/wp\/v2\/media\/720"}],"wp:attachment":[{"href":"https:\/\/similes.brussels\/nl\/wp-json\/wp\/v2\/media?parent=153"}],"curies":[{"name":"wp","href":"https:\/\/api.w.org\/{rel}","templated":true}]}}