{"id":1554,"date":"2022-03-30T17:56:17","date_gmt":"2022-03-30T16:56:11","guid":{"rendered":"https:\/\/similes.brussels\/?page_id=1554"},"modified":"2022-03-30T18:38:07","modified_gmt":"2022-03-30T17:38:07","slug":"profamille","status":"publish","type":"page","link":"https:\/\/similes.brussels\/nl\/activites\/formation\/profamille\/","title":{"rendered":"Profiel\u00a0"},"content":{"rendered":"<div data-elementor-type=\"wp-page\" data-elementor-id=\"1554\" class=\"elementor elementor-1554\" data-elementor-post-type=\"page\">\n\t\t\t\t\t\t<section class=\"elementor-section elementor-top-section elementor-element elementor-element-c8c7a85 elementor-section-content-middle elementor-reverse-tablet elementor-reverse-mobile elementor-section-height-min-height elementor-section-items-bottom elementor-section-boxed elementor-section-height-default\" data-id=\"c8c7a85\" data-element_type=\"section\" data-e-type=\"section\">\n\t\t\t\t\t\t<div class=\"elementor-container elementor-column-gap-default\">\n\t\t\t\t\t<div class=\"elementor-column elementor-col-100 elementor-top-column elementor-element elementor-element-0265ad8\" data-id=\"0265ad8\" data-element_type=\"column\" data-e-type=\"column\" data-settings=\"{&quot;background_background&quot;:&quot;classic&quot;}\">\n\t\t\t<div class=\"elementor-widget-wrap elementor-element-populated\">\n\t\t\t\t\t\t<div class=\"elementor-element elementor-element-6469af1 elementor-widget elementor-widget-image\" data-id=\"6469af1\" data-element_type=\"widget\" data-e-type=\"widget\" data-widget_type=\"image.default\">\n\t\t\t\t<div class=\"elementor-widget-container\">\n\t\t\t\t\t\t\t\t\t\t\t\t\t\t\t<img fetchpriority=\"high\" decoding=\"async\" width=\"800\" height=\"450\" src=\"https:\/\/similes.brussels\/wp-content\/uploads\/2022\/03\/Profamille-870x489-870x489-1.jpeg\" class=\"attachment-large size-large wp-image-1442\" alt=\"\" srcset=\"https:\/\/similes.brussels\/wp-content\/uploads\/2022\/03\/Profamille-870x489-870x489-1.jpeg 870w, https:\/\/similes.brussels\/wp-content\/uploads\/2022\/03\/Profamille-870x489-870x489-1-300x169.jpeg 300w, https:\/\/similes.brussels\/wp-content\/uploads\/2022\/03\/Profamille-870x489-870x489-1-768x432.jpeg 768w, https:\/\/similes.brussels\/wp-content\/uploads\/2022\/03\/Profamille-870x489-870x489-1-600x337.jpeg 600w\" sizes=\"(max-width: 800px) 100vw, 800px\" \/>\t\t\t\t\t\t\t\t\t\t\t\t\t\t\t<\/div>\n\t\t\t\t<\/div>\n\t\t\t\t<div class=\"elementor-element elementor-element-f8c7186 elementor-widget elementor-widget-heading\" data-id=\"f8c7186\" data-element_type=\"widget\" data-e-type=\"widget\" data-widget_type=\"heading.default\">\n\t\t\t\t<div class=\"elementor-widget-container\">\n\t\t\t\t\t<h2 class=\"elementor-heading-title elementor-size-default\">Profiel\u00a0<\/h2>\t\t\t\t<\/div>\n\t\t\t\t<\/div>\n\t\t\t\t<div class=\"elementor-element elementor-element-216f95b elementor-widget elementor-widget-text-editor\" data-id=\"216f95b\" data-element_type=\"widget\" data-e-type=\"widget\" data-widget_type=\"text-editor.default\">\n\t\t\t\t<div class=\"elementor-widget-container\">\n\t\t\t\t\t\t\t\t\t<p>Psycho-educatieprogramma voor familieleden van een persoon met schizofrenie of aanverwante stoornissen<\/p>\t\t\t\t\t\t\t\t<\/div>\n\t\t\t\t<\/div>\n\t\t\t\t\t<\/div>\n\t\t<\/div>\n\t\t\t\t\t<\/div>\n\t\t<\/section>\n\t\t\t\t<section class=\"elementor-section elementor-top-section elementor-element elementor-element-1b02107 elementor-section-full_width elementor-reverse-mobile elementor-section-height-default elementor-section-height-default\" data-id=\"1b02107\" data-element_type=\"section\" data-e-type=\"section\">\n\t\t\t\t\t\t<div class=\"elementor-container elementor-column-gap-default\">\n\t\t\t\t\t<div class=\"elementor-column elementor-col-50 elementor-top-column elementor-element elementor-element-a26c5d7\" data-id=\"a26c5d7\" data-element_type=\"column\" data-e-type=\"column\" data-settings=\"{&quot;background_background&quot;:&quot;classic&quot;}\">\n\t\t\t<div class=\"elementor-widget-wrap elementor-element-populated\">\n\t\t\t\t\t\t<div class=\"elementor-element elementor-element-6c3829a elementor-cta--skin-cover elementor-widget elementor-widget-call-to-action\" data-id=\"6c3829a\" data-element_type=\"widget\" data-e-type=\"widget\" data-widget_type=\"call-to-action.default\">\n\t\t\t\t<div class=\"elementor-widget-container\">\n\t\t\t\t\t\t\t<div class=\"elementor-cta\">\n\t\t\t\t\t<div class=\"elementor-cta__bg-wrapper\">\n\t\t\t\t<div class=\"elementor-cta__bg elementor-bg\" style=\"background-image: url(https:\/\/similes.brussels\/wp-content\/uploads\/2022\/03\/1643207747411-1024x1024.jpg);\" role=\"img\" aria-label=\"1643207747411\"><\/div>\n\t\t\t\t<div class=\"elementor-cta__bg-overlay\"><\/div>\n\t\t\t<\/div>\n\t\t\t\t\t\t\t<div class=\"elementor-cta__content\">\n\t\t\t\t\n\t\t\t\t\t\t\t\t\t<span class=\"elementor-cta__title elementor-cta__content-item elementor-content-item\">\n\t\t\t\t\t\t \t\t\t\t\t<\/span>\n\t\t\t\t\n\t\t\t\t\n\t\t\t\t\t\t\t<\/div>\n\t\t\t\t\t\t<\/div>\n\t\t\t\t\t\t<\/div>\n\t\t\t\t<\/div>\n\t\t\t\t\t<\/div>\n\t\t<\/div>\n\t\t\t\t<div class=\"elementor-column elementor-col-50 elementor-top-column elementor-element elementor-element-0e74618\" data-id=\"0e74618\" data-element_type=\"column\" data-e-type=\"column\" data-settings=\"{&quot;background_background&quot;:&quot;classic&quot;}\">\n\t\t\t<div class=\"elementor-widget-wrap elementor-element-populated\">\n\t\t\t\t\t\t<div class=\"elementor-element elementor-element-3fd2fcb elementor-widget elementor-widget-text-editor\" data-id=\"3fd2fcb\" data-element_type=\"widget\" data-e-type=\"widget\" data-widget_type=\"text-editor.default\">\n\t\t\t\t<div class=\"elementor-widget-container\">\n\t\t\t\t\t\t\t\t\t<p>Dit psycho-educatieprogramma werd in 1988 in Canada opgezet en verspreid in meer dan 6 Franstalige landen door Dr. Yann HODE, psychiater en voorzitter van de Association Francophone Profamille.<br \/><br \/>Dit programma heeft tot doel<strong>gezinnen helpen<\/strong>\u00a0om beter om te gaan met de ziekte, moeilijke situaties en verbetert de herstelmogelijkheden van het betrokken familielid, ongeacht het stadium van zijn ziekte.<br \/><br \/>Profamille omvat een eerste module van 14 sessies van 4 uur en een tweede verdiepingsmodule.<br \/><br \/>Een programma dat regelmatig wordt bijgewerkt en verbeterd, waarbij de empowerment van gezinnen wordt ontwikkeld, hun kwaliteit van leven wordt verbeterd en het herstel van zieke mensen wordt bevorderd.<\/p>\t\t\t\t\t\t\t\t<\/div>\n\t\t\t\t<\/div>\n\t\t\t\t<div class=\"elementor-element elementor-element-aa79f62 elementor-icon-list--layout-traditional elementor-list-item-link-full_width elementor-widget elementor-widget-icon-list\" data-id=\"aa79f62\" data-element_type=\"widget\" data-e-type=\"widget\" data-widget_type=\"icon-list.default\">\n\t\t\t\t<div class=\"elementor-widget-container\">\n\t\t\t\t\t\t\t<ul class=\"elementor-icon-list-items\">\n\t\t\t\t\t\t\t<li class=\"elementor-icon-list-item\">\n\t\t\t\t\t\t\t\t\t\t\t<span class=\"elementor-icon-list-icon\">\n\t\t\t\t\t\t\t<i aria-hidden=\"true\" class=\"far fa-circle\"><\/i>\t\t\t\t\t\t<\/span>\n\t\t\t\t\t\t\t\t\t\t<span class=\"elementor-icon-list-text\">Onder leiding van professionals en\/of familieleden<\/span>\n\t\t\t\t\t\t\t\t\t<\/li>\n\t\t\t\t\t\t\t\t<li class=\"elementor-icon-list-item\">\n\t\t\t\t\t\t\t\t\t\t\t<span class=\"elementor-icon-list-icon\">\n\t\t\t\t\t\t\t<i aria-hidden=\"true\" class=\"far fa-circle\"><\/i>\t\t\t\t\t\t<\/span>\n\t\t\t\t\t\t\t\t\t\t<span class=\"elementor-icon-list-text\">Het Profamille-netwerk verenigt meer dan 75 teams in Belgi\u00eb, Frankrijk, Luxemburg, Zwitserland, Marokko, Algerije, enz.<\/span>\n\t\t\t\t\t\t\t\t\t<\/li>\n\t\t\t\t\t\t<\/ul>\n\t\t\t\t\t\t<\/div>\n\t\t\t\t<\/div>\n\t\t\t\t<div class=\"elementor-element elementor-element-ddfa0bf elementor-widget__width-auto elementor-absolute elementor-align-center elementor-widget elementor-widget-lottie\" data-id=\"ddfa0bf\" data-element_type=\"widget\" data-e-type=\"widget\" data-settings=\"{&quot;source_json&quot;:{&quot;url&quot;:&quot;http:\\\/\\\/similes.brussels\\\/wp-content\\\/uploads\\\/2021\\\/11\\\/scroll-red.json&quot;,&quot;id&quot;:368,&quot;size&quot;:&quot;&quot;,&quot;alt&quot;:&quot;&quot;,&quot;source&quot;:&quot;library&quot;},&quot;loop&quot;:&quot;yes&quot;,&quot;_position&quot;:&quot;absolute&quot;,&quot;source&quot;:&quot;media_file&quot;,&quot;caption_source&quot;:&quot;none&quot;,&quot;link_to&quot;:&quot;none&quot;,&quot;trigger&quot;:&quot;arriving_to_viewport&quot;,&quot;viewport&quot;:{&quot;unit&quot;:&quot;%&quot;,&quot;size&quot;:&quot;&quot;,&quot;sizes&quot;:{&quot;start&quot;:0,&quot;end&quot;:100}},&quot;play_speed&quot;:{&quot;unit&quot;:&quot;px&quot;,&quot;size&quot;:1,&quot;sizes&quot;:[]},&quot;start_point&quot;:{&quot;unit&quot;:&quot;%&quot;,&quot;size&quot;:0,&quot;sizes&quot;:[]},&quot;end_point&quot;:{&quot;unit&quot;:&quot;%&quot;,&quot;size&quot;:100,&quot;sizes&quot;:[]},&quot;renderer&quot;:&quot;svg&quot;}\" data-widget_type=\"lottie.default\">\n\t\t\t\t<div class=\"elementor-widget-container\">\n\t\t\t\t\t<div class=\"e-lottie__container\"><div class=\"e-lottie__animation\"><\/div><\/div>\t\t\t\t<\/div>\n\t\t\t\t<\/div>\n\t\t\t\t\t<\/div>\n\t\t<\/div>\n\t\t\t\t\t<\/div>\n\t\t<\/section>\n\t\t\t\t<section class=\"elementor-section elementor-top-section elementor-element elementor-element-2768ab2 elementor-section-boxed elementor-section-height-default elementor-section-height-default\" data-id=\"2768ab2\" data-element_type=\"section\" data-e-type=\"section\">\n\t\t\t\t\t\t<div class=\"elementor-container elementor-column-gap-default\">\n\t\t\t\t\t<div class=\"elementor-column elementor-col-16 elementor-top-column elementor-element elementor-element-6a50f59\" data-id=\"6a50f59\" data-element_type=\"column\" data-e-type=\"column\">\n\t\t\t<div class=\"elementor-widget-wrap elementor-element-populated\">\n\t\t\t\t\t\t<div class=\"elementor-element elementor-element-4c8a4de elementor-widget elementor-widget-image\" data-id=\"4c8a4de\" data-element_type=\"widget\" data-e-type=\"widget\" data-widget_type=\"image.default\">\n\t\t\t\t<div class=\"elementor-widget-container\">\n\t\t\t\t\t\t\t\t\t\t\t\t\t\t\t<img decoding=\"async\" width=\"800\" height=\"800\" src=\"https:\/\/similes.brussels\/wp-content\/uploads\/2022\/03\/1643207747465-1024x1024.jpg\" class=\"attachment-large size-large wp-image-1563\" alt=\"\" srcset=\"https:\/\/similes.brussels\/wp-content\/uploads\/2022\/03\/1643207747465-1024x1024.jpg 1024w, https:\/\/similes.brussels\/wp-content\/uploads\/2022\/03\/1643207747465-300x300.jpg 300w, https:\/\/similes.brussels\/wp-content\/uploads\/2022\/03\/1643207747465-150x150.jpg 150w, https:\/\/similes.brussels\/wp-content\/uploads\/2022\/03\/1643207747465-768x768.jpg 768w, https:\/\/similes.brussels\/wp-content\/uploads\/2022\/03\/1643207747465-1536x1536.jpg 1536w, https:\/\/similes.brussels\/wp-content\/uploads\/2022\/03\/1643207747465-2048x2048.jpg 2048w, https:\/\/similes.brussels\/wp-content\/uploads\/2022\/03\/1643207747465-600x600.jpg 600w, https:\/\/similes.brussels\/wp-content\/uploads\/2022\/03\/1643207747465-100x100.jpg 100w\" sizes=\"(max-width: 800px) 100vw, 800px\" \/>\t\t\t\t\t\t\t\t\t\t\t\t\t\t\t<\/div>\n\t\t\t\t<\/div>\n\t\t\t\t\t<\/div>\n\t\t<\/div>\n\t\t\t\t<div class=\"elementor-column elementor-col-66 elementor-top-column elementor-element elementor-element-c5d7571\" data-id=\"c5d7571\" data-element_type=\"column\" data-e-type=\"column\">\n\t\t\t<div class=\"elementor-widget-wrap elementor-element-populated\">\n\t\t\t\t\t\t<div class=\"elementor-element elementor-element-d166875 elementor-widget elementor-widget-pp-faq\" data-id=\"d166875\" data-element_type=\"widget\" data-e-type=\"widget\" data-settings=\"{&quot;accordion_type&quot;:&quot;toggle&quot;,&quot;faq_layout&quot;:&quot;accordion&quot;,&quot;toggle_speed&quot;:300}\" data-widget_type=\"pp-faq.default\">\n\t\t\t\t<div class=\"elementor-widget-container\">\n\t\t\t\t\t\t\t<div class=\"pp-faqs pp-advanced-accordion pp-toggle-icon-align-left\" id=\"pp-advanced-accordion-d166875\" data-accordion-id=\"d166875\">\n\t\t\t\t\t\t<div class=\"pp-faq-item elementor-grid-item pp-accordion-item\">\n\t\t\t\t<div id=\"pp-accordion-tab-title-2191\" class=\"pp-faq-question pp-accordion-tab-title\" tabindex=\"0\" data-tab=\"1\">\n\t\t\t\t\t<div class=\"pp-accordion-title-icon\">\n\t\t\t\t\t\t\t\t\t\t\t\t\t\t\t\t\t\t<div class=\"pp-accordion-title-text\">\n\t\t\t\t\t\t\tProfamily doelen\t\t\t\t\t\t<\/div>\n\t\t\t\t\t<\/div>\n\t\t\t\t\t\t\t\t\t\t\t<div class=\"pp-accordion-toggle-icon\">\n\t\t\t\t\t\t\t\t\t\t\t\t\t\t\t<span class='pp-accordion-toggle-icon-close pp-icon'>\n\t\t\t\t\t\t\t\t\t<i aria-hidden=\"true\" class=\"fas fa-plus\"><\/i>\t\t\t\t\t\t\t\t<\/span>\n\t\t\t\t\t\t\t\t\t\t\t\t\t\t\t\t\t\t\t\t\t\t<span class='pp-accordion-toggle-icon-open pp-icon'>\n\t\t\t\t\t\t\t\t\t<i aria-hidden=\"true\" class=\"fas fa-minus\"><\/i>\t\t\t\t\t\t\t\t<\/span>\n\t\t\t\t\t\t\t\t\t\t\t\t\t<\/div>\n\t\t\t\t\t\t\t\t\t<\/div>\n\n\t\t\t\t<div id=\"pp-accordion-tab-content-2191\" class=\"pp-faq-answer pp-accordion-tab-content\" data-tab=\"1\">\n\t\t\t\t\t<ul>\n<li>\n<p align=\"justify\">Ken de ziekte en de behandelingen<\/p>\n<\/li>\n<li>\n<p align=\"justify\">Ontwikkel relatievaardigheden<\/p>\n<\/li>\n<li>\n<p align=\"justify\">Leer je emoties beter te beheersen<\/p>\n<\/li>\n<li>\n<p align=\"justify\">Weet hoe u hulp kunt krijgen<\/p>\n<\/li>\n<li>\n<p align=\"justify\">Ontwikkel een ondersteunend netwerk<\/p>\n<\/li>\n<\/ul>\n\t\t\t\t<\/div>\n\t\t\t<\/div>\n\t\t\t\t\t\t<div class=\"pp-faq-item elementor-grid-item pp-accordion-item\">\n\t\t\t\t<div id=\"pp-accordion-tab-title-2192\" class=\"pp-faq-question pp-accordion-tab-title\" tabindex=\"0\" data-tab=\"2\">\n\t\t\t\t\t<div class=\"pp-accordion-title-icon\">\n\t\t\t\t\t\t\t\t\t\t\t\t\t\t\t\t\t\t<div class=\"pp-accordion-title-text\">\n\t\t\t\t\t\t\tEffectiviteit van het Profamille-programma\t\t\t\t\t\t<\/div>\n\t\t\t\t\t<\/div>\n\t\t\t\t\t\t\t\t\t\t\t<div class=\"pp-accordion-toggle-icon\">\n\t\t\t\t\t\t\t\t\t\t\t\t\t\t\t<span class='pp-accordion-toggle-icon-close pp-icon'>\n\t\t\t\t\t\t\t\t\t<i aria-hidden=\"true\" class=\"fas fa-plus\"><\/i>\t\t\t\t\t\t\t\t<\/span>\n\t\t\t\t\t\t\t\t\t\t\t\t\t\t\t\t\t\t\t\t\t\t<span class='pp-accordion-toggle-icon-open pp-icon'>\n\t\t\t\t\t\t\t\t\t<i aria-hidden=\"true\" class=\"fas fa-minus\"><\/i>\t\t\t\t\t\t\t\t<\/span>\n\t\t\t\t\t\t\t\t\t\t\t\t\t<\/div>\n\t\t\t\t\t\t\t\t\t<\/div>\n\n\t\t\t\t<div id=\"pp-accordion-tab-content-2192\" class=\"pp-faq-answer pp-accordion-tab-content\" data-tab=\"2\">\n\t\t\t\t\t<p>Meer <strong>6.000 mensen<\/strong> profiteerde van dit programma. Profamille is vandaag het meest gebruikte programma in de Franstalige wereld en wordt systematisch en rigoureus ge\u00ebvalueerd.<\/p>\n<p><strong>Voor dierbaren:<\/strong><\/p>\n<ul>\n<li>Minder ervaren last voor gezinnen<\/li>\n<li>Vermindering van depressieve symptomatologie aangezien meer dan de helft van de aanvankelijk depressieve deelnemers dat niet meer is aan het einde van module 1.<\/li>\n<li>Minder vrije dagen<\/li>\n<li>Verbeterde positieve interacties met de pati\u00ebnt<br \/>Driekwart van de deelnemers slaagt aan het einde van module 1 beter in hun relatie met de pati\u00ebnt en hun manier van omgaan met moeilijkheden.<\/li>\n<\/ul>\n<p>\u00a0<\/p>\n<p><strong>Voor pati\u00ebnten:<\/strong><\/p>\n<ul>\n<li>Meest effectieve interventie na medicamenteuze behandeling<\/li>\n<li>Terugvalpercentage gedeeld door 4 na het eerste jaar en door de volgende jaren<\/li>\n<li>Bevestiging van de vermindering met 2 van het aantal zelfmoordpogingen<\/li>\n<li>62 % van pati\u00ebnten functioneert dagelijks beter aan het einde van Module 1, wat een grotere afname van het aantal ziekenhuisdagen voorspelt in het volgende jaar (als de deelnemer Module 2) voortzet.<\/li>\n<\/ul>\n\t\t\t\t<\/div>\n\t\t\t<\/div>\n\t\t\t\t\t\t<div class=\"pp-faq-item elementor-grid-item pp-accordion-item\">\n\t\t\t\t<div id=\"pp-accordion-tab-title-2193\" class=\"pp-faq-question pp-accordion-tab-title\" tabindex=\"0\" data-tab=\"3\">\n\t\t\t\t\t<div class=\"pp-accordion-title-icon\">\n\t\t\t\t\t\t\t\t\t\t\t\t\t\t\t\t\t\t<div class=\"pp-accordion-title-text\">\n\t\t\t\t\t\t\tGetuigenissen van deelnemers\t\t\t\t\t\t<\/div>\n\t\t\t\t\t<\/div>\n\t\t\t\t\t\t\t\t\t\t\t<div class=\"pp-accordion-toggle-icon\">\n\t\t\t\t\t\t\t\t\t\t\t\t\t\t\t<span class='pp-accordion-toggle-icon-close pp-icon'>\n\t\t\t\t\t\t\t\t\t<i aria-hidden=\"true\" class=\"fas fa-plus\"><\/i>\t\t\t\t\t\t\t\t<\/span>\n\t\t\t\t\t\t\t\t\t\t\t\t\t\t\t\t\t\t\t\t\t\t<span class='pp-accordion-toggle-icon-open pp-icon'>\n\t\t\t\t\t\t\t\t\t<i aria-hidden=\"true\" class=\"fas fa-minus\"><\/i>\t\t\t\t\t\t\t\t<\/span>\n\t\t\t\t\t\t\t\t\t\t\t\t\t<\/div>\n\t\t\t\t\t\t\t\t\t<\/div>\n\n\t\t\t\t<div id=\"pp-accordion-tab-content-2193\" class=\"pp-faq-answer pp-accordion-tab-content\" data-tab=\"3\">\n\t\t\t\t\t<p>\u201cProfamille leerde me om over mezelf na te denken. <br \/>Om tijd voor mij te nemen en zonder schuldgevoel. <br \/>Ik leerde nee zeggen, mezelf respecteren, mijn waarden respecteren en leren mijn grenzen te stellen. Ook leerde ik communicatietechnieken, om beter met mijn emoties om te gaan en vooral om los te laten. Het is voor mij een vorm van wedergeboorte. \u00bb<\/p>\n<p>&quot;Ik was zo uitgeput dat ik me niet sterk genoeg voelde om een \u200b\u200bopleiding als Profamille te gaan volgen. Uiteindelijk gebeurde het tegenovergestelde. Deelname aan Profamille verminderde snel mijn vermoeidheid en gaf me energie. \u00bb<\/p>\n<p>\u201cWe kregen &#039;me time&#039;, die we echt nodig hadden.<br \/>Onze kinderen hebben het voordeel van onze training op vele niveaus ervaren. Onze relaties zijn gefaciliteerd: meer ruimte voor mogelijke dialoog, verfijnder luisteren en meer begrip en acceptatie van de moeilijkheden die verband houden met de ziekte en de beperkende behandeling. \u00bb<\/p>\n\t\t\t\t<\/div>\n\t\t\t<\/div>\n\t\t\t\t\t\t<div class=\"pp-faq-item elementor-grid-item pp-accordion-item\">\n\t\t\t\t<div id=\"pp-accordion-tab-title-2194\" class=\"pp-faq-question pp-accordion-tab-title\" tabindex=\"0\" data-tab=\"4\">\n\t\t\t\t\t<div class=\"pp-accordion-title-icon\">\n\t\t\t\t\t\t\t\t\t\t\t\t\t\t\t\t\t\t<div class=\"pp-accordion-title-text\">\n\t\t\t\t\t\t\tProgramma structuur\t\t\t\t\t\t<\/div>\n\t\t\t\t\t<\/div>\n\t\t\t\t\t\t\t\t\t\t\t<div class=\"pp-accordion-toggle-icon\">\n\t\t\t\t\t\t\t\t\t\t\t\t\t\t\t<span class='pp-accordion-toggle-icon-close pp-icon'>\n\t\t\t\t\t\t\t\t\t<i aria-hidden=\"true\" class=\"fas fa-plus\"><\/i>\t\t\t\t\t\t\t\t<\/span>\n\t\t\t\t\t\t\t\t\t\t\t\t\t\t\t\t\t\t\t\t\t\t<span class='pp-accordion-toggle-icon-open pp-icon'>\n\t\t\t\t\t\t\t\t\t<i aria-hidden=\"true\" class=\"fas fa-minus\"><\/i>\t\t\t\t\t\t\t\t<\/span>\n\t\t\t\t\t\t\t\t\t\t\t\t\t<\/div>\n\t\t\t\t\t\t\t\t\t<\/div>\n\n\t\t\t\t<div id=\"pp-accordion-tab-content-2194\" class=\"pp-faq-answer pp-accordion-tab-content\" data-tab=\"4\">\n\t\t\t\t\t<table width=\"847\" cellspacing=\"0\" cellpadding=\"7\">\n<tbody>\n<tr>\n<td style=\"background: transparent;\" colspan=\"2\" valign=\"top\" width=\"833\">\n<p align=\"justify\"><span lang=\"fr-FR\"><b>ontvangst<\/b><\/span><\/p>\n<\/td>\n<\/tr>\n<tr valign=\"top\">\n<td style=\"background: transparent;\" width=\"103\">\n<p align=\"justify\"><span lang=\"fr-FR\">Sessie 1<\/span><\/p>\n<\/td>\n<td style=\"background: transparent;\" width=\"716\">\n<p align=\"justify\"><span lang=\"fr-FR\">Presentatie van het programma en eerste evaluatie<\/span><\/p>\n<\/td>\n<\/tr>\n<tr>\n<td style=\"background: transparent;\" colspan=\"2\" valign=\"top\" width=\"833\">\n<p align=\"justify\"><span lang=\"fr-FR\"><b>Ziektevoorlichting<\/b><\/span><\/p>\n<\/td>\n<\/tr>\n<tr valign=\"top\">\n<td style=\"background: transparent;\" width=\"103\">\n<p align=\"justify\"><span lang=\"fr-FR\">Sessie 2<\/span><\/p>\n<\/td>\n<td style=\"background: transparent;\" width=\"716\">\n<p align=\"justify\"><span lang=\"fr-FR\">Ken de ziekte<\/span><\/p>\n<\/td>\n<\/tr>\n<tr valign=\"top\">\n<td style=\"background: transparent;\" width=\"103\">\n<p align=\"justify\"><span lang=\"fr-FR\">Sessie 3<\/span><\/p>\n<\/td>\n<td style=\"background: transparent;\" width=\"716\">\n<p align=\"justify\"><span lang=\"fr-FR\">Ken uw behandeling<\/span><\/p>\n<\/td>\n<\/tr>\n<tr>\n<td style=\"background: transparent;\" colspan=\"2\" valign=\"top\" width=\"833\">\n<p align=\"justify\"><span lang=\"fr-FR\">Individuele revisie: thuis uitgevoerd en oefeningen per correspondentie<\/span><\/p>\n<\/td>\n<\/tr>\n<tr>\n<td style=\"background: transparent;\" colspan=\"2\" valign=\"top\" width=\"833\">\n<p align=\"justify\"><span lang=\"fr-FR\"><b>Ontwikkel relationele vaardigheden<\/b><\/span><\/p>\n<\/td>\n<\/tr>\n<tr valign=\"top\">\n<td style=\"background: transparent;\" width=\"103\">\n<p align=\"justify\"><span lang=\"fr-FR\">Sessie 4<\/span><\/p>\n<\/td>\n<td style=\"background: transparent;\" width=\"716\">\n<p align=\"justify\"><span lang=\"fr-FR\">Communicatieve vaardigheden (1)<\/span><\/p>\n<\/td>\n<\/tr>\n<tr valign=\"top\">\n<td style=\"background: transparent;\" width=\"103\">\n<p align=\"justify\"><span lang=\"fr-FR\">Sessie 5<\/span><\/p>\n<\/td>\n<td style=\"background: transparent;\" width=\"716\">\n<p align=\"justify\"><span lang=\"fr-FR\">Communicatieve vaardigheden (2)<\/span><\/p>\n<\/td>\n<\/tr>\n<tr>\n<td style=\"background: transparent;\" colspan=\"2\" valign=\"top\" width=\"833\">\n<p align=\"justify\"><span lang=\"fr-FR\">Individuele revisie: thuis uitgevoerd en oefeningen per correspondentie<\/span><\/p>\n<\/td>\n<\/tr>\n<tr valign=\"top\">\n<td style=\"background: transparent;\" width=\"103\">\n<p align=\"justify\"><span lang=\"fr-FR\">Sessie 6<\/span><\/p>\n<\/td>\n<td style=\"background: transparent;\" width=\"716\">\n<p align=\"justify\"><span lang=\"fr-FR\">Mogelijkheid om grenzen te stellen<\/span><\/p>\n<\/td>\n<\/tr>\n<tr valign=\"top\">\n<td style=\"background: transparent;\" width=\"103\">\n<p align=\"justify\"><span lang=\"fr-FR\">Sessie 7<\/span><\/p>\n<\/td>\n<td style=\"background: transparent;\" width=\"716\">\n<p align=\"justify\"><span lang=\"fr-FR\">Collectieve evaluatie van sessies 4, 5 en 6<\/span><\/p>\n<\/td>\n<\/tr>\n<tr>\n<td style=\"background: transparent;\" colspan=\"2\" valign=\"top\" width=\"833\">\n<p align=\"justify\"><span lang=\"fr-FR\"><b>Beheer van emoties en ontwikkeling van aangepaste cognities<\/b><\/span><\/p>\n<\/td>\n<\/tr>\n<tr valign=\"top\">\n<td style=\"background: transparent;\" width=\"103\">\n<p align=\"justify\"><span lang=\"fr-FR\">Sessie 8<\/span><\/p>\n<\/td>\n<td style=\"background: transparent;\" width=\"716\">\n<p align=\"justify\"><span lang=\"fr-FR\">Schuld en angst<\/span><\/p>\n<\/td>\n<\/tr>\n<tr valign=\"top\">\n<td style=\"background: transparent;\" width=\"103\">\n<p align=\"justify\"><span lang=\"fr-FR\">Sessie 9<\/span><\/p>\n<\/td>\n<td style=\"background: transparent;\" width=\"716\">\n<p align=\"justify\"><span lang=\"fr-FR\">Vermogen om emoties te beheersen en lijden te verminderen<\/span><\/p>\n<\/td>\n<\/tr>\n<tr valign=\"top\">\n<td style=\"background: transparent;\" width=\"103\">\n<p align=\"justify\"><span lang=\"fr-FR\">Sessie 10<\/span><\/p>\n<\/td>\n<td style=\"background: transparent;\" width=\"716\">\n<p align=\"justify\"><span lang=\"fr-FR\">Mogelijkheid om parasitaire gedachten te beheersen en lijden te verminderen<\/span><\/p>\n<\/td>\n<\/tr>\n<tr valign=\"top\">\n<td style=\"background: transparent;\" width=\"103\">\n<p align=\"justify\"><span lang=\"fr-FR\">Sessie 11<\/span><\/p>\n<\/td>\n<td style=\"background: transparent;\" width=\"716\">\n<p align=\"justify\"><span lang=\"fr-FR\">Collectieve evaluatie van sessies 8, 9 en 10<\/span><\/p>\n<\/td>\n<\/tr>\n<tr valign=\"top\">\n<td style=\"background: transparent;\" width=\"103\">\n<p align=\"justify\"><span lang=\"fr-FR\">Sessie 12<\/span><\/p>\n<\/td>\n<td style=\"background: transparent;\" width=\"716\">\n<p align=\"justify\"><span lang=\"fr-FR\">Leer realistische verwachtingen te hebben en herstel te bevorderen<\/span><\/p>\n<\/td>\n<\/tr>\n<tr>\n<td style=\"background: transparent;\" colspan=\"2\" valign=\"top\" width=\"833\">\n<p align=\"justify\"><span lang=\"fr-FR\"><b>Middelen ontwikkelen<\/b><\/span><\/p>\n<\/td>\n<\/tr>\n<tr valign=\"top\">\n<td style=\"background: transparent;\" width=\"103\">\n<p align=\"justify\"><span lang=\"fr-FR\">Sessie 13<\/span><\/p>\n<\/td>\n<td style=\"background: transparent;\" width=\"716\">\n<p align=\"justify\"><span lang=\"fr-FR\">Weet hoe u hulp kunt krijgen<\/span><\/p>\n<\/td>\n<\/tr>\n<tr valign=\"top\">\n<td style=\"background: transparent;\" width=\"103\">\n<p align=\"justify\"><span lang=\"fr-FR\">Sessie 14<\/span><\/p>\n<\/td>\n<td style=\"background: transparent;\" width=\"716\">\n<p align=\"justify\"><span lang=\"fr-FR\">Ontwikkel een ondersteunend netwerk en eindevaluatie<\/span><\/p>\n<\/td>\n<\/tr>\n<\/tbody>\n<\/table>\n\t\t\t\t<\/div>\n\t\t\t<\/div>\n\t\t\t\t\t\t<div class=\"pp-faq-item elementor-grid-item pp-accordion-item\">\n\t\t\t\t<div id=\"pp-accordion-tab-title-2195\" class=\"pp-faq-question pp-accordion-tab-title\" tabindex=\"0\" data-tab=\"5\">\n\t\t\t\t\t<div class=\"pp-accordion-title-icon\">\n\t\t\t\t\t\t\t\t\t\t\t\t\t\t\t\t\t\t<div class=\"pp-accordion-title-text\">\n\t\t\t\t\t\t\tBehoud prestaties en versterk het leren\t\t\t\t\t\t<\/div>\n\t\t\t\t\t<\/div>\n\t\t\t\t\t\t\t\t\t\t\t<div class=\"pp-accordion-toggle-icon\">\n\t\t\t\t\t\t\t\t\t\t\t\t\t\t\t<span class='pp-accordion-toggle-icon-close pp-icon'>\n\t\t\t\t\t\t\t\t\t<i aria-hidden=\"true\" class=\"fas fa-plus\"><\/i>\t\t\t\t\t\t\t\t<\/span>\n\t\t\t\t\t\t\t\t\t\t\t\t\t\t\t\t\t\t\t\t\t\t<span class='pp-accordion-toggle-icon-open pp-icon'>\n\t\t\t\t\t\t\t\t\t<i aria-hidden=\"true\" class=\"fas fa-minus\"><\/i>\t\t\t\t\t\t\t\t<\/span>\n\t\t\t\t\t\t\t\t\t\t\t\t\t<\/div>\n\t\t\t\t\t\t\t\t\t<\/div>\n\n\t\t\t\t<div id=\"pp-accordion-tab-content-2195\" class=\"pp-faq-answer pp-accordion-tab-content\" data-tab=\"5\">\n\t\t\t\t\t<p>Gedurende de 24 maanden na het einde van het programma wordt het volgende aangeboden:<\/p>\n<ul>\n<li>4 collectieve beoordelingsgesprekken (bij 3 maanden, 6 maanden, 1 jaar en 2 jaar).<\/li>\n<li>4 verdiepingssessies in het 1e jaar zonder de begeleiders (ongeveer elke 2 \u00e0 3 maanden).<\/li>\n<li>11 maandelijkse revisies thuis uitgevoerd met correspondentieoefeningen het 1e jaar en 3 driemaandelijkse sessies het volgende jaar<\/li>\n<\/ul>\n\t\t\t\t<\/div>\n\t\t\t<\/div>\n\t\t\t\t\t<\/div>\n\t\t\t\t\t\t<\/div>\n\t\t\t\t<\/div>\n\t\t\t\t\t<\/div>\n\t\t<\/div>\n\t\t\t\t<div class=\"elementor-column elementor-col-16 elementor-top-column elementor-element elementor-element-6d6d974\" data-id=\"6d6d974\" data-element_type=\"column\" data-e-type=\"column\">\n\t\t\t<div class=\"elementor-widget-wrap elementor-element-populated\">\n\t\t\t\t\t\t<div class=\"elementor-element elementor-element-f2de821 elementor-widget elementor-widget-image\" data-id=\"f2de821\" data-element_type=\"widget\" data-e-type=\"widget\" data-widget_type=\"image.default\">\n\t\t\t\t<div class=\"elementor-widget-container\">\n\t\t\t\t\t\t\t\t\t\t\t\t\t\t\t<img decoding=\"async\" width=\"800\" height=\"800\" src=\"https:\/\/similes.brussels\/wp-content\/uploads\/2022\/03\/1643207747507-1024x1024.jpg\" class=\"attachment-large size-large wp-image-1564\" alt=\"\" srcset=\"https:\/\/similes.brussels\/wp-content\/uploads\/2022\/03\/1643207747507-1024x1024.jpg 1024w, https:\/\/similes.brussels\/wp-content\/uploads\/2022\/03\/1643207747507-300x300.jpg 300w, https:\/\/similes.brussels\/wp-content\/uploads\/2022\/03\/1643207747507-150x150.jpg 150w, https:\/\/similes.brussels\/wp-content\/uploads\/2022\/03\/1643207747507-768x768.jpg 768w, https:\/\/similes.brussels\/wp-content\/uploads\/2022\/03\/1643207747507-1536x1536.jpg 1536w, https:\/\/similes.brussels\/wp-content\/uploads\/2022\/03\/1643207747507-2048x2048.jpg 2048w, https:\/\/similes.brussels\/wp-content\/uploads\/2022\/03\/1643207747507-600x600.jpg 600w, https:\/\/similes.brussels\/wp-content\/uploads\/2022\/03\/1643207747507-100x100.jpg 100w\" sizes=\"(max-width: 800px) 100vw, 800px\" \/>\t\t\t\t\t\t\t\t\t\t\t\t\t\t\t<\/div>\n\t\t\t\t<\/div>\n\t\t\t\t\t<\/div>\n\t\t<\/div>\n\t\t\t\t\t<\/div>\n\t\t<\/section>\n\t\t\t\t<section class=\"elementor-section elementor-top-section elementor-element elementor-element-f2e2ea5 elementor-section-boxed elementor-section-height-default elementor-section-height-default\" data-id=\"f2e2ea5\" data-element_type=\"section\" data-e-type=\"section\">\n\t\t\t\t\t\t<div class=\"elementor-container elementor-column-gap-default\">\n\t\t\t\t\t<div class=\"elementor-column elementor-col-100 elementor-top-column elementor-element elementor-element-b002f4b\" data-id=\"b002f4b\" data-element_type=\"column\" data-e-type=\"column\" data-settings=\"{&quot;background_background&quot;:&quot;classic&quot;}\">\n\t\t\t<div class=\"elementor-widget-wrap elementor-element-populated\">\n\t\t\t\t\t\t<section class=\"elementor-section elementor-inner-section elementor-element elementor-element-0c44774 elementor-section-boxed elementor-section-height-default elementor-section-height-default\" data-id=\"0c44774\" data-element_type=\"section\" data-e-type=\"section\">\n\t\t\t\t\t\t<div class=\"elementor-container elementor-column-gap-default\">\n\t\t\t\t\t<div class=\"elementor-column elementor-col-50 elementor-inner-column elementor-element elementor-element-0191ce3\" data-id=\"0191ce3\" data-element_type=\"column\" data-e-type=\"column\">\n\t\t\t<div class=\"elementor-widget-wrap elementor-element-populated\">\n\t\t\t\t\t\t<div class=\"elementor-element elementor-element-d0ab35b elementor-widget elementor-widget-heading\" data-id=\"d0ab35b\" data-element_type=\"widget\" data-e-type=\"widget\" data-widget_type=\"heading.default\">\n\t\t\t\t<div class=\"elementor-widget-container\">\n\t\t\t\t\t<h3 class=\"elementor-heading-title elementor-size-default\">Schizofrenie Dagen 2022<\/h3>\t\t\t\t<\/div>\n\t\t\t\t<\/div>\n\t\t\t\t<div class=\"elementor-element elementor-element-e4cd4a8 elementor-widget elementor-widget-video\" data-id=\"e4cd4a8\" data-element_type=\"widget\" data-e-type=\"widget\" data-settings=\"{&quot;youtube_url&quot;:&quot;https:\\\/\\\/www.youtube.com\\\/watch?v=tvHBmdlY6QM&amp;list=PLb9QvwFzuoZksAcg3d3GfM7A0PbukP4tu&amp;index=18&quot;,&quot;video_type&quot;:&quot;youtube&quot;,&quot;controls&quot;:&quot;yes&quot;}\" data-widget_type=\"video.default\">\n\t\t\t\t<div class=\"elementor-widget-container\">\n\t\t\t\t\t\t\t<div class=\"elementor-wrapper elementor-open-inline\">\n\t\t\t<div class=\"elementor-video\"><\/div>\t\t<\/div>\n\t\t\t\t\t\t<\/div>\n\t\t\t\t<\/div>\n\t\t\t\t\t<\/div>\n\t\t<\/div>\n\t\t\t\t<div class=\"elementor-column elementor-col-50 elementor-inner-column elementor-element elementor-element-f727ad5\" data-id=\"f727ad5\" data-element_type=\"column\" data-e-type=\"column\">\n\t\t\t<div class=\"elementor-widget-wrap elementor-element-populated\">\n\t\t\t\t\t\t<div class=\"elementor-element elementor-element-4d4dffb elementor-widget elementor-widget-heading\" data-id=\"4d4dffb\" data-element_type=\"widget\" data-e-type=\"widget\" data-widget_type=\"heading.default\">\n\t\t\t\t<div class=\"elementor-widget-container\">\n\t\t\t\t\t<h3 class=\"elementor-heading-title elementor-size-default\">Contact Vereniging Franstalige Profamille<\/h3>\t\t\t\t<\/div>\n\t\t\t\t<\/div>\n\t\t\t\t<div class=\"elementor-element elementor-element-347d608 elementor-widget elementor-widget-text-editor\" data-id=\"347d608\" data-element_type=\"widget\" data-e-type=\"widget\" data-widget_type=\"text-editor.default\">\n\t\t\t\t<div class=\"elementor-widget-container\">\n\t\t\t\t\t\t\t\t\t<p align=\"justify\"><b>Stephanie Lemestre<\/b><\/p><p align=\"justify\">Verantwoordelijk voor het Profamille-programma in Belgi\u00eb en internationaal co\u00f6rdinator<\/p><p align=\"justify\">E-mail: <span style=\"color: #0563c1;\"><u><a href=\"mailto:stephanie.lemestre@profamille.site\">stephanie.lemestre@profamille.site<\/a><\/u><\/span><\/p><p align=\"justify\">Mobiel: 0032 455 11 55 55<\/p>\t\t\t\t\t\t\t\t<\/div>\n\t\t\t\t<\/div>\n\t\t\t\t<div class=\"elementor-element elementor-element-309b340 elementor-widget elementor-widget-text-editor\" data-id=\"309b340\" data-element_type=\"widget\" data-e-type=\"widget\" data-widget_type=\"text-editor.default\">\n\t\t\t\t<div class=\"elementor-widget-container\">\n\t\t\t\t\t\t\t\t\t<p align=\"justify\"><span style=\"color: #0563c1;\"><u><a href=\"https:\/\/schizinfo.com\/eventbrite-event\/profamille-communication\/\">Evenementen \u2013 Profamille live \u2013 Communicatietechnieken \u2013 Schizinfo<\/a><\/u><\/span><\/p>\t\t\t\t\t\t\t\t<\/div>\n\t\t\t\t<\/div>\n\t\t\t\t<div class=\"elementor-element elementor-element-076b5ec elementor-widget elementor-widget-heading\" data-id=\"076b5ec\" data-element_type=\"widget\" data-e-type=\"widget\" data-widget_type=\"heading.default\">\n\t\t\t\t<div class=\"elementor-widget-container\">\n\t\t\t\t\t<h3 class=\"elementor-heading-title elementor-size-default\">Website<\/h3>\t\t\t\t<\/div>\n\t\t\t\t<\/div>\n\t\t\t\t<div class=\"elementor-element elementor-element-f0d4dd5 elementor-widget elementor-widget-text-editor\" data-id=\"f0d4dd5\" data-element_type=\"widget\" data-e-type=\"widget\" data-widget_type=\"text-editor.default\">\n\t\t\t\t<div class=\"elementor-widget-container\">\n\t\t\t\t\t\t\t\t\t<p align=\"justify\"><span style=\"color: #0563c1;\"><u><a href=\"http:\/\/www.profamille.site\/\">www.profamille.site<\/a><\/u><\/span><\/p>\t\t\t\t\t\t\t\t<\/div>\n\t\t\t\t<\/div>\n\t\t\t\t\t<\/div>\n\t\t<\/div>\n\t\t\t\t\t<\/div>\n\t\t<\/section>\n\t\t\t\t\t<\/div>\n\t\t<\/div>\n\t\t\t\t\t<\/div>\n\t\t<\/section>\n\t\t\t\t<section class=\"elementor-section elementor-top-section elementor-element elementor-element-baad1ab elementor-section-boxed elementor-section-height-default elementor-section-height-default\" data-id=\"baad1ab\" data-element_type=\"section\" data-e-type=\"section\">\n\t\t\t\t\t\t<div class=\"elementor-container elementor-column-gap-default\">\n\t\t\t\t\t<div class=\"elementor-column elementor-col-100 elementor-top-column elementor-element elementor-element-cbc5f4b\" data-id=\"cbc5f4b\" data-element_type=\"column\" data-e-type=\"column\">\n\t\t\t<div class=\"elementor-widget-wrap elementor-element-populated\">\n\t\t\t\t\t\t<div class=\"elementor-element elementor-element-baf6819 elementor-widget elementor-widget-heading\" data-id=\"baf6819\" data-element_type=\"widget\" data-e-type=\"widget\" data-widget_type=\"heading.default\">\n\t\t\t\t<div class=\"elementor-widget-container\">\n\t\t\t\t\t<h3 class=\"elementor-heading-title elementor-size-default\">Sociale netwerken<\/h3>\t\t\t\t<\/div>\n\t\t\t\t<\/div>\n\t\t\t\t<div class=\"elementor-element elementor-element-1f0dcd1 elementor-shape-circle elementor-grid-0 e-grid-align-center elementor-widget elementor-widget-social-icons\" data-id=\"1f0dcd1\" data-element_type=\"widget\" data-e-type=\"widget\" data-widget_type=\"social-icons.default\">\n\t\t\t\t<div class=\"elementor-widget-container\">\n\t\t\t\t\t\t\t<div class=\"elementor-social-icons-wrapper elementor-grid\" role=\"list\">\n\t\t\t\t\t\t\t<span class=\"elementor-grid-item\" role=\"listitem\">\n\t\t\t\t\t<a class=\"elementor-icon elementor-social-icon elementor-social-icon-facebook elementor-repeater-item-75a2329\" href=\"https:\/\/www.facebook.com\/Profamille\" target=\"_blank\">\n\t\t\t\t\t\t<span class=\"elementor-screen-only\">Facebook<\/span>\n\t\t\t\t\t\t<i aria-hidden=\"true\" class=\"fab fa-facebook\"><\/i>\t\t\t\t\t<\/a>\n\t\t\t\t<\/span>\n\t\t\t\t\t\t\t<span class=\"elementor-grid-item\" role=\"listitem\">\n\t\t\t\t\t<a class=\"elementor-icon elementor-social-icon elementor-social-icon-linkedin elementor-repeater-item-5c15286\" href=\"https:\/\/www.linkedin.com\/company\/association-francophone-de-psycho%C3%A9ducation-profamille\/?viewAsMember=true\" target=\"_blank\">\n\t\t\t\t\t\t<span class=\"elementor-screen-only\">LinkedIn<\/span>\n\t\t\t\t\t\t<i aria-hidden=\"true\" class=\"fab fa-linkedin\"><\/i>\t\t\t\t\t<\/a>\n\t\t\t\t<\/span>\n\t\t\t\t\t\t\t<span class=\"elementor-grid-item\" role=\"listitem\">\n\t\t\t\t\t<a class=\"elementor-icon elementor-social-icon elementor-social-icon-youtube elementor-repeater-item-6a2f9a8\" href=\"https:\/\/www.youtube.com\/channel\/UCy0RFz25tcPvZnzM-tURGrw\" target=\"_blank\">\n\t\t\t\t\t\t<span class=\"elementor-screen-only\">Youtube<\/span>\n\t\t\t\t\t\t<i aria-hidden=\"true\" class=\"fab fa-youtube\"><\/i>\t\t\t\t\t<\/a>\n\t\t\t\t<\/span>\n\t\t\t\t\t<\/div>\n\t\t\t\t\t\t<\/div>\n\t\t\t\t<\/div>\n\t\t\t\t\t<\/div>\n\t\t<\/div>\n\t\t\t\t\t<\/div>\n\t\t<\/section>\n\t\t\t\t<\/div>","protected":false},"excerpt":{"rendered":"<p>Programme de psycho\u00e9ducation pour les proches d\u2019une personne atteinte de schizophr\u00e9nie ou de troubles apparent\u00e9s Ce programme de psycho\u00e9ducation a \u00e9t\u00e9 cr\u00e9\u00e9 en 1988 au Canada et diffus\u00e9 dans plus de 6 pays francophone par le Dr Yann HODE, psychiatre et pr\u00e9sident de l\u2019Association Francophone Profamille. Ce programme a pour objectif\u00a0d\u2019aider les familles\u00a0\u00e0 mieux faire [&hellip;]<\/p>\n","protected":false},"author":2,"featured_media":0,"parent":1106,"menu_order":0,"comment_status":"closed","ping_status":"closed","template":"elementor_header_footer","meta":{"give_campaign_id":0,"footnotes":""},"class_list":["post-1554","page","type-page","status-publish","hentry"],"yoast_head":"<!-- This site is optimized with the Yoast SEO plugin v27.5 - https:\/\/yoast.com\/product\/yoast-seo-wordpress\/ -->\n<title>Profamille\u00a0 - Similes Bruxelles<\/title>\n<meta name=\"robots\" content=\"index, follow, max-snippet:-1, max-image-preview:large, max-video-preview:-1\" \/>\n<link rel=\"canonical\" href=\"https:\/\/similes.brussels\/nl\/activites\/formation\/profamille\/\" \/>\n<meta property=\"og:locale\" content=\"nl_BE\" \/>\n<meta property=\"og:type\" content=\"article\" \/>\n<meta property=\"og:title\" content=\"Profamille\u00a0 - Similes Bruxelles\" \/>\n<meta property=\"og:description\" content=\"Programme de psycho\u00e9ducation pour les proches d\u2019une personne atteinte de schizophr\u00e9nie ou de troubles apparent\u00e9s Ce programme de psycho\u00e9ducation a \u00e9t\u00e9 cr\u00e9\u00e9 en 1988 au Canada et diffus\u00e9 dans plus de 6 pays francophone par le Dr Yann HODE, psychiatre et pr\u00e9sident de l\u2019Association Francophone Profamille. Ce programme a pour objectif\u00a0d\u2019aider les familles\u00a0\u00e0 mieux faire [&hellip;]\" \/>\n<meta property=\"og:url\" content=\"https:\/\/similes.brussels\/nl\/activites\/formation\/profamille\/\" \/>\n<meta property=\"og:site_name\" content=\"Similes Bruxelles\" \/>\n<meta property=\"article:publisher\" content=\"https:\/\/www.facebook.com\/Similes-Bruxelles-306957199759906\/\" \/>\n<meta property=\"article:modified_time\" content=\"2022-03-30T17:38:07+00:00\" \/>\n<meta property=\"og:image\" content=\"https:\/\/similes.brussels\/wp-content\/uploads\/2022\/03\/Profamille-870x489-870x489-1.jpeg\" \/>\n<meta name=\"twitter:card\" content=\"summary_large_image\" \/>\n<meta name=\"twitter:label1\" content=\"Geschatte leestijd\" \/>\n\t<meta name=\"twitter:data1\" content=\"5 minuten\" \/>\n<script type=\"application\/ld+json\" class=\"yoast-schema-graph\">{\"@context\":\"https:\\\/\\\/schema.org\",\"@graph\":[{\"@type\":\"WebPage\",\"@id\":\"https:\\\/\\\/similes.brussels\\\/activites\\\/formation\\\/profamille\\\/\",\"url\":\"https:\\\/\\\/similes.brussels\\\/activites\\\/formation\\\/profamille\\\/\",\"name\":\"Profamille\u00a0 - Similes Bruxelles\",\"isPartOf\":{\"@id\":\"https:\\\/\\\/similes.brussels\\\/#website\"},\"primaryImageOfPage\":{\"@id\":\"https:\\\/\\\/similes.brussels\\\/activites\\\/formation\\\/profamille\\\/#primaryimage\"},\"image\":{\"@id\":\"https:\\\/\\\/similes.brussels\\\/activites\\\/formation\\\/profamille\\\/#primaryimage\"},\"thumbnailUrl\":\"https:\\\/\\\/similes.brussels\\\/wp-content\\\/uploads\\\/2022\\\/03\\\/Profamille-870x489-870x489-1.jpeg\",\"datePublished\":\"2022-03-30T16:56:11+00:00\",\"dateModified\":\"2022-03-30T17:38:07+00:00\",\"breadcrumb\":{\"@id\":\"https:\\\/\\\/similes.brussels\\\/activites\\\/formation\\\/profamille\\\/#breadcrumb\"},\"inLanguage\":\"nl-BE\",\"potentialAction\":[{\"@type\":\"ReadAction\",\"target\":[\"https:\\\/\\\/similes.brussels\\\/activites\\\/formation\\\/profamille\\\/\"]}]},{\"@type\":\"ImageObject\",\"inLanguage\":\"nl-BE\",\"@id\":\"https:\\\/\\\/similes.brussels\\\/activites\\\/formation\\\/profamille\\\/#primaryimage\",\"url\":\"https:\\\/\\\/similes.brussels\\\/wp-content\\\/uploads\\\/2022\\\/03\\\/Profamille-870x489-870x489-1.jpeg\",\"contentUrl\":\"https:\\\/\\\/similes.brussels\\\/wp-content\\\/uploads\\\/2022\\\/03\\\/Profamille-870x489-870x489-1.jpeg\"},{\"@type\":\"BreadcrumbList\",\"@id\":\"https:\\\/\\\/similes.brussels\\\/activites\\\/formation\\\/profamille\\\/#breadcrumb\",\"itemListElement\":[{\"@type\":\"ListItem\",\"position\":1,\"name\":\"Accueil\",\"item\":\"https:\\\/\\\/similes.brussels\\\/\"},{\"@type\":\"ListItem\",\"position\":2,\"name\":\"Activit\u00e9s\",\"item\":\"https:\\\/\\\/similes.brussels\\\/activites\\\/\"},{\"@type\":\"ListItem\",\"position\":3,\"name\":\"Formation\",\"item\":\"https:\\\/\\\/similes.brussels\\\/activites\\\/formation\\\/\"},{\"@type\":\"ListItem\",\"position\":4,\"name\":\"Profamille\u00a0\"}]},{\"@type\":\"WebSite\",\"@id\":\"https:\\\/\\\/similes.brussels\\\/#website\",\"url\":\"https:\\\/\\\/similes.brussels\\\/\",\"name\":\"Similes Bruxelles\",\"description\":\"Vous n&#039;\u00eates pas seuls!\",\"publisher\":{\"@id\":\"https:\\\/\\\/similes.brussels\\\/#organization\"},\"potentialAction\":[{\"@type\":\"SearchAction\",\"target\":{\"@type\":\"EntryPoint\",\"urlTemplate\":\"https:\\\/\\\/similes.brussels\\\/?s={search_term_string}\"},\"query-input\":{\"@type\":\"PropertyValueSpecification\",\"valueRequired\":true,\"valueName\":\"search_term_string\"}}],\"inLanguage\":\"nl-BE\"},{\"@type\":\"Organization\",\"@id\":\"https:\\\/\\\/similes.brussels\\\/#organization\",\"name\":\"Similes Bruxelles\",\"url\":\"https:\\\/\\\/similes.brussels\\\/\",\"logo\":{\"@type\":\"ImageObject\",\"inLanguage\":\"nl-BE\",\"@id\":\"https:\\\/\\\/similes.brussels\\\/#\\\/schema\\\/logo\\\/image\\\/\",\"url\":\"https:\\\/\\\/similes.brussels\\\/wp-content\\\/uploads\\\/2022\\\/01\\\/Capture-de\u0301cran-254.png\",\"contentUrl\":\"https:\\\/\\\/similes.brussels\\\/wp-content\\\/uploads\\\/2022\\\/01\\\/Capture-de\u0301cran-254.png\",\"width\":1756,\"height\":1624,\"caption\":\"Similes Bruxelles\"},\"image\":{\"@id\":\"https:\\\/\\\/similes.brussels\\\/#\\\/schema\\\/logo\\\/image\\\/\"},\"sameAs\":[\"https:\\\/\\\/www.facebook.com\\\/Similes-Bruxelles-306957199759906\\\/\"]}]}<\/script>\n<!-- \/ Yoast SEO plugin. -->","yoast_head_json":{"title":"Profamille\u00a0 - Similes Bruxelles","robots":{"index":"index","follow":"follow","max-snippet":"max-snippet:-1","max-image-preview":"max-image-preview:large","max-video-preview":"max-video-preview:-1"},"canonical":"https:\/\/similes.brussels\/nl\/activites\/formation\/profamille\/","og_locale":"nl_BE","og_type":"article","og_title":"Profamille\u00a0 - Similes Bruxelles","og_description":"Programme de psycho\u00e9ducation pour les proches d\u2019une personne atteinte de schizophr\u00e9nie ou de troubles apparent\u00e9s Ce programme de psycho\u00e9ducation a \u00e9t\u00e9 cr\u00e9\u00e9 en 1988 au Canada et diffus\u00e9 dans plus de 6 pays francophone par le Dr Yann HODE, psychiatre et pr\u00e9sident de l\u2019Association Francophone Profamille. Ce programme a pour objectif\u00a0d\u2019aider les familles\u00a0\u00e0 mieux faire [&hellip;]","og_url":"https:\/\/similes.brussels\/nl\/activites\/formation\/profamille\/","og_site_name":"Similes Bruxelles","article_publisher":"https:\/\/www.facebook.com\/Similes-Bruxelles-306957199759906\/","article_modified_time":"2022-03-30T17:38:07+00:00","og_image":[{"url":"https:\/\/similes.brussels\/wp-content\/uploads\/2022\/03\/Profamille-870x489-870x489-1.jpeg","type":"","width":"","height":""}],"twitter_card":"summary_large_image","twitter_misc":{"Geschatte leestijd":"5 minuten"},"schema":{"@context":"https:\/\/schema.org","@graph":[{"@type":"WebPage","@id":"https:\/\/similes.brussels\/activites\/formation\/profamille\/","url":"https:\/\/similes.brussels\/activites\/formation\/profamille\/","name":"Profamille\u00a0 - Similes Bruxelles","isPartOf":{"@id":"https:\/\/similes.brussels\/#website"},"primaryImageOfPage":{"@id":"https:\/\/similes.brussels\/activites\/formation\/profamille\/#primaryimage"},"image":{"@id":"https:\/\/similes.brussels\/activites\/formation\/profamille\/#primaryimage"},"thumbnailUrl":"https:\/\/similes.brussels\/wp-content\/uploads\/2022\/03\/Profamille-870x489-870x489-1.jpeg","datePublished":"2022-03-30T16:56:11+00:00","dateModified":"2022-03-30T17:38:07+00:00","breadcrumb":{"@id":"https:\/\/similes.brussels\/activites\/formation\/profamille\/#breadcrumb"},"inLanguage":"nl-BE","potentialAction":[{"@type":"ReadAction","target":["https:\/\/similes.brussels\/activites\/formation\/profamille\/"]}]},{"@type":"ImageObject","inLanguage":"nl-BE","@id":"https:\/\/similes.brussels\/activites\/formation\/profamille\/#primaryimage","url":"https:\/\/similes.brussels\/wp-content\/uploads\/2022\/03\/Profamille-870x489-870x489-1.jpeg","contentUrl":"https:\/\/similes.brussels\/wp-content\/uploads\/2022\/03\/Profamille-870x489-870x489-1.jpeg"},{"@type":"BreadcrumbList","@id":"https:\/\/similes.brussels\/activites\/formation\/profamille\/#breadcrumb","itemListElement":[{"@type":"ListItem","position":1,"name":"Accueil","item":"https:\/\/similes.brussels\/"},{"@type":"ListItem","position":2,"name":"Activit\u00e9s","item":"https:\/\/similes.brussels\/activites\/"},{"@type":"ListItem","position":3,"name":"Formation","item":"https:\/\/similes.brussels\/activites\/formation\/"},{"@type":"ListItem","position":4,"name":"Profamille\u00a0"}]},{"@type":"WebSite","@id":"https:\/\/similes.brussels\/#website","url":"https:\/\/similes.brussels\/","name":"Similes Brussel","description":"Je bent niet alleen!","publisher":{"@id":"https:\/\/similes.brussels\/#organization"},"potentialAction":[{"@type":"SearchAction","target":{"@type":"EntryPoint","urlTemplate":"https:\/\/similes.brussels\/?s={search_term_string}"},"query-input":{"@type":"PropertyValueSpecification","valueRequired":true,"valueName":"search_term_string"}}],"inLanguage":"nl-BE"},{"@type":"Organization","@id":"https:\/\/similes.brussels\/#organization","name":"Similes Brussel","url":"https:\/\/similes.brussels\/","logo":{"@type":"ImageObject","inLanguage":"nl-BE","@id":"https:\/\/similes.brussels\/#\/schema\/logo\/image\/","url":"https:\/\/similes.brussels\/wp-content\/uploads\/2022\/01\/Capture-de\u0301cran-254.png","contentUrl":"https:\/\/similes.brussels\/wp-content\/uploads\/2022\/01\/Capture-de\u0301cran-254.png","width":1756,"height":1624,"caption":"Similes Bruxelles"},"image":{"@id":"https:\/\/similes.brussels\/#\/schema\/logo\/image\/"},"sameAs":["https:\/\/www.facebook.com\/Similes-Bruxelles-306957199759906\/"]}]}},"campaignId":"","_links":{"self":[{"href":"https:\/\/similes.brussels\/nl\/wp-json\/wp\/v2\/pages\/1554","targetHints":{"allow":["GET"]}}],"collection":[{"href":"https:\/\/similes.brussels\/nl\/wp-json\/wp\/v2\/pages"}],"about":[{"href":"https:\/\/similes.brussels\/nl\/wp-json\/wp\/v2\/types\/page"}],"author":[{"embeddable":true,"href":"https:\/\/similes.brussels\/nl\/wp-json\/wp\/v2\/users\/2"}],"replies":[{"embeddable":true,"href":"https:\/\/similes.brussels\/nl\/wp-json\/wp\/v2\/comments?post=1554"}],"version-history":[{"count":5,"href":"https:\/\/similes.brussels\/nl\/wp-json\/wp\/v2\/pages\/1554\/revisions"}],"predecessor-version":[{"id":1586,"href":"https:\/\/similes.brussels\/nl\/wp-json\/wp\/v2\/pages\/1554\/revisions\/1586"}],"up":[{"embeddable":true,"href":"https:\/\/similes.brussels\/nl\/wp-json\/wp\/v2\/pages\/1106"}],"wp:attachment":[{"href":"https:\/\/similes.brussels\/nl\/wp-json\/wp\/v2\/media?parent=1554"}],"curies":[{"name":"wp","href":"https:\/\/api.w.org\/{rel}","templated":true}]}}